{"id":299215,"date":"2025-11-22T05:44:02","date_gmt":"2025-11-22T04:44:02","guid":{"rendered":"https:\/\/www.unipi.it\/ateneo\/organizzazione\/persone\/paolo-tomei-153392-en\/"},"modified":"2026-04-01T04:57:52","modified_gmt":"2026-04-01T02:57:52","slug":"paolo-tomei-153392-en","status":"publish","type":"unipi_persone","link":"https:\/\/www.unipi.it\/en\/about-us\/organisation\/people\/paolo-tomei-153392-en\/","title":{"rendered":"Paolo Tomei"},"content":{"rendered":"<p>Ricercatore a tempo determinato L.240\/2010  &#8211; Dipartimento di Civilta&#8217; e Forme del Sapere | Tel.: 050 2215418 &#8211; Email: paolo.tomei1@unipi.it<\/p>\n","protected":false},"template":"","meta":{"unipi-persone-chiave":"153392","unipi-persone-nome":"Paolo","unipi-persone-cognome":"Tomei","unipi-persone-email":"paolo.tomei1@unipi.it","unipi-persone-link-esterno-cv":"https:\/\/unipi.academia.edu\/PaoloTomei","unipi-persone-modalita-ricevimento":"\r\n\r\n","unipi-persone-luogo-ricevimento":"Studio del docente: Palazzo Carit\u00e0, 2.40.\r\n\r\n","unipi-persone-ore-ricevimento":"Su appuntamento.\r\n","unipi-persone-telefono":"050 2215418","unipi-persone-link-orario-lezioni":"https:\/\/unipi.prod.up.cineca.it\/calendarioPubblico\/matricola=015426","unipi-persone-link-registro-lezioni":"https:\/\/unimap.unipi.it\/registri\/registri.php?ri=015426&tmplt=principale.tpl","unipi-persone-settore-scientifico":"Storia Medievale HIST-01\/A","unipi-persone-ruolo":"Ricercatore a tempo determinato L.240\/2010 ","unipi-persone-arpi":"https:\/\/arpi.unipi.it\/cris\/rp\/rp01100","unipi-persone-pubblicazioni":"<ul class=\"pubblicazioni-list\"><li><a href=\"https:\/\/arpi.unipi.it\/handle\/11568\/1349428\" target=\"_blank\" rel=\"noopener noreferrer\">Il rumore della crescita. Origini e trasformazioni del corpo notarile lucchese [820-1270]<\/a> <span class=\"pub-details\">(Tomei, Paolo - 2026 - 2.1 Contributo in volume (Capitolo o Saggio))<\/span><\/li><li><a href=\"https:\/\/arpi.unipi.it\/handle\/11568\/1354047\" target=\"_blank\" rel=\"noopener noreferrer\">A companion to medieval Pisa, [a cura di] Karen Rose Mathews, Silvia Orvietani Busch, Stefano Bruni, Leiden, Brill, 2022 [Brill\u2019s Companions to European History, 28]<\/a> <span class=\"pub-details\">(Tomei, Paolo - 2025 - 1.2 Recensione in rivista)<\/span><\/li><li><a href=\"https:\/\/arpi.unipi.it\/handle\/11568\/1349507\" target=\"_blank\" rel=\"noopener noreferrer\">Between Ostrogothic and Carolingian Italy. Survivals, revivials, ruptures, a c. Fabrizio Oppedisano, Firenze 2022 [Reti Medievali E-Book, 43]<\/a> <span class=\"pub-details\">(Tomei, Paolo - 2025 - 1.2 Recensione in rivista)<\/span><\/li><li><a href=\"https:\/\/arpi.unipi.it\/handle\/11568\/1345730\" target=\"_blank\" rel=\"noopener noreferrer\">IL PRIN LEXICONOMY. Ricerche in corso e prospettive future<\/a> <span class=\"pub-details\">(Tomei, Paolo; Internullo, Dario - 2025 - 1.1 Articolo in rivista)<\/span><\/li><li><a href=\"https:\/\/arpi.unipi.it\/handle\/11568\/1339342\" target=\"_blank\" rel=\"noopener noreferrer\">Le parole e il potere. Scrivere la propriet\u00e0 fondiaria in Italia tra V e VIII secolo<\/a> <span class=\"pub-details\">(Tomei, Paolo; Internullo, Dario - 2025 - 7.1 Curatela)<\/span><\/li><li><a href=\"https:\/\/arpi.unipi.it\/handle\/11568\/1339340\" target=\"_blank\" rel=\"noopener noreferrer\">Lessico e mutamento storico. Saggi in prospettiva<\/a> <span class=\"pub-details\">(Tomei, Paolo; Internullo, Dario - 2025 - 1.1 Articolo in rivista)<\/span><\/li><li><a href=\"https:\/\/arpi.unipi.it\/handle\/11568\/1339339\" target=\"_blank\" rel=\"noopener noreferrer\">Sul processo di fiscalizzazione dello spazio nell\u2019Italia longobarda. Analisi storico-semantica dei termini cafagium e sundrium<\/a> <span class=\"pub-details\">(Tomei, Paolo - 2025 - 1.1 Articolo in rivista)<\/span><\/li><li><a href=\"https:\/\/arpi.unipi.it\/handle\/11568\/1339187\" target=\"_blank\" rel=\"noopener noreferrer\">Reconstruction of climatic and socio-economic impacts on the landscape of Northern Tuscany [Italy] over the last 2000 years based on palaeoecological and historical evidence<\/a> <span class=\"pub-details\">(Mensing, Scott; Dingemans, Theodore; Schoolman, Edward; Piovesan, Gianluca; Csank, Adam; Tomei, Paolo; Collavini, Simone Maria; Pazienza, Annamaria; Cantini, Federico; Palli, Jordan; Zanchetta, Giovani; Bini, Monica - 2025 - 1.1 Articolo in rivista)<\/span><\/li><li><a href=\"https:\/\/arpi.unipi.it\/handle\/11568\/1334130\" target=\"_blank\" rel=\"noopener noreferrer\">Aristocracies in the Tuscany of Lothar I: birth and structuring of a social network<\/a> <span class=\"pub-details\">(Tomei, Paolo - 2025 - 2.1 Contributo in volume (Capitolo o Saggio))<\/span><\/li><li><a href=\"https:\/\/arpi.unipi.it\/handle\/11568\/1326609\" target=\"_blank\" rel=\"noopener noreferrer\">Stefano Manganaro, Roma e gli Ottoni. Strategie politiche e linguaggi simbolici [951-1002], Spoleto 2024<\/a> <span class=\"pub-details\">(Tomei, Paolo - 2025 - 1.2 Recensione in rivista)<\/span><\/li><li><a href=\"https:\/\/arpi.unipi.it\/handle\/11568\/1305388\" target=\"_blank\" rel=\"noopener noreferrer\">Des communaut\u00e9s d\u00e9chir\u00e9es en Toscane gr\u00e9gorienne. Le cas de Lucques<\/a> <span class=\"pub-details\">(Tomei, Paolo - 2025 - 2.1 Contributo in volume (Capitolo o Saggio))<\/span><\/li><li><a href=\"https:\/\/arpi.unipi.it\/handle\/11568\/1308116\" target=\"_blank\" rel=\"noopener noreferrer\">La domus di Matilde fra citt\u00e0 e campagna, continuit\u00e0 e mutamento<\/a> <span class=\"pub-details\">(Tomei, Paolo - 2024 - 4.1 Contributo in Atti di convegno)<\/span><\/li><li><a href=\"https:\/\/arpi.unipi.it\/handle\/11568\/1284229\" target=\"_blank\" rel=\"noopener noreferrer\">Fiscus. Fiscal Estate in Medieval Italy: Continuity and Change [9th-12th Centuries]<\/a> <span class=\"pub-details\">(Vagionakis, Irene; Tabarrini, Lorenzo; Lazzari, Tiziana; Vignodelli, Giacomo; Collavini, SIMONE MARIA; Tomei, Paolo; Angeli, Luca; Cerretani, Nicola; Ciccopiedi, Caterina; Cinello, Erika; De Angelis, Valerio; del Mercato, Evelina; Ferretti, Beatrice; Giacomelli, Alessandro; Internullo, Dario; Lor\u00e9, Vito; Manarini, Edoardo; Massa, Paola; Mezzetti, Corinna; Motta, Loris; Ribani, Filippo; Stedile, Chiara; Tagliente, Antonio; Viti, Mattia; Zornetta, Giulia - 2024 - 5.10 Banca dati)<\/span><\/li><li><a href=\"https:\/\/arpi.unipi.it\/handle\/11568\/1276728\" target=\"_blank\" rel=\"noopener noreferrer\">Writing the Structures of Landholding in a Changing Italy [5th\u20138th century]. The PRIN project LEXICONOMY<\/a> <span class=\"pub-details\">(Tomei, Paolo; Internullo, Dario - 2024 - 1.1 Articolo in rivista)<\/span><\/li><li><a href=\"https:\/\/arpi.unipi.it\/handle\/11568\/1276727\" target=\"_blank\" rel=\"noopener noreferrer\">Sul termine curtis e la grande propriet\u00e0 fondiaria nell\u2019Occidente post-romano [secoli VI-VIII]<\/a> <span class=\"pub-details\">(Tomei, Paolo - 2024 - 1.1 Articolo in rivista)<\/span><\/li><\/ul>","_wpml_word_count":"18","_last_translation_edit_mode":"translation-editor","unipi-persone-didattica":"<ul class=\"registri-list\"><li>Esegesi delle fonti narrative della storia medievale (cod. 650MM) per Laurea Magistrale in Storia e civilt\u00e0<\/li><li>Storia antica e medievale (cod. 1217L) per Laurea Magistrale Ciclo Unico 5 anni in Scienze della formazione primaria<\/li><\/ul>","unipi-persone-codocenze":"","unipi-persone-cv":"Ho conseguito il dottorato di ricerca (luglio 2017) presso l\u2019Universit\u00e0 di Pisa, studiando le strutture aristocratiche dell\u2019Italia alto e pieno medievale. Sono stato borsista (febbraio 2017-ottobre 2017) e assegnista di ricerca (gennaio 2018-dicembre 2018) presso l\u2019Universit\u00e0 di Siena all\u2019interno del progetto ERC Advanced nEU-Med, Origins of a new economic union (7th-12th centuries): resources, landscapes and political strategies in a Mediterranean region. Sono stato assegnista di ricerca (luglio 2020-dicembre 2021) in forza al PRIN 2017 Fiscal Estate in Medieval Italy: Continuity and Change (9th-12th centuries).<br \/>\r\nNel 2018 ho pubblicato la mia prima monografia, Locus est famosus. Come nacque San Miniato al Tedesco (secoli VIII-XII), dedicata a un caso campione per lo studio delle trasformazioni politiche e sociali nella Toscana dall\u2019VIII al XII secolo. Nel 2019 \u00e8 uscita la rielaborazione della mia tesi di dottorato, Milites elegantes. Le strutture aristocratiche nel territorio di Lucca (800-1100 c.). Obiettivo del volume \u00e8 ricostruire i parametri fondamentali che regolano il funzionamento di una 'societ\u00e0 di corte' altomedievale e seguirne i processi di trasformazione fino all\u2019et\u00e0 signorile e cavalleresca.<br \/>\r\nHo svolto attivit\u00e0 di ricerca a Parigi, presso l\u2019Institut de Recherche et d\u2019Histoire des Textes (settembre 2021-novembre 2021), in qualit\u00e0 di vincitore del bando di mobilit\u00e0 post-dottorale Atlas 2021 (Fondation Maison des Sciences de l\u2019Homme e Fondazione Luigi Einaudi) con il progetto Il \u00e9tait une fois un roi. Fables et politique au sacr\u00e9 palais (Italie, autour de l\u2019an mil). Dal novembre 2023 al giugno 2025 ho coordinato come Principal Investigator, insieme con Dario Internullo (Universit\u00e0 degli Studi Roma Tre), il PRIN 2022 PNRR Lexiconomy. Writing the Structures of Landholding in a Changing Italy (5th-8th century).<br \/>\r\nDal giugno 2022 sono Ricercatore di Storia Medievale presso il Dipartimento di Civilt\u00e0 e Forme del Sapere dell'Universit\u00e0 di Pisa: fino al giugno 2025 con contratto junior e dal dicembre 2025 in Tenure Track.<br \/>\r\nI miei principali interessi di ricerca sono: i processi di differenziazione sociale, le forme di aggregazione politica e le strutture materiali e simboliche del potere fra VII e XII secolo; il rapporto fra lessico e trasformazioni storiche.","_elementor_page_assets":[]},"organizzazioni":[3608],"class_list":["post-299215","unipi_persone","type-unipi_persone","status-publish","hentry","organizzazioni-dipartimento-di-civilta-e-forme-del-sapere-429999-en"],"email":"paolo.tomei1@unipi.it","telefono":"050 2215418","content_plain":"Ricercatore a tempo determinato L.240\/2010  &#8211; Dipartimento di Civilta&#8217; e Forme del Sapere | Tel.: 050 2215418 &#8211; Email: paolo.tomei1@unipi.it","photo_url":null,"ruoli_tags":[{"id":766,"name":"RD","slug":"rd"}],"yoast_head":"<!-- This site is optimized with the Yoast SEO plugin v27.0 - https:\/\/yoast.com\/product\/yoast-seo-wordpress\/ -->\n<title>Paolo Tomei ~ UNIPI<\/title>\n<meta name=\"robots\" content=\"index, follow, max-snippet:-1, max-image-preview:large, max-video-preview:-1\" \/>\n<link rel=\"canonical\" href=\"https:\/\/www.unipi.it\/en\/about-us\/organisation\/people\/paolo-tomei-153392-en\/\" \/>\n<meta property=\"og:locale\" content=\"en_US\" \/>\n<meta property=\"og:type\" content=\"article\" \/>\n<meta property=\"og:title\" content=\"Paolo Tomei ~ UNIPI\" \/>\n<meta property=\"og:description\" content=\"Ricercatore a tempo determinato L.240\/2010 &#8211; Dipartimento di Civilta&#8217; e Forme del Sapere | Tel.: 050 2215418 &#8211; Email: paolo.tomei1@unipi.it\" \/>\n<meta property=\"og:url\" content=\"https:\/\/www.unipi.it\/en\/about-us\/organisation\/people\/paolo-tomei-153392-en\/\" \/>\n<meta property=\"og:site_name\" content=\"UNIPI\" \/>\n<meta property=\"article:publisher\" content=\"https:\/\/www.facebook.com\/unipisaofficial\/\" \/>\n<meta property=\"article:modified_time\" content=\"2026-04-01T02:57:52+00:00\" \/>\n<meta name=\"twitter:card\" content=\"summary_large_image\" \/>\n<script type=\"application\/ld+json\" class=\"yoast-schema-graph\">{\"@context\":\"https:\/\/schema.org\",\"@graph\":[{\"@type\":\"WebPage\",\"@id\":\"https:\/\/www.unipi.it\/en\/about-us\/organisation\/people\/paolo-tomei-153392-en\/\",\"url\":\"https:\/\/www.unipi.it\/en\/about-us\/organisation\/people\/paolo-tomei-153392-en\/\",\"name\":\"Paolo Tomei ~ UNIPI\",\"isPartOf\":{\"@id\":\"https:\/\/www.unipi.it\/en\/#website\"},\"datePublished\":\"2025-11-22T04:44:02+00:00\",\"dateModified\":\"2026-04-01T02:57:52+00:00\",\"breadcrumb\":{\"@id\":\"https:\/\/www.unipi.it\/en\/about-us\/organisation\/people\/paolo-tomei-153392-en\/#breadcrumb\"},\"inLanguage\":\"en-US\",\"potentialAction\":[{\"@type\":\"ReadAction\",\"target\":[\"https:\/\/www.unipi.it\/en\/about-us\/organisation\/people\/paolo-tomei-153392-en\/\"]}]},{\"@type\":\"BreadcrumbList\",\"@id\":\"https:\/\/www.unipi.it\/en\/about-us\/organisation\/people\/paolo-tomei-153392-en\/#breadcrumb\",\"itemListElement\":[{\"@type\":\"ListItem\",\"position\":1,\"name\":\"\",\"item\":\"https:\/\/www.unipi.it\/en\/home\/\"},{\"@type\":\"ListItem\",\"position\":2,\"name\":\"Paolo Tomei\"}]},{\"@type\":\"WebSite\",\"@id\":\"https:\/\/www.unipi.it\/en\/#website\",\"url\":\"https:\/\/www.unipi.it\/en\/\",\"name\":\"UNIPI\",\"description\":\"UNIPI\",\"publisher\":{\"@id\":\"https:\/\/www.unipi.it\/en\/#organization\"},\"potentialAction\":[{\"@type\":\"SearchAction\",\"target\":{\"@type\":\"EntryPoint\",\"urlTemplate\":\"https:\/\/www.unipi.it\/en\/?s={search_term_string}\"},\"query-input\":{\"@type\":\"PropertyValueSpecification\",\"valueRequired\":true,\"valueName\":\"search_term_string\"}}],\"inLanguage\":\"en-US\"},{\"@type\":\"Organization\",\"@id\":\"https:\/\/www.unipi.it\/en\/#organization\",\"name\":\"UNIPI\",\"url\":\"https:\/\/www.unipi.it\/en\/\",\"logo\":{\"@type\":\"ImageObject\",\"inLanguage\":\"en-US\",\"@id\":\"https:\/\/www.unipi.it\/en\/#\/schema\/logo\/image\/\",\"url\":\"https:\/\/www.unipi.it\/wp-content\/uploads\/Raggruppa-3020.svg\",\"contentUrl\":\"https:\/\/www.unipi.it\/wp-content\/uploads\/Raggruppa-3020.svg\",\"width\":176,\"height\":64,\"caption\":\"UNIPI\"},\"image\":{\"@id\":\"https:\/\/www.unipi.it\/en\/#\/schema\/logo\/image\/\"},\"sameAs\":[\"https:\/\/www.facebook.com\/unipisaofficial\/\",\"https:\/\/www.instagram.com\/unipisa\/\"]}]}<\/script>\n<!-- \/ Yoast SEO plugin. -->","yoast_head_json":{"title":"Paolo Tomei ~ UNIPI","robots":{"index":"index","follow":"follow","max-snippet":"max-snippet:-1","max-image-preview":"max-image-preview:large","max-video-preview":"max-video-preview:-1"},"canonical":"https:\/\/www.unipi.it\/en\/about-us\/organisation\/people\/paolo-tomei-153392-en\/","og_locale":"en_US","og_type":"article","og_title":"Paolo Tomei ~ UNIPI","og_description":"Ricercatore a tempo determinato L.240\/2010 &#8211; Dipartimento di Civilta&#8217; e Forme del Sapere | Tel.: 050 2215418 &#8211; Email: paolo.tomei1@unipi.it","og_url":"https:\/\/www.unipi.it\/en\/about-us\/organisation\/people\/paolo-tomei-153392-en\/","og_site_name":"UNIPI","article_publisher":"https:\/\/www.facebook.com\/unipisaofficial\/","article_modified_time":"2026-04-01T02:57:52+00:00","twitter_card":"summary_large_image","schema":{"@context":"https:\/\/schema.org","@graph":[{"@type":"WebPage","@id":"https:\/\/www.unipi.it\/en\/about-us\/organisation\/people\/paolo-tomei-153392-en\/","url":"https:\/\/www.unipi.it\/en\/about-us\/organisation\/people\/paolo-tomei-153392-en\/","name":"Paolo Tomei ~ UNIPI","isPartOf":{"@id":"https:\/\/www.unipi.it\/en\/#website"},"datePublished":"2025-11-22T04:44:02+00:00","dateModified":"2026-04-01T02:57:52+00:00","breadcrumb":{"@id":"https:\/\/www.unipi.it\/en\/about-us\/organisation\/people\/paolo-tomei-153392-en\/#breadcrumb"},"inLanguage":"en-US","potentialAction":[{"@type":"ReadAction","target":["https:\/\/www.unipi.it\/en\/about-us\/organisation\/people\/paolo-tomei-153392-en\/"]}]},{"@type":"BreadcrumbList","@id":"https:\/\/www.unipi.it\/en\/about-us\/organisation\/people\/paolo-tomei-153392-en\/#breadcrumb","itemListElement":[{"@type":"ListItem","position":1,"name":"","item":"https:\/\/www.unipi.it\/en\/home\/"},{"@type":"ListItem","position":2,"name":"Paolo Tomei"}]},{"@type":"WebSite","@id":"https:\/\/www.unipi.it\/en\/#website","url":"https:\/\/www.unipi.it\/en\/","name":"UNIPI","description":"UNIPI","publisher":{"@id":"https:\/\/www.unipi.it\/en\/#organization"},"potentialAction":[{"@type":"SearchAction","target":{"@type":"EntryPoint","urlTemplate":"https:\/\/www.unipi.it\/en\/?s={search_term_string}"},"query-input":{"@type":"PropertyValueSpecification","valueRequired":true,"valueName":"search_term_string"}}],"inLanguage":"en-US"},{"@type":"Organization","@id":"https:\/\/www.unipi.it\/en\/#organization","name":"UNIPI","url":"https:\/\/www.unipi.it\/en\/","logo":{"@type":"ImageObject","inLanguage":"en-US","@id":"https:\/\/www.unipi.it\/en\/#\/schema\/logo\/image\/","url":"https:\/\/www.unipi.it\/wp-content\/uploads\/Raggruppa-3020.svg","contentUrl":"https:\/\/www.unipi.it\/wp-content\/uploads\/Raggruppa-3020.svg","width":176,"height":64,"caption":"UNIPI"},"image":{"@id":"https:\/\/www.unipi.it\/en\/#\/schema\/logo\/image\/"},"sameAs":["https:\/\/www.facebook.com\/unipisaofficial\/","https:\/\/www.instagram.com\/unipisa\/"]}]}},"_links":{"self":[{"href":"https:\/\/www.unipi.it\/en\/wp-json\/wp\/v2\/unipi_persone\/299215","targetHints":{"allow":["GET"]}}],"collection":[{"href":"https:\/\/www.unipi.it\/en\/wp-json\/wp\/v2\/unipi_persone"}],"about":[{"href":"https:\/\/www.unipi.it\/en\/wp-json\/wp\/v2\/types\/unipi_persone"}],"wp:attachment":[{"href":"https:\/\/www.unipi.it\/en\/wp-json\/wp\/v2\/media?parent=299215"}],"wp:term":[{"taxonomy":"organizzazioni","embeddable":true,"href":"https:\/\/www.unipi.it\/en\/wp-json\/wp\/v2\/organizzazioni?post=299215"}],"curies":[{"name":"wp","href":"https:\/\/api.w.org\/{rel}","templated":true}]}}