{"id":158159,"date":"2025-05-12T14:44:21","date_gmt":"2025-05-12T14:44:21","guid":{"rendered":"https:\/\/www.unipi.it\/ateneo\/organizzazione\/persone\/matteo-villa-36933-en\/"},"modified":"2026-04-01T04:59:45","modified_gmt":"2026-04-01T02:59:45","slug":"matteo-villa-36933-en","status":"publish","type":"unipi_persone","link":"https:\/\/www.unipi.it\/en\/about-us\/organisation\/people\/matteo-villa-36933-en\/","title":{"rendered":"Matteo Villa"},"content":{"rendered":"<p>Professore Associato &#8211; Dipartimento di Scienze Politiche | Tel.: 050 2211932 &#8211; Email: matteo.villa@unipi.it<\/p>\n","protected":false},"template":"","meta":{"unipi-persone-chiave":"36933","unipi-persone-nome":"Matteo","unipi-persone-cognome":"Villa","unipi-persone-email":"matteo.villa@unipi.it","unipi-persone-cv":"BRIEF CV:<br \/>\r\n<br \/>\r\nMain Working experiences:<br \/>\r\nAssociate Professor in Economic Sociology (since 2014)<br \/>\r\nResearcher and Lecturer of Social Policy at University of Pisa (since 2009)<br \/>\r\nTrainer and Scientific Advisor in Social Policy and Social Work (since 1998)<br \/>\r\nResearch Fellow in Economic Sociology, University of Brescia (2006-08)<br \/>\r\nSocial Worker (1987-2006)<br \/>\r\nFactory Worker (1987)<br \/>\r\n<br \/>\r\nMain Educational Qualifications:<br \/>\r\nPhD in Economic Sociology, University of Brescia (2006)<br \/>\r\nDegree in Sociology of Territory, University of Urbino (2002)<br \/>\r\nPost Secondary School Qualification in Training (Formazione Formatori) (2003)<br \/>\r\nPost Secondary School Qualification in Social Work (Animatore Sociale) (1990)<br \/>\r\n<br \/>\r\nMain Research Interest:<br \/>\r\nEconomy, Ecology and Society; Welfare and Sustainability; Organization Processes.<br \/>\r\nWelfare and Nonprofit Systems; Social and Labor Policies; Poverty, Work and Social Exclusion.<br \/>\r\nPower, Learning, Participation and Democratic Organization.<br \/>\r\n<br \/>\r\nTeaching:<br \/>\r\nBA and MA Courses: BA: Comparative welfare system. MA: Sociology of organization; Ecology of Socio-Economic Systems.<br \/>\r\nMA Seminar: Sustainability Strategies for Human Resources Management.<br \/>\r\nMasters: Modules in Human Resource Development and Sustainable Energy Community<br \/>\r\nHigher Education: Instruments for Promoting Social Justice in the Ecological Transition<br \/>\r\n<br \/>\r\nOthers:<br \/>\r\nTraining and Advisory Activities for Social workers, Volunteers, Social groups, Nonprofit and Public institutions, with particular regard to: Design, Planning and Delivery of Eco-Social Policies, projects and measures, Organizational and Participatory Processes<br \/>\r\n<br \/>\r\nContacts:<br \/>\r\nUniversity of Pisa - Department of Political Science, via Serafini 3\/A - 56126 Pisa IT<br \/>\r\nTel 050\/22.11.932 Fax 050\/22.11.921 Mail matteo.villa@unipi.it<br \/>\r\n<br \/>\r\nWEB PAGE: https:\/\/people.unipi.it\/matteo_villa\/<br \/>\r\n<br \/>\r\nList of Publication: https:\/\/people.unipi.it\/matteo_villa\/pubblicazioni\/<br \/>\r\n <br \/>\r\nCOMPLETE CV: https:\/\/people.unipi.it\/matteo_villa\/curriculum\/","unipi-persone-link-esterno-cv":"https:\/\/people.unipi.it\/matteo_villa\/curriculum\/","unipi-persone-modalita-ricevimento":"\r\n\r\n\r\n\r\n\r\n\r\n\r\n\r\n\r\n\r\n\r\n\r\n\r\n\r\n\r\n\r\n\r\n\r\n\r\n\r\n\r\n\r\n\r\n\r\n\r\n\r\n\r\n\r\n\r\n\r\n\r\n\r\n","unipi-persone-luogo-ricevimento":"Info qui\/here: https:\/\/people.unipi.it\/matteo_villa\/ricevimento-contatti\/ \r\n\r\n\r\n\r\n\r\n\r\n\r\n\r\n\r\n\r\n\r\n\r\n\r\n","unipi-persone-ore-ricevimento":"Info qui\/here: https:\/\/people.unipi.it\/matteo_villa\/ricevimento-contatti\/ \r\n\r\n\r\n\r\n\r\n\r\n\r\n\r\n\r\n\r\n","unipi-persone-telefono":"050 2211932","unipi-persone-sitoweb":"https:\/\/people.unipi.it\/matteo_villa\/","unipi-persone-cariche":"","unipi-persone-link-orario-lezioni":"https:\/\/unipi.prod.up.cineca.it\/calendarioPubblico\/matricola=011807","unipi-persone-link-registro-lezioni":"https:\/\/unimap.unipi.it\/registri\/registri.php?ri=011807&tmplt=principale.tpl","unipi-persone-settore-scientifico":"Sociologia dei Processi Economici e del Lavoro GSPS-08\/A","unipi-persone-ruolo":"Professore Associato","unipi-persone-arpi":"https:\/\/arpi.unipi.it\/cris\/rp\/rp07061","unipi-persone-pubblicazioni":"<ul class=\"pubblicazioni-list\"><li><a href=\"https:\/\/arpi.unipi.it\/handle\/11568\/1340331\" target=\"_blank\" rel=\"noopener noreferrer\">FASHION FORWARD: Policy Pathways for a Biodiversity-Positive Transformation of the EU Fashion Sector<\/a> <span class=\"pub-details\">(Booth, C.; Uehara, T.; Noor, N.; Lambert, A.; Bonetti, Marta; Navarro Gamb\u00edn, Pedro; Villa, Matteo. - 2025 - 5.12 Altro)<\/span><\/li><li><a href=\"https:\/\/arpi.unipi.it\/handle\/11568\/1332496\" target=\"_blank\" rel=\"noopener noreferrer\">PLANET4B Business Models Dataset Pisa [UNIPI] 20251014 v2<\/a> <span class=\"pub-details\">(Navarro Gamb\u00edn, Pedro; Bonetti, Marta; Villa, Matteo - 2025 - 5.10 Banca dati)<\/span><\/li><li><a href=\"https:\/\/arpi.unipi.it\/handle\/11568\/1332494\" target=\"_blank\" rel=\"noopener noreferrer\">PLANET4B Grey Literature Dataset Pisa [UNIPI] 20250716 v2<\/a> <span class=\"pub-details\">(Navarro Gamb\u00edn, Pedro; Bonetti, Marta; Villa, Matteo - 2025 - 5.10 Banca dati)<\/span><\/li><li><a href=\"https:\/\/arpi.unipi.it\/handle\/11568\/1332492\" target=\"_blank\" rel=\"noopener noreferrer\">PLANET4B Exploratory Interviews Dataset Pisa [UNIPI] 20250716 v2<\/a> <span class=\"pub-details\">(Navarro Gamb\u00edn, Pedro; Bonetti, Marta; Villa, Matteo - 2025 - 5.10 Banca dati)<\/span><\/li><li><a href=\"https:\/\/arpi.unipi.it\/handle\/11568\/1328147\" target=\"_blank\" rel=\"noopener noreferrer\">Paving the Ground for Biodiversity-Positive Transformative Change in Fashion: An Exploration of Drivers of Biodiversity Loss and Barriers to Transformative Change in the Textile, Apparel, and Fashion Sector<\/a> <span class=\"pub-details\">(Navarro-Gamb\u00edn, Pedro; Bonetti, Marta; Villa, Matteo; Brunori, Gianluca; Vergamini, Daniele - 2025 - 1.1 Articolo in rivista)<\/span><\/li><li><a href=\"https:\/\/arpi.unipi.it\/handle\/11568\/1332509\" target=\"_blank\" rel=\"noopener noreferrer\">Paving the ground for nature-positive transformative change in the Fashion Industry: an exploration of textile,\r\napparel, and fashion\u2019s [TAF] direct and indirect drivers of biodiversity loss<\/a> <span class=\"pub-details\">(Navarro Gamb\u00edn, Pedro; Bonetti, Marta; Lampredi, Giacomo; Villa, Matteo; Vergamini, Daniele - 2024 - 4.1 Contributo in Atti di convegno)<\/span><\/li><li><a href=\"https:\/\/arpi.unipi.it\/handle\/11568\/1284848\" target=\"_blank\" rel=\"noopener noreferrer\">Natural history of Becker muscular dystrophy: DMD gene mutations predict clinical severity<\/a> <span class=\"pub-details\">(Gorgoglione, Domenico; Sabbatini, Daniele; Riguzzi, Pietro; Capece, Giuliana; Pane, Marika; Servidei, Serenella; Briganti, Marta; Sancricca, Cristina; Bruschi, Fabio; Ardissone, Anna; Masson, Riccardo; Gallone, Annamaria; Maggi, Lorenzo; Picillo, Esther; Politano, Luisa; Petrosino, Angela; Vianello, Sara; Penzo, Martina; Villa, Matteo; Sframeli, Maria; Allegra, Cosimo; Barp, Andrea; Di Bari, Alessandra; Salmin, Francesca; Albamonte, Emilio; Colacicco, Giovanni; Panicucci, Chiara; Traverso, Monica; Palermo, Concetta; Lerario, Alberto; Velardo, Daniele; D&#039;Angelo, Maria G; Berardinelli, Angela; Gardani, Alice; Nicotra, Roberta; Parravicini, Stefano; Siciliano, Gabriele; Ricci, Giulia; Torri, Francesca; Gadaleta, Giulio; Urbano, Guido; Rolle, Enrica; Ricci, Federica; D&#039;Amico, Adele; Catteruccia, Michela; Pini, Antonella; Giannotta, Melania; Battini, Roberta; Marinella, Gemma; Previtali, Stefano C; Zambon, Alberto A; Ferlini, Alessandra; Fortunato, Fernanda; Magri, Francesca; Mongini, Tiziana E; Sansone, Valeria A; Bruno, Claudio; Messina, Sonia; Nigro, Vincenzo; Moroni, Isabella; Mercuri, Eugenio; Bello, Luca; Pegoraro, Elena - 2024 - 1.1 Articolo in rivista)<\/span><\/li><li><a href=\"https:\/\/arpi.unipi.it\/handle\/11568\/1274627\" target=\"_blank\" rel=\"noopener noreferrer\">Innovazione sociale e transizione ecologica: il caso delle comunit\u00e0 energetiche<\/a> <span class=\"pub-details\">(Bonetti, Marta; Villa, Matteo - 2024 - 2.1 Contributo in volume (Capitolo o Saggio))<\/span><\/li><li><a href=\"https:\/\/arpi.unipi.it\/handle\/11568\/1207609\" target=\"_blank\" rel=\"noopener noreferrer\">The conflicts of ecological transition on the ground and the role of eco-social policies: Lessons from Italian case studies<\/a> <span class=\"pub-details\">(Bonetti, Marta; Villa, Matteo - 2023 - 1.1 Articolo in rivista)<\/span><\/li><li><a href=\"https:\/\/arpi.unipi.it\/handle\/11568\/1202888\" target=\"_blank\" rel=\"noopener noreferrer\">Los conflictos de la transici\u00f3n ecol\u00f3gica y su transformaci\u00f3n: conectando pol\u00edticas sociales y ambientales. Estudio de caso<\/a> <span class=\"pub-details\">(Villa, Matteo - 2023 - 2.1 Contributo in volume (Capitolo o Saggio))<\/span><\/li><li><a href=\"https:\/\/arpi.unipi.it\/handle\/11568\/1202827\" target=\"_blank\" rel=\"noopener noreferrer\">La sfida del welfare sostenibile<\/a> <span class=\"pub-details\">(Villa, Matteo - 2023 - 2.1 Contributo in volume (Capitolo o Saggio))<\/span><\/li><li><a href=\"https:\/\/arpi.unipi.it\/handle\/11568\/1191527\" target=\"_blank\" rel=\"noopener noreferrer\">Cambiare o traccheggiare? Politica e lavoro eco-sociale, transizione ecologica e la sfida della complessit\u00e0: note di campo<\/a> <span class=\"pub-details\">(Villa, Matteo - 2023 - 2.1 Contributo in volume (Capitolo o Saggio))<\/span><\/li><li><a href=\"https:\/\/arpi.unipi.it\/handle\/11568\/1191508\" target=\"_blank\" rel=\"noopener noreferrer\">Towards a sustainable welfare system? The challenges and scenarios of eco-social transitions<\/a> <span class=\"pub-details\">(Cucca, Roberta; Kazepov, Yuri; Villa, Matteo - 2023 - 1.1 Articolo in rivista)<\/span><\/li><li><a href=\"https:\/\/arpi.unipi.it\/handle\/11568\/1191488\" target=\"_blank\" rel=\"noopener noreferrer\">Work and welfare transformations in the climate crisis: A research pathway towards an ecological, just transition<\/a> <span class=\"pub-details\">(Benegiamo, Maura; Guillibert, Paul; Villa, Matteo - 2023 - 1.1 Articolo in rivista)<\/span><\/li><li><a href=\"https:\/\/arpi.unipi.it\/handle\/11568\/1129884\" target=\"_blank\" rel=\"noopener noreferrer\">La comprensione ecologica deve essere ecologica: note metodologiche su inerenza, immanenza e incorporazione dei processi conoscitivi<\/a> <span class=\"pub-details\">(Villa, Matteo - 2022 - 2.1 Contributo in volume (Capitolo o Saggio))<\/span><\/li><\/ul>","unipi-persone-didattica":"<ul class=\"registri-list\"><li>Ecologia dei sistemi socio-economici (cod. 314QQ) per Laurea Magistrale in Istituzioni, politica e societa&#039;<\/li><li>Sociologia dell'organizzazione (cod. 258QQ) per Laurea Magistrale in Comunicazione d&#039;impresa e politica delle risorse umane<br\/><strong>Insegnamenti condivisi\/mutuati:<\/strong><ul class=\"registri-shared\"><li>Sociologia dell'organizzazione (cod. 0011Q) - Laurea Magistrale in Gestione e innovazione dei servizi sociali, imprenditorialita&#039; sociale e management del terzo settore<\/li><\/ul><\/li><li>Sistemi di welfare comparati (cod. 192QQ) per Laurea in Scienze del servizio sociale<\/li><li>Strategie di sostenibilita' nella gestione delle risorse umane (cod. 2007Z) per Laurea Magistrale in Comunicazione d&#039;impresa e politica delle risorse umane<\/li><\/ul>","unipi-persone-codocenze":"","unipi-persone-interessi-ricerca":"","_wpml_word_count":"15","_last_translation_edit_mode":"translation-editor","_elementor_page_assets":[]},"organizzazioni":[3740],"class_list":["post-158159","unipi_persone","type-unipi_persone","status-publish","hentry","organizzazioni-dipartimento-di-scienze-politiche-589999-en"],"email":"matteo.villa@unipi.it","telefono":"050 2211932","content_plain":"Professore Associato &#8211; Dipartimento di Scienze Politiche | Tel.: 050 2211932 &#8211; Email: matteo.villa@unipi.it","photo_url":null,"ruoli_tags":[{"id":759,"name":"PA","slug":"pa"}],"yoast_head":"<!-- This site is optimized with the Yoast SEO plugin v27.0 - https:\/\/yoast.com\/product\/yoast-seo-wordpress\/ -->\n<title>Matteo Villa ~ UNIPI<\/title>\n<meta name=\"robots\" content=\"index, follow, max-snippet:-1, max-image-preview:large, max-video-preview:-1\" \/>\n<link rel=\"canonical\" href=\"https:\/\/www.unipi.it\/en\/about-us\/organisation\/people\/matteo-villa-36933-en\/\" \/>\n<meta property=\"og:locale\" content=\"en_US\" \/>\n<meta property=\"og:type\" content=\"article\" \/>\n<meta property=\"og:title\" content=\"Matteo Villa ~ UNIPI\" \/>\n<meta property=\"og:description\" content=\"Professore Associato &#8211; Dipartimento di Scienze Politiche | Tel.: 050 2211932 &#8211; Email: matteo.villa@unipi.it\" \/>\n<meta property=\"og:url\" content=\"https:\/\/www.unipi.it\/en\/about-us\/organisation\/people\/matteo-villa-36933-en\/\" \/>\n<meta property=\"og:site_name\" content=\"UNIPI\" \/>\n<meta property=\"article:publisher\" content=\"https:\/\/www.facebook.com\/unipisaofficial\/\" \/>\n<meta property=\"article:modified_time\" content=\"2026-04-01T02:59:45+00:00\" \/>\n<meta name=\"twitter:card\" content=\"summary_large_image\" \/>\n<script type=\"application\/ld+json\" class=\"yoast-schema-graph\">{\"@context\":\"https:\/\/schema.org\",\"@graph\":[{\"@type\":\"WebPage\",\"@id\":\"https:\/\/www.unipi.it\/en\/about-us\/organisation\/people\/matteo-villa-36933-en\/\",\"url\":\"https:\/\/www.unipi.it\/en\/about-us\/organisation\/people\/matteo-villa-36933-en\/\",\"name\":\"Matteo Villa ~ UNIPI\",\"isPartOf\":{\"@id\":\"https:\/\/www.unipi.it\/en\/#website\"},\"datePublished\":\"2025-05-12T14:44:21+00:00\",\"dateModified\":\"2026-04-01T02:59:45+00:00\",\"breadcrumb\":{\"@id\":\"https:\/\/www.unipi.it\/en\/about-us\/organisation\/people\/matteo-villa-36933-en\/#breadcrumb\"},\"inLanguage\":\"en-US\",\"potentialAction\":[{\"@type\":\"ReadAction\",\"target\":[\"https:\/\/www.unipi.it\/en\/about-us\/organisation\/people\/matteo-villa-36933-en\/\"]}]},{\"@type\":\"BreadcrumbList\",\"@id\":\"https:\/\/www.unipi.it\/en\/about-us\/organisation\/people\/matteo-villa-36933-en\/#breadcrumb\",\"itemListElement\":[{\"@type\":\"ListItem\",\"position\":1,\"name\":\"\",\"item\":\"https:\/\/www.unipi.it\/en\/home\/\"},{\"@type\":\"ListItem\",\"position\":2,\"name\":\"Matteo Villa\"}]},{\"@type\":\"WebSite\",\"@id\":\"https:\/\/www.unipi.it\/en\/#website\",\"url\":\"https:\/\/www.unipi.it\/en\/\",\"name\":\"UNIPI\",\"description\":\"UNIPI\",\"publisher\":{\"@id\":\"https:\/\/www.unipi.it\/en\/#organization\"},\"potentialAction\":[{\"@type\":\"SearchAction\",\"target\":{\"@type\":\"EntryPoint\",\"urlTemplate\":\"https:\/\/www.unipi.it\/en\/?s={search_term_string}\"},\"query-input\":{\"@type\":\"PropertyValueSpecification\",\"valueRequired\":true,\"valueName\":\"search_term_string\"}}],\"inLanguage\":\"en-US\"},{\"@type\":\"Organization\",\"@id\":\"https:\/\/www.unipi.it\/en\/#organization\",\"name\":\"UNIPI\",\"url\":\"https:\/\/www.unipi.it\/en\/\",\"logo\":{\"@type\":\"ImageObject\",\"inLanguage\":\"en-US\",\"@id\":\"https:\/\/www.unipi.it\/en\/#\/schema\/logo\/image\/\",\"url\":\"https:\/\/www.unipi.it\/wp-content\/uploads\/Raggruppa-3020.svg\",\"contentUrl\":\"https:\/\/www.unipi.it\/wp-content\/uploads\/Raggruppa-3020.svg\",\"width\":176,\"height\":64,\"caption\":\"UNIPI\"},\"image\":{\"@id\":\"https:\/\/www.unipi.it\/en\/#\/schema\/logo\/image\/\"},\"sameAs\":[\"https:\/\/www.facebook.com\/unipisaofficial\/\",\"https:\/\/www.instagram.com\/unipisa\/\"]}]}<\/script>\n<!-- \/ Yoast SEO plugin. -->","yoast_head_json":{"title":"Matteo Villa ~ UNIPI","robots":{"index":"index","follow":"follow","max-snippet":"max-snippet:-1","max-image-preview":"max-image-preview:large","max-video-preview":"max-video-preview:-1"},"canonical":"https:\/\/www.unipi.it\/en\/about-us\/organisation\/people\/matteo-villa-36933-en\/","og_locale":"en_US","og_type":"article","og_title":"Matteo Villa ~ UNIPI","og_description":"Professore Associato &#8211; Dipartimento di Scienze Politiche | Tel.: 050 2211932 &#8211; Email: matteo.villa@unipi.it","og_url":"https:\/\/www.unipi.it\/en\/about-us\/organisation\/people\/matteo-villa-36933-en\/","og_site_name":"UNIPI","article_publisher":"https:\/\/www.facebook.com\/unipisaofficial\/","article_modified_time":"2026-04-01T02:59:45+00:00","twitter_card":"summary_large_image","schema":{"@context":"https:\/\/schema.org","@graph":[{"@type":"WebPage","@id":"https:\/\/www.unipi.it\/en\/about-us\/organisation\/people\/matteo-villa-36933-en\/","url":"https:\/\/www.unipi.it\/en\/about-us\/organisation\/people\/matteo-villa-36933-en\/","name":"Matteo Villa ~ UNIPI","isPartOf":{"@id":"https:\/\/www.unipi.it\/en\/#website"},"datePublished":"2025-05-12T14:44:21+00:00","dateModified":"2026-04-01T02:59:45+00:00","breadcrumb":{"@id":"https:\/\/www.unipi.it\/en\/about-us\/organisation\/people\/matteo-villa-36933-en\/#breadcrumb"},"inLanguage":"en-US","potentialAction":[{"@type":"ReadAction","target":["https:\/\/www.unipi.it\/en\/about-us\/organisation\/people\/matteo-villa-36933-en\/"]}]},{"@type":"BreadcrumbList","@id":"https:\/\/www.unipi.it\/en\/about-us\/organisation\/people\/matteo-villa-36933-en\/#breadcrumb","itemListElement":[{"@type":"ListItem","position":1,"name":"","item":"https:\/\/www.unipi.it\/en\/home\/"},{"@type":"ListItem","position":2,"name":"Matteo Villa"}]},{"@type":"WebSite","@id":"https:\/\/www.unipi.it\/en\/#website","url":"https:\/\/www.unipi.it\/en\/","name":"UNIPI","description":"UNIPI","publisher":{"@id":"https:\/\/www.unipi.it\/en\/#organization"},"potentialAction":[{"@type":"SearchAction","target":{"@type":"EntryPoint","urlTemplate":"https:\/\/www.unipi.it\/en\/?s={search_term_string}"},"query-input":{"@type":"PropertyValueSpecification","valueRequired":true,"valueName":"search_term_string"}}],"inLanguage":"en-US"},{"@type":"Organization","@id":"https:\/\/www.unipi.it\/en\/#organization","name":"UNIPI","url":"https:\/\/www.unipi.it\/en\/","logo":{"@type":"ImageObject","inLanguage":"en-US","@id":"https:\/\/www.unipi.it\/en\/#\/schema\/logo\/image\/","url":"https:\/\/www.unipi.it\/wp-content\/uploads\/Raggruppa-3020.svg","contentUrl":"https:\/\/www.unipi.it\/wp-content\/uploads\/Raggruppa-3020.svg","width":176,"height":64,"caption":"UNIPI"},"image":{"@id":"https:\/\/www.unipi.it\/en\/#\/schema\/logo\/image\/"},"sameAs":["https:\/\/www.facebook.com\/unipisaofficial\/","https:\/\/www.instagram.com\/unipisa\/"]}]}},"_links":{"self":[{"href":"https:\/\/www.unipi.it\/en\/wp-json\/wp\/v2\/unipi_persone\/158159","targetHints":{"allow":["GET"]}}],"collection":[{"href":"https:\/\/www.unipi.it\/en\/wp-json\/wp\/v2\/unipi_persone"}],"about":[{"href":"https:\/\/www.unipi.it\/en\/wp-json\/wp\/v2\/types\/unipi_persone"}],"wp:attachment":[{"href":"https:\/\/www.unipi.it\/en\/wp-json\/wp\/v2\/media?parent=158159"}],"wp:term":[{"taxonomy":"organizzazioni","embeddable":true,"href":"https:\/\/www.unipi.it\/en\/wp-json\/wp\/v2\/organizzazioni?post=158159"}],"curies":[{"name":"wp","href":"https:\/\/api.w.org\/{rel}","templated":true}]}}