{"id":153289,"date":"2025-05-12T14:23:48","date_gmt":"2025-05-12T14:23:48","guid":{"rendered":"https:\/\/www.unipi.it\/ateneo\/organizzazione\/persone\/simone-paoli-123319-en\/"},"modified":"2026-04-01T04:49:33","modified_gmt":"2026-04-01T02:49:33","slug":"simone-paoli-123319-en","status":"publish","type":"unipi_persone","link":"https:\/\/www.unipi.it\/en\/about-us\/organisation\/people\/simone-paoli-123319-en\/","title":{"rendered":"Simone Paoli"},"content":{"rendered":"<p>Professore Associato &#8211; Dipartimento di Scienze Politiche | Tel.: 0502212111 &#8211; Email: simone.paoli@unipi.it<\/p>\n","protected":false},"template":"","meta":{"unipi-persone-chiave":"123319","unipi-persone-nome":"Simone","unipi-persone-cognome":"Paoli","unipi-persone-email":"simone.paoli@unipi.it","unipi-persone-cv":"POSIZIONE ATTUALE<br \/>\r\n2025-\tProfessore Associato in Storia delle Relazioni Internazionali<br \/>\r\n\tUniversit\u00e0 di Pisa, Dipartimento di Scienze Politiche<br \/>\r\n<br \/>\r\nDIREZIONE DI PROGETTI DI RICERCA<br \/>\r\n1-12\/2025<br \/>\r\nProgetto di Ricerca \u00abEurope of Schengen: political construction, practical repercussions and external perceptions 40 years after its establishment\u00bb, Centro Italo-Tedesco per il Dialogo Europeo a Villa Vigoni<br \/>\r\n<br \/>\r\n9\/2020-8\/2023<br \/>\r\nModulo Jean Monnet \u00abMobility, Migrations and European Integration\u00bb, Universit\u00e0 di Pisa<br \/>\r\n<br \/>\r\n9\/2020-8\/2022<br \/>\r\nProgetto di Ricerca di Ateneo \u00abDieci anni di speranze per una nuova Europa: Mosca e Bruxelles dal 1985 al 1994\u00bb, Universit\u00e0 di Pisa<br \/>\r\n<br \/>\r\n1\/2019-12\/2021<br \/>\r\nGruppo di Ricerca \u00abD\u2019une \u00e9ducation pour l\u2019Europe \u00e0 une \u00e9ducation europ\u00e9enne\u00bb nel contesto del Progetto di Ricerca Europeo \u00abLabEx (Laboratoire d'Excellence) EHNE (\u00c9crire une Histoire Nouvelle de l'Europe)\u00bb, Universit\u00e0 Sorbona di Parigi<br \/>\r\n<br \/>\r\nATTIVITA\u2019 DIDATTICA IN CORSO<br \/>\r\nCorso di Storia Internazionale dell\u2019Et\u00e0 Contemporanea<br \/>\r\nCorso di Mobilit\u00e0 e Migrazioni nella Storia Contemporanea dell\u2019Europa e del Mediterraneo<br \/>\r\nCorso di Storia dell\u2019Integrazione Europea<br \/>\r\n<br \/>\r\nVISITING INTERNAZIONALI<br \/>\r\n5\/2025<br \/>\r\nVisiting Professor presso l\u2019Universit\u00e0 di Breslavia<br \/>\r\n<br \/>\r\n10\/3-9\/4\/2025<br \/>\r\nVisiting Professor presso l\u2019Universit\u00e0 del Maryland<br \/>\r\n<br \/>\r\n5\/2023<br \/>\r\nVisiting Professor presso la Nuova Universit\u00e0 di Lisbona<br \/>\r\n<br \/>\r\n5\/2020<br \/>\r\nVisiting Professor presso l\u2019Universit\u00e0 di Ume\u00e5<br \/>\r\n<br \/>\r\n1-5\/2020<br \/>\r\nVisiting Professor presso Sciences Po a Parigi<br \/>\r\n<br \/>\r\n1-5\/2019<br \/>\r\nVisiting Professor presso Sciences Po a Parigi<br \/>\r\n<br \/>\r\nPRINCIPALI PUBBLICAZIONI<br \/>\r\nMONOGRAFIE<br \/>\r\n- Frontiera Sud. L\u2019Italia e la nascita dell\u2019Europa di Schengen, Milano, Mondadori Education, 2018<br \/>\r\n- Politica di potenza e cooperazione. L'organizzazione internazionale dal Congresso di Vienna alla globalizzazione, Padova, Cedam, 2013<br \/>\r\n- Il sogno di Erasmo. La questione educativa nel processo di integrazione europea, Milano, FrancoAngeli, 2010<br \/>\r\nVOLUMI CURATI<br \/>\r\n- The Euro-Russian Entente: Brussels and Moscow between Convergence and Divergence (1985-1999), London, Routledge, (2026)<br \/>\r\n- The Global Migration Turn and the New International Order in the Long 1970s, London, Routledge, (2026)<br \/>\r\n- Building Europe through Education, Building Education through Europe: Actors, Spaces and Pedagogies in a Historical Perspective, London, Routledge, 2025<br \/>\r\n- \u201cL\u2019Europa si fa nelle crisi\u201d. Integrazione europea e crisi esterne prima e dopo Maastricht, Bologna, il Mulino, 2023<br \/>\r\n- Child Migration and Biopolitics. Old and New Experiences in Europe, London, Routledge, 2020<br \/>\r\n- L\u2019Europa adulta. Attori, ragioni e sfide dall\u2019Atto Unico alla Brexit, Bologna, il Mulino, 2020<br \/>\r\n- Peoples and Borders. Seventy Years of Migration in Europe, to Europe, from Europe (1945-2015), Baden-Baden, Nomos Verlagsgesellschaft, 2017<br \/>\r\n<br \/>\r\nNUMERI DI RIVISTA CURATI<br \/>\r\n- The borders of Europe: Schengen and the history of border conception and management in contemporary Europe, Journal of European Integration History, N. 1, 2027<br \/>\r\n- The 1970s\u2019 Global Migration Turn and the North-South Divide, Third World Quarterly, (2026)<br \/>\r\n- Nazionalismi e sfide globali: persistenze, rinascite, limiti tra XX e XXI secolo, Mondo Contemporaneo, N. 2, 2025, ISSN 1825-8905<br \/>\r\n- Dieci anni di speranze per una nuova Europa: i rapporti tra Bruxelles e Mosca nel decennio della transizione (1985-1994), Annali della Fondazione Ugo La Malfa, N. XXXVI, 2021<br \/>\r\n- Il salvataggio europeo dello Stato nazione trent\u2019anni dopo. Alan Milward e la storia dell\u2019integrazione europea \/ The European Rescue of the Nation State thirty years later. Alan Milward and the history of European integration, Annali della Fondazione Ugo La Malfa, N. XXXV, 2020<br \/>\r\n- Europe and the Mediterranean in the long 1980s, Journal of European Integration History, N. 1, 2015","unipi-persone-link-esterno-cv":"https:\/\/pisa.academia.edu\/SimonePaoli","unipi-persone-modalita-ricevimento":"Ricevimento anche su Teams da concordare per posta elettronica (simone.paoli@unipi.it).\r\n\r\n\r\n","unipi-persone-luogo-ricevimento":"Dipartimento di Scienze Politiche, via Serafini 3, Pisa (II piano)\r\n\r\n\r\n\r\n\r\n","unipi-persone-ore-ricevimento":"Gioved\u00ec 16:00-17:00\r\n\r\n\r\n","unipi-persone-telefono":"0502212111","unipi-persone-sitoweb":"https:\/\/eumomi.sp.unipi.it\/module-leader\/","unipi-persone-cariche":"","unipi-persone-link-orario-lezioni":"https:\/\/unipi.prod.up.cineca.it\/calendarioPubblico\/matricola=012745","unipi-persone-link-registro-lezioni":"https:\/\/unimap.unipi.it\/registri\/registri.php?ri=012745&tmplt=principale.tpl","unipi-persone-settore-scientifico":"Storia delle Relazioni Internazionali GSPS-04\/B","unipi-persone-ruolo":"Professore Associato","unipi-persone-arpi":"https:\/\/arpi.unipi.it\/cris\/rp\/rp04654","unipi-persone-pubblicazioni":"<ul class=\"pubblicazioni-list\"><li><a href=\"https:\/\/arpi.unipi.it\/handle\/11568\/1336415\" target=\"_blank\" rel=\"noopener noreferrer\">Nazionalismi e sfide globali: persistenze, rinascite, limiti tra XX e XXI secolo<\/a> <span class=\"pub-details\">(Paoli, Simone; Calandra, Benedetta; Fasanaro, Laura; Formigoni, Guido; Onnis, Barbara; Vezzosi, Elisabetta - 2025 - 7.1 Curatela)<\/span><\/li><li><a href=\"https:\/\/arpi.unipi.it\/handle\/11568\/1336407\" target=\"_blank\" rel=\"noopener noreferrer\">Nazionalismi e sfide globali: persistenze, rinascite e limiti tra XX e XXI secolo. Un\u2019introduzione<\/a> <span class=\"pub-details\">(Paoli, Simone; Calandra, Benedetta; Fasanaro, Laura; Formigoni, Guido; Onnis, Barbara; Vezzosi, Elisabetta - 2025 - 1.1 Articolo in rivista)<\/span><\/li><li><a href=\"https:\/\/arpi.unipi.it\/handle\/11568\/1336368\" target=\"_blank\" rel=\"noopener noreferrer\">Schengen: a Europe without Borders?<\/a> <span class=\"pub-details\">(Paoli, Simone; Hilpert, Isabel - 2025 - 5.06 Mostra)<\/span><\/li><li><a href=\"https:\/\/arpi.unipi.it\/handle\/11568\/1336367\" target=\"_blank\" rel=\"noopener noreferrer\">Isaac Stanley-Becker, Europe without Borders. A History, Princeton; Oxford, Princeton University Press, 2025<\/a> <span class=\"pub-details\">(Paoli, Simone - 2025 - 1.2 Recensione in rivista)<\/span><\/li><li><a href=\"https:\/\/arpi.unipi.it\/handle\/11568\/1336351\" target=\"_blank\" rel=\"noopener noreferrer\">Virginia Minnucci, Accogliere, integrare, respingere. Italia e Unione Europea di fronte al fenomeno migratorio, Milano; Mondadori Education, 2023<\/a> <span class=\"pub-details\">(Paoli, Simone - 2025 - 1.2 Recensione in rivista)<\/span><\/li><li><a href=\"https:\/\/arpi.unipi.it\/handle\/11568\/1278849\" target=\"_blank\" rel=\"noopener noreferrer\">Il potere di raccontare: l\u2019UNESCO e il Nuovo Ordine Mondiale dell\u2019Informazione e della Comunicazione<\/a> <span class=\"pub-details\">(Paoli, Simone - 2025 - 2.1 Contributo in volume (Capitolo o Saggio))<\/span><\/li><li><a href=\"https:\/\/arpi.unipi.it\/handle\/11568\/1242429\" target=\"_blank\" rel=\"noopener noreferrer\">Dalla critica alla Fortezza Europa alle &quot;scelte obbligate&quot;: il PCI, il PDS e l\u2019ingresso dell\u2019Italia nel sistema Schengen [1985-1998]<\/a> <span class=\"pub-details\">(Paoli, Simone - 2025 - 2.1 Contributo in volume (Capitolo o Saggio))<\/span><\/li><li><a href=\"https:\/\/arpi.unipi.it\/handle\/11568\/1242348\" target=\"_blank\" rel=\"noopener noreferrer\">La dimensione migratoria nelle relazioni euromediterranee: dalla complementariet\u00e0 collaborativa all&#039;interdipendenza conflittuale [1945-1995]<\/a> <span class=\"pub-details\">(Paoli, Simone - 2025 - 2.1 Contributo in volume (Capitolo o Saggio))<\/span><\/li><li><a href=\"https:\/\/arpi.unipi.it\/handle\/11568\/1242310\" target=\"_blank\" rel=\"noopener noreferrer\">The Role of Social Diplomacy: the European Trade Union Confederation and the Transition from Communism to Post-Communism in Central-Eastern Europe and Russia<\/a> <span class=\"pub-details\">(Paoli, Simone - 2025 - 2.1 Contributo in volume (Capitolo o Saggio))<\/span><\/li><li><a href=\"https:\/\/arpi.unipi.it\/handle\/11568\/1187892\" target=\"_blank\" rel=\"noopener noreferrer\">Europeanization and Education from the Aftermath of the Second World War to the Post-Pandemic Era<\/a> <span class=\"pub-details\">(Ruppen Coutaz, Rapha\u00eblle; Paoli, Simone - 2025 - 2.1 Contributo in volume (Capitolo o Saggio))<\/span><\/li><li><a href=\"https:\/\/arpi.unipi.it\/handle\/11568\/1187890\" target=\"_blank\" rel=\"noopener noreferrer\">Migration flows in the Central Mediterranean<\/a> <span class=\"pub-details\">(Diodato, Emidio; Paoli, Simone - 2025 - 2.1 Contributo in volume (Capitolo o Saggio))<\/span><\/li><li><a href=\"https:\/\/arpi.unipi.it\/handle\/11568\/1187829\" target=\"_blank\" rel=\"noopener noreferrer\">Building Europe through Education, Building Education through Europe: Actors, Spaces and Pedagogies in a Historical Perspective<\/a> <span class=\"pub-details\">(Ruppen Coutaz, Rapha\u00eblle; Paoli, Simone - 2025 - 7.1 Curatela)<\/span><\/li><li><a href=\"https:\/\/arpi.unipi.it\/handle\/11568\/1242468\" target=\"_blank\" rel=\"noopener noreferrer\">I then realised that mobility was a crucial dimension of the process of European integration and could represent a precious lens through which to reconstruct, analyse and interpret it<\/a> <span class=\"pub-details\">(Paoli, Simone - 2024 - 2.1 Contributo in volume (Capitolo o Saggio))<\/span><\/li><li><a href=\"https:\/\/arpi.unipi.it\/handle\/11568\/1242450\" target=\"_blank\" rel=\"noopener noreferrer\">Jakov Bojovic, Beyond \u2018Ever Closer Union\u2019. The Juncker Commission\u2019s Ambition in Migration and Economic Policy, Northampton, Edward Elgar Publishing, 2023<\/a> <span class=\"pub-details\">(Paoli, Simone - 2024 - 1.2 Recensione in rivista)<\/span><\/li><li><a href=\"https:\/\/arpi.unipi.it\/handle\/11568\/1242067\" target=\"_blank\" rel=\"noopener noreferrer\">Terroristi o rifugiati? Il dibattito storiografico sulla mancata estradizione francese dei latitanti italiani degli \u201canni di piombo\u201d<\/a> <span class=\"pub-details\">(Paoli, Simone; Roggia, Giovanni - 2024 - 1.1 Articolo in rivista)<\/span><\/li><\/ul>","unipi-persone-didattica":"<ul class=\"registri-list\"><li>Mobilit\u00e0 e migrazioni nella storia contemporanea dell'europa e del mediterraneo - corso jean monnet (cod. 357QQ) per Laurea Magistrale in Unione europea, processi globali e sostenibilita&#039; dello sviluppo<\/li><li>Storia internazionale dell'eta' contemporanea (cod. 0021Q) per Laurea Magistrale in Unione europea, processi globali e sostenibilit\u00e0 dello sviluppo<\/li><\/ul>","unipi-persone-codocenze":"<h4 class=\"mt-2\">Incarichi di co-docenza in moduli\/insegnamenti<\/h4><ul><li>Storia dell&#039;Integrazione Europea (Cod. 376QQ) per Laurea in Scienze politiche<\/li><\/ul>","unipi-persone-interessi-ricerca":"","_wpml_word_count":"15","_last_translation_edit_mode":"translation-editor","_elementor_page_assets":[]},"organizzazioni":[3740],"class_list":["post-153289","unipi_persone","type-unipi_persone","status-publish","hentry","organizzazioni-dipartimento-di-scienze-politiche-589999-en"],"email":"simone.paoli@unipi.it","telefono":"0502212111","content_plain":"Professore Associato &#8211; Dipartimento di Scienze Politiche | Tel.: 0502212111 &#8211; Email: simone.paoli@unipi.it","photo_url":"https:\/\/www.unipi.it\/fotopersonale\/123319.jpg","ruoli_tags":[{"id":759,"name":"PA","slug":"pa"}],"yoast_head":"<!-- This site is optimized with the Yoast SEO plugin v27.0 - https:\/\/yoast.com\/product\/yoast-seo-wordpress\/ -->\n<title>Simone Paoli ~ UNIPI<\/title>\n<meta name=\"robots\" content=\"index, follow, max-snippet:-1, max-image-preview:large, max-video-preview:-1\" \/>\n<link rel=\"canonical\" href=\"https:\/\/www.unipi.it\/en\/about-us\/organisation\/people\/simone-paoli-123319-en\/\" \/>\n<meta property=\"og:locale\" content=\"en_US\" \/>\n<meta property=\"og:type\" content=\"article\" \/>\n<meta property=\"og:title\" content=\"Simone Paoli ~ UNIPI\" \/>\n<meta property=\"og:description\" content=\"Professore Associato &#8211; Dipartimento di Scienze Politiche | Tel.: 0502212111 &#8211; Email: simone.paoli@unipi.it\" \/>\n<meta property=\"og:url\" content=\"https:\/\/www.unipi.it\/en\/about-us\/organisation\/people\/simone-paoli-123319-en\/\" \/>\n<meta property=\"og:site_name\" content=\"UNIPI\" \/>\n<meta property=\"article:publisher\" content=\"https:\/\/www.facebook.com\/unipisaofficial\/\" \/>\n<meta property=\"article:modified_time\" content=\"2026-04-01T02:49:33+00:00\" \/>\n<meta name=\"twitter:card\" content=\"summary_large_image\" \/>\n<script type=\"application\/ld+json\" class=\"yoast-schema-graph\">{\"@context\":\"https:\/\/schema.org\",\"@graph\":[{\"@type\":\"WebPage\",\"@id\":\"https:\/\/www.unipi.it\/en\/about-us\/organisation\/people\/simone-paoli-123319-en\/\",\"url\":\"https:\/\/www.unipi.it\/en\/about-us\/organisation\/people\/simone-paoli-123319-en\/\",\"name\":\"Simone Paoli ~ UNIPI\",\"isPartOf\":{\"@id\":\"https:\/\/www.unipi.it\/en\/#website\"},\"datePublished\":\"2025-05-12T14:23:48+00:00\",\"dateModified\":\"2026-04-01T02:49:33+00:00\",\"breadcrumb\":{\"@id\":\"https:\/\/www.unipi.it\/en\/about-us\/organisation\/people\/simone-paoli-123319-en\/#breadcrumb\"},\"inLanguage\":\"en-US\",\"potentialAction\":[{\"@type\":\"ReadAction\",\"target\":[\"https:\/\/www.unipi.it\/en\/about-us\/organisation\/people\/simone-paoli-123319-en\/\"]}]},{\"@type\":\"BreadcrumbList\",\"@id\":\"https:\/\/www.unipi.it\/en\/about-us\/organisation\/people\/simone-paoli-123319-en\/#breadcrumb\",\"itemListElement\":[{\"@type\":\"ListItem\",\"position\":1,\"name\":\"\",\"item\":\"https:\/\/www.unipi.it\/en\/home\/\"},{\"@type\":\"ListItem\",\"position\":2,\"name\":\"Simone Paoli\"}]},{\"@type\":\"WebSite\",\"@id\":\"https:\/\/www.unipi.it\/en\/#website\",\"url\":\"https:\/\/www.unipi.it\/en\/\",\"name\":\"UNIPI\",\"description\":\"UNIPI\",\"publisher\":{\"@id\":\"https:\/\/www.unipi.it\/en\/#organization\"},\"potentialAction\":[{\"@type\":\"SearchAction\",\"target\":{\"@type\":\"EntryPoint\",\"urlTemplate\":\"https:\/\/www.unipi.it\/en\/?s={search_term_string}\"},\"query-input\":{\"@type\":\"PropertyValueSpecification\",\"valueRequired\":true,\"valueName\":\"search_term_string\"}}],\"inLanguage\":\"en-US\"},{\"@type\":\"Organization\",\"@id\":\"https:\/\/www.unipi.it\/en\/#organization\",\"name\":\"UNIPI\",\"url\":\"https:\/\/www.unipi.it\/en\/\",\"logo\":{\"@type\":\"ImageObject\",\"inLanguage\":\"en-US\",\"@id\":\"https:\/\/www.unipi.it\/en\/#\/schema\/logo\/image\/\",\"url\":\"https:\/\/www.unipi.it\/wp-content\/uploads\/Raggruppa-3020.svg\",\"contentUrl\":\"https:\/\/www.unipi.it\/wp-content\/uploads\/Raggruppa-3020.svg\",\"width\":176,\"height\":64,\"caption\":\"UNIPI\"},\"image\":{\"@id\":\"https:\/\/www.unipi.it\/en\/#\/schema\/logo\/image\/\"},\"sameAs\":[\"https:\/\/www.facebook.com\/unipisaofficial\/\",\"https:\/\/www.instagram.com\/unipisa\/\"]}]}<\/script>\n<!-- \/ Yoast SEO plugin. -->","yoast_head_json":{"title":"Simone Paoli ~ UNIPI","robots":{"index":"index","follow":"follow","max-snippet":"max-snippet:-1","max-image-preview":"max-image-preview:large","max-video-preview":"max-video-preview:-1"},"canonical":"https:\/\/www.unipi.it\/en\/about-us\/organisation\/people\/simone-paoli-123319-en\/","og_locale":"en_US","og_type":"article","og_title":"Simone Paoli ~ UNIPI","og_description":"Professore Associato &#8211; Dipartimento di Scienze Politiche | Tel.: 0502212111 &#8211; Email: simone.paoli@unipi.it","og_url":"https:\/\/www.unipi.it\/en\/about-us\/organisation\/people\/simone-paoli-123319-en\/","og_site_name":"UNIPI","article_publisher":"https:\/\/www.facebook.com\/unipisaofficial\/","article_modified_time":"2026-04-01T02:49:33+00:00","twitter_card":"summary_large_image","schema":{"@context":"https:\/\/schema.org","@graph":[{"@type":"WebPage","@id":"https:\/\/www.unipi.it\/en\/about-us\/organisation\/people\/simone-paoli-123319-en\/","url":"https:\/\/www.unipi.it\/en\/about-us\/organisation\/people\/simone-paoli-123319-en\/","name":"Simone Paoli ~ UNIPI","isPartOf":{"@id":"https:\/\/www.unipi.it\/en\/#website"},"datePublished":"2025-05-12T14:23:48+00:00","dateModified":"2026-04-01T02:49:33+00:00","breadcrumb":{"@id":"https:\/\/www.unipi.it\/en\/about-us\/organisation\/people\/simone-paoli-123319-en\/#breadcrumb"},"inLanguage":"en-US","potentialAction":[{"@type":"ReadAction","target":["https:\/\/www.unipi.it\/en\/about-us\/organisation\/people\/simone-paoli-123319-en\/"]}]},{"@type":"BreadcrumbList","@id":"https:\/\/www.unipi.it\/en\/about-us\/organisation\/people\/simone-paoli-123319-en\/#breadcrumb","itemListElement":[{"@type":"ListItem","position":1,"name":"","item":"https:\/\/www.unipi.it\/en\/home\/"},{"@type":"ListItem","position":2,"name":"Simone Paoli"}]},{"@type":"WebSite","@id":"https:\/\/www.unipi.it\/en\/#website","url":"https:\/\/www.unipi.it\/en\/","name":"UNIPI","description":"UNIPI","publisher":{"@id":"https:\/\/www.unipi.it\/en\/#organization"},"potentialAction":[{"@type":"SearchAction","target":{"@type":"EntryPoint","urlTemplate":"https:\/\/www.unipi.it\/en\/?s={search_term_string}"},"query-input":{"@type":"PropertyValueSpecification","valueRequired":true,"valueName":"search_term_string"}}],"inLanguage":"en-US"},{"@type":"Organization","@id":"https:\/\/www.unipi.it\/en\/#organization","name":"UNIPI","url":"https:\/\/www.unipi.it\/en\/","logo":{"@type":"ImageObject","inLanguage":"en-US","@id":"https:\/\/www.unipi.it\/en\/#\/schema\/logo\/image\/","url":"https:\/\/www.unipi.it\/wp-content\/uploads\/Raggruppa-3020.svg","contentUrl":"https:\/\/www.unipi.it\/wp-content\/uploads\/Raggruppa-3020.svg","width":176,"height":64,"caption":"UNIPI"},"image":{"@id":"https:\/\/www.unipi.it\/en\/#\/schema\/logo\/image\/"},"sameAs":["https:\/\/www.facebook.com\/unipisaofficial\/","https:\/\/www.instagram.com\/unipisa\/"]}]}},"_links":{"self":[{"href":"https:\/\/www.unipi.it\/en\/wp-json\/wp\/v2\/unipi_persone\/153289","targetHints":{"allow":["GET"]}}],"collection":[{"href":"https:\/\/www.unipi.it\/en\/wp-json\/wp\/v2\/unipi_persone"}],"about":[{"href":"https:\/\/www.unipi.it\/en\/wp-json\/wp\/v2\/types\/unipi_persone"}],"wp:attachment":[{"href":"https:\/\/www.unipi.it\/en\/wp-json\/wp\/v2\/media?parent=153289"}],"wp:term":[{"taxonomy":"organizzazioni","embeddable":true,"href":"https:\/\/www.unipi.it\/en\/wp-json\/wp\/v2\/organizzazioni?post=153289"}],"curies":[{"name":"wp","href":"https:\/\/api.w.org\/{rel}","templated":true}]}}