{"id":150613,"date":"2025-05-12T14:13:38","date_gmt":"2025-05-12T14:13:38","guid":{"rendered":"https:\/\/www.unipi.it\/ateneo\/organizzazione\/persone\/danilo-manca-123454-en\/"},"modified":"2026-04-01T04:44:46","modified_gmt":"2026-04-01T02:44:46","slug":"danilo-manca-123454-en","status":"publish","type":"unipi_persone","link":"https:\/\/www.unipi.it\/en\/about-us\/organisation\/people\/danilo-manca-123454-en\/","title":{"rendered":"Danilo Manca"},"content":{"rendered":"<p>Ricercatore a tempo determinato L.240\/2010  &#8211; Dipartimento di Civilta&#8217; e Forme del Sapere | Tel.: 050 2215488 &#8211; Email: danilo.manca@unipi.it<\/p>\n","protected":false},"template":"","meta":{"unipi-persone-chiave":"123454","unipi-persone-nome":"Danilo","unipi-persone-cognome":"Manca","unipi-persone-email":"danilo.manca@unipi.it","unipi-persone-cv":"Danilo Manca \u00e8 attualmente ricercatore a tempo determinato di tipo B presso il Dipartimento di Civilt\u00e0 e Forme del sapere dell'Universit\u00e0 di Pisa. <br \/>\r\n\u00c8 stato ricercatore a t.d. di tipo A presso lo stesso Dipartimento sino a ottobre 2023 e, precedentemente, assegnista presso il Dipartimento di Filologia, Letteratura e Linguistica e borsista presso l'Istituto di Studi filosofici di Napoli. <br \/>\r\nCoordina un progetto di ricerca su \"Le radici mediterranee dello spirito europeo\" presso l'Istituto di Studi Germanici di Roma e un progetto di ricerca di ateneo su \"La realt\u00e0 del futuro. Storie e modelli della capacit\u00e0 predittiva della mente\".<br \/>\r\nHa conseguito il dottorato presso l'Universit\u00e0 di Pisa nel 2016 con una tesi su Hegel e Husserl, ha svolto soggiorni di ricerca presso University College Dublin, l'Universit\u00e0 di Freiburg i.Br. e l'Archivio Hegel di Bochum. Tra le sue aree di specializzazione: filosofica classica tedesca, fenomenologia, filosofia della mente (in particolare scuola di Pittsburgh e approcci situati), filosofia della letteratura, la teoria critica, l'ermeneutica e il pragmatismo.  <br \/>\r\nHa partecipato e organizzato diverse conferenze internazionali. \u00c8 autore di tre monografie e di numerosi articoli e contributi in volume.","unipi-persone-link-esterno-cv":"https:\/\/pisa.academia.edu\/DaniloManca\/CurriculumVitae","unipi-persone-modalita-ricevimento":"\r\n\r\n\r\n\r\n\r\n\r\n\r\n\r\n\r\n\r\n\r\n\r\n\r\n\r\n\r\n\r\n\r\n\r\n\r\n\r\n\r\n\r\n\r\n\r\n\r\n\r\n\r\n\r\n\r\n\r\n\r\n\r\n\r\n\r\n\r\n","unipi-persone-luogo-ricevimento":"\r\nvia Paoli 15, I piano, studio n. 35\r\n\r\n\r\n\r\n\r\n\r\n\r\n\r\n\r\n\r\n\r\n\r\n\r\n\r\n\r\n\r\n\r\n\r\n\r\n\r\n\r\n\r\n\r\n\r\n\r\n\r\n\r\n\r\n\r\n","unipi-persone-ore-ricevimento":"Il docente riceve su appuntamento scrivendo a danilo.manca@unipi.it. \r\n\r\n\r\n\r\n\r\n\r\n\r\n\r\n\r\n\r\n\r\n\r\n\r\n\r\n\r\n\r\n\r\n\r\n\r\n\r\n\r\n\r\n\r\n\r\n\r\n","unipi-persone-telefono":"050 2215488","unipi-persone-sitoweb":"https:\/\/pisa.academia.edu\/DaniloManca","unipi-persone-cariche":"","unipi-persone-link-orario-lezioni":"https:\/\/unipi.prod.up.cineca.it\/calendarioPubblico\/matricola=015227","unipi-persone-link-registro-lezioni":"https:\/\/unimap.unipi.it\/registri\/registri.php?ri=015227&tmplt=principale.tpl","unipi-persone-settore-scientifico":"Filosofia Teoretica PHIL-01\/A","unipi-persone-ruolo":"Ricercatore a tempo determinato L.240\/2010 ","unipi-persone-arpi":"https:\/\/arpi.unipi.it\/cris\/rp\/rp00713","unipi-persone-pubblicazioni":"<ul class=\"pubblicazioni-list\"><li><a href=\"https:\/\/arpi.unipi.it\/handle\/11568\/1349790\" target=\"_blank\" rel=\"noopener noreferrer\">La dialettica tra passato e futuro nella Francia dei Lumi. Un capitolo della disputa tra antichi e moderni<\/a> <span class=\"pub-details\">(Manca, D - 2025 - 2.1 Contributo in volume (Capitolo o Saggio))<\/span><\/li><li><a href=\"https:\/\/arpi.unipi.it\/handle\/11568\/1349787\" target=\"_blank\" rel=\"noopener noreferrer\">The End of Nature and the Conflict between Eco-Social Imaginaries<\/a> <span class=\"pub-details\">(Manca, Danilo - 2025 - 1.1 Articolo in rivista)<\/span><\/li><li><a href=\"https:\/\/arpi.unipi.it\/handle\/11568\/1338613\" target=\"_blank\" rel=\"noopener noreferrer\">Prefazione<\/a> <span class=\"pub-details\">(Manca, Danilo; Ferrarin, Alfredo; La Rocca, Claudio - 2025 - 2.2 Prefazione\/Postfazione)<\/span><\/li><li><a href=\"https:\/\/arpi.unipi.it\/handle\/11568\/1338612\" target=\"_blank\" rel=\"noopener noreferrer\">Kant e la filosofia trascendentale<\/a> <span class=\"pub-details\">(Manca, Danilo; Ferrarin, Alfredo; La Rocca, Claudio - 2025 - 7.1 Curatela)<\/span><\/li><li><a href=\"https:\/\/arpi.unipi.it\/handle\/11568\/1338611\" target=\"_blank\" rel=\"noopener noreferrer\">Mente situata e cultura materiale<\/a> <span class=\"pub-details\">(Manca, Danilo - 2025 - 2.1 Contributo in volume (Capitolo o Saggio))<\/span><\/li><li><a href=\"https:\/\/arpi.unipi.it\/handle\/11568\/1225427\" target=\"_blank\" rel=\"noopener noreferrer\">Making sense of doing science: on some pragmatic motifs guiding the enactive approach to science<\/a> <span class=\"pub-details\">(Manca, Danilo - 2024 - 1.1 Articolo in rivista)<\/span><\/li><li><a href=\"https:\/\/arpi.unipi.it\/handle\/11568\/1194567\" target=\"_blank\" rel=\"noopener noreferrer\">Hegel, Husserl e il linguaggio della filosofia<\/a> <span class=\"pub-details\">(Manca, Danilo - 2023 - 3.1 Monografia o trattato scientifico)<\/span><\/li><li><a href=\"https:\/\/arpi.unipi.it\/handle\/11568\/1174365\" target=\"_blank\" rel=\"noopener noreferrer\">Eugen Fink and the Hegelian Motifs underlying Husserl&#039;s Cartesian Meditations<\/a> <span class=\"pub-details\">(Manca, D - 2023 - 2.1 Contributo in volume (Capitolo o Saggio))<\/span><\/li><li><a href=\"https:\/\/arpi.unipi.it\/handle\/11568\/1160905\" target=\"_blank\" rel=\"noopener noreferrer\">The Situated Mind and the Space of Reasons. On the Match and Mismatch between Pragmatism and Phenomenology<\/a> <span class=\"pub-details\">(Manca, D - 2022 - 1.1 Articolo in rivista)<\/span><\/li><li><a href=\"https:\/\/arpi.unipi.it\/handle\/11568\/1132258\" target=\"_blank\" rel=\"noopener noreferrer\">Metaphilosophy of the Life-world. Sellars, Husserl, and the quantum image of nature<\/a> <span class=\"pub-details\">(Manca, Danilo - 2022 - 1.1 Articolo in rivista)<\/span><\/li><li><a href=\"https:\/\/arpi.unipi.it\/handle\/11568\/1132252\" target=\"_blank\" rel=\"noopener noreferrer\">Spontaneity and Givenness. Natorp, Husserl, and Sellars&#039;s Neo-Kantianism<\/a> <span class=\"pub-details\">(Manca, Danilo - 2021 - 1.1 Articolo in rivista)<\/span><\/li><li><a href=\"https:\/\/arpi.unipi.it\/handle\/11568\/1124181\" target=\"_blank\" rel=\"noopener noreferrer\">Strauss and Blumenberg on the Caves of the Moderns<\/a> <span class=\"pub-details\">(Manca, Danilo - 2021 - 2.1 Contributo in volume (Capitolo o Saggio))<\/span><\/li><li><a href=\"https:\/\/arpi.unipi.it\/handle\/11568\/1059537\" target=\"_blank\" rel=\"noopener noreferrer\">Hegel and Husserl on the History of Reason<\/a> <span class=\"pub-details\">(Manca, D - 2019 - 2.1 Contributo in volume (Capitolo o Saggio))<\/span><\/li><li><a href=\"https:\/\/arpi.unipi.it\/handle\/11568\/1059467\" target=\"_blank\" rel=\"noopener noreferrer\">La disputa su ispirazione e composizione. Val\u00e9ry fra Poe e Borges<\/a> <span class=\"pub-details\">(Manca, D - 2018 - 3.1 Monografia o trattato scientifico)<\/span><\/li><li><a href=\"https:\/\/arpi.unipi.it\/handle\/11568\/1059479\" target=\"_blank\" rel=\"noopener noreferrer\">Esperienza della ragione. Hegel e Husserl in dialogo<\/a> <span class=\"pub-details\">(Manca, D - 2016 - 3.1 Monografia o trattato scientifico)<\/span><\/li><\/ul>","unipi-persone-didattica":"<ul class=\"registri-list\"><li>Gnoseologia (s) (cod. 225MM) per Laurea Magistrale in Filosofia e forme del sapere<\/li><li>Introduzione alla filosofia della mente (cod. 681MM) per Laurea in Filosofia<\/li><\/ul>","unipi-persone-codocenze":"<h4 class=\"mt-2\">Incarichi di co-docenza in moduli\/insegnamenti<\/h4><ul><li>Mente-corpo-ambiente Nelle Prospettive Filosofiche e Cliniche (Cod. 739MM) per Laurea Magistrale in Psicologia clinica e scienze comportamentali<\/li><\/ul>","unipi-persone-interessi-ricerca":"","_wpml_word_count":"19","_last_translation_edit_mode":"translation-editor","_elementor_page_assets":[]},"organizzazioni":[3608],"class_list":["post-150613","unipi_persone","type-unipi_persone","status-publish","hentry","organizzazioni-dipartimento-di-civilta-e-forme-del-sapere-429999-en"],"email":"danilo.manca@unipi.it","telefono":"050 2215488","content_plain":"Ricercatore a tempo determinato L.240\/2010  &#8211; Dipartimento di Civilta&#8217; e Forme del Sapere | Tel.: 050 2215488 &#8211; Email: danilo.manca@unipi.it","photo_url":"https:\/\/www.unipi.it\/fotopersonale\/123454.jpg","ruoli_tags":[{"id":766,"name":"RD","slug":"rd"}],"yoast_head":"<!-- This site is optimized with the Yoast SEO plugin v27.0 - https:\/\/yoast.com\/product\/yoast-seo-wordpress\/ -->\n<title>Danilo Manca ~ UNIPI<\/title>\n<meta name=\"robots\" content=\"index, follow, max-snippet:-1, max-image-preview:large, max-video-preview:-1\" \/>\n<link rel=\"canonical\" href=\"https:\/\/www.unipi.it\/en\/about-us\/organisation\/people\/danilo-manca-123454-en\/\" \/>\n<meta property=\"og:locale\" content=\"en_US\" \/>\n<meta property=\"og:type\" content=\"article\" \/>\n<meta property=\"og:title\" content=\"Danilo Manca ~ UNIPI\" \/>\n<meta property=\"og:description\" content=\"Ricercatore a tempo determinato L.240\/2010 &#8211; Dipartimento di Civilta&#8217; e Forme del Sapere | Tel.: 050 2215488 &#8211; Email: danilo.manca@unipi.it\" \/>\n<meta property=\"og:url\" content=\"https:\/\/www.unipi.it\/en\/about-us\/organisation\/people\/danilo-manca-123454-en\/\" \/>\n<meta property=\"og:site_name\" content=\"UNIPI\" \/>\n<meta property=\"article:publisher\" content=\"https:\/\/www.facebook.com\/unipisaofficial\/\" \/>\n<meta property=\"article:modified_time\" content=\"2026-04-01T02:44:46+00:00\" \/>\n<meta name=\"twitter:card\" content=\"summary_large_image\" \/>\n<script type=\"application\/ld+json\" class=\"yoast-schema-graph\">{\"@context\":\"https:\/\/schema.org\",\"@graph\":[{\"@type\":\"WebPage\",\"@id\":\"https:\/\/www.unipi.it\/en\/about-us\/organisation\/people\/danilo-manca-123454-en\/\",\"url\":\"https:\/\/www.unipi.it\/en\/about-us\/organisation\/people\/danilo-manca-123454-en\/\",\"name\":\"Danilo Manca ~ UNIPI\",\"isPartOf\":{\"@id\":\"https:\/\/www.unipi.it\/en\/#website\"},\"datePublished\":\"2025-05-12T14:13:38+00:00\",\"dateModified\":\"2026-04-01T02:44:46+00:00\",\"breadcrumb\":{\"@id\":\"https:\/\/www.unipi.it\/en\/about-us\/organisation\/people\/danilo-manca-123454-en\/#breadcrumb\"},\"inLanguage\":\"en-US\",\"potentialAction\":[{\"@type\":\"ReadAction\",\"target\":[\"https:\/\/www.unipi.it\/en\/about-us\/organisation\/people\/danilo-manca-123454-en\/\"]}]},{\"@type\":\"BreadcrumbList\",\"@id\":\"https:\/\/www.unipi.it\/en\/about-us\/organisation\/people\/danilo-manca-123454-en\/#breadcrumb\",\"itemListElement\":[{\"@type\":\"ListItem\",\"position\":1,\"name\":\"\",\"item\":\"https:\/\/www.unipi.it\/en\/home\/\"},{\"@type\":\"ListItem\",\"position\":2,\"name\":\"Danilo Manca\"}]},{\"@type\":\"WebSite\",\"@id\":\"https:\/\/www.unipi.it\/en\/#website\",\"url\":\"https:\/\/www.unipi.it\/en\/\",\"name\":\"UNIPI\",\"description\":\"UNIPI\",\"publisher\":{\"@id\":\"https:\/\/www.unipi.it\/en\/#organization\"},\"potentialAction\":[{\"@type\":\"SearchAction\",\"target\":{\"@type\":\"EntryPoint\",\"urlTemplate\":\"https:\/\/www.unipi.it\/en\/?s={search_term_string}\"},\"query-input\":{\"@type\":\"PropertyValueSpecification\",\"valueRequired\":true,\"valueName\":\"search_term_string\"}}],\"inLanguage\":\"en-US\"},{\"@type\":\"Organization\",\"@id\":\"https:\/\/www.unipi.it\/en\/#organization\",\"name\":\"UNIPI\",\"url\":\"https:\/\/www.unipi.it\/en\/\",\"logo\":{\"@type\":\"ImageObject\",\"inLanguage\":\"en-US\",\"@id\":\"https:\/\/www.unipi.it\/en\/#\/schema\/logo\/image\/\",\"url\":\"https:\/\/www.unipi.it\/wp-content\/uploads\/Raggruppa-3020.svg\",\"contentUrl\":\"https:\/\/www.unipi.it\/wp-content\/uploads\/Raggruppa-3020.svg\",\"width\":176,\"height\":64,\"caption\":\"UNIPI\"},\"image\":{\"@id\":\"https:\/\/www.unipi.it\/en\/#\/schema\/logo\/image\/\"},\"sameAs\":[\"https:\/\/www.facebook.com\/unipisaofficial\/\",\"https:\/\/www.instagram.com\/unipisa\/\"]}]}<\/script>\n<!-- \/ Yoast SEO plugin. -->","yoast_head_json":{"title":"Danilo Manca ~ UNIPI","robots":{"index":"index","follow":"follow","max-snippet":"max-snippet:-1","max-image-preview":"max-image-preview:large","max-video-preview":"max-video-preview:-1"},"canonical":"https:\/\/www.unipi.it\/en\/about-us\/organisation\/people\/danilo-manca-123454-en\/","og_locale":"en_US","og_type":"article","og_title":"Danilo Manca ~ UNIPI","og_description":"Ricercatore a tempo determinato L.240\/2010 &#8211; Dipartimento di Civilta&#8217; e Forme del Sapere | Tel.: 050 2215488 &#8211; Email: danilo.manca@unipi.it","og_url":"https:\/\/www.unipi.it\/en\/about-us\/organisation\/people\/danilo-manca-123454-en\/","og_site_name":"UNIPI","article_publisher":"https:\/\/www.facebook.com\/unipisaofficial\/","article_modified_time":"2026-04-01T02:44:46+00:00","twitter_card":"summary_large_image","schema":{"@context":"https:\/\/schema.org","@graph":[{"@type":"WebPage","@id":"https:\/\/www.unipi.it\/en\/about-us\/organisation\/people\/danilo-manca-123454-en\/","url":"https:\/\/www.unipi.it\/en\/about-us\/organisation\/people\/danilo-manca-123454-en\/","name":"Danilo Manca ~ UNIPI","isPartOf":{"@id":"https:\/\/www.unipi.it\/en\/#website"},"datePublished":"2025-05-12T14:13:38+00:00","dateModified":"2026-04-01T02:44:46+00:00","breadcrumb":{"@id":"https:\/\/www.unipi.it\/en\/about-us\/organisation\/people\/danilo-manca-123454-en\/#breadcrumb"},"inLanguage":"en-US","potentialAction":[{"@type":"ReadAction","target":["https:\/\/www.unipi.it\/en\/about-us\/organisation\/people\/danilo-manca-123454-en\/"]}]},{"@type":"BreadcrumbList","@id":"https:\/\/www.unipi.it\/en\/about-us\/organisation\/people\/danilo-manca-123454-en\/#breadcrumb","itemListElement":[{"@type":"ListItem","position":1,"name":"","item":"https:\/\/www.unipi.it\/en\/home\/"},{"@type":"ListItem","position":2,"name":"Danilo Manca"}]},{"@type":"WebSite","@id":"https:\/\/www.unipi.it\/en\/#website","url":"https:\/\/www.unipi.it\/en\/","name":"UNIPI","description":"UNIPI","publisher":{"@id":"https:\/\/www.unipi.it\/en\/#organization"},"potentialAction":[{"@type":"SearchAction","target":{"@type":"EntryPoint","urlTemplate":"https:\/\/www.unipi.it\/en\/?s={search_term_string}"},"query-input":{"@type":"PropertyValueSpecification","valueRequired":true,"valueName":"search_term_string"}}],"inLanguage":"en-US"},{"@type":"Organization","@id":"https:\/\/www.unipi.it\/en\/#organization","name":"UNIPI","url":"https:\/\/www.unipi.it\/en\/","logo":{"@type":"ImageObject","inLanguage":"en-US","@id":"https:\/\/www.unipi.it\/en\/#\/schema\/logo\/image\/","url":"https:\/\/www.unipi.it\/wp-content\/uploads\/Raggruppa-3020.svg","contentUrl":"https:\/\/www.unipi.it\/wp-content\/uploads\/Raggruppa-3020.svg","width":176,"height":64,"caption":"UNIPI"},"image":{"@id":"https:\/\/www.unipi.it\/en\/#\/schema\/logo\/image\/"},"sameAs":["https:\/\/www.facebook.com\/unipisaofficial\/","https:\/\/www.instagram.com\/unipisa\/"]}]}},"_links":{"self":[{"href":"https:\/\/www.unipi.it\/en\/wp-json\/wp\/v2\/unipi_persone\/150613","targetHints":{"allow":["GET"]}}],"collection":[{"href":"https:\/\/www.unipi.it\/en\/wp-json\/wp\/v2\/unipi_persone"}],"about":[{"href":"https:\/\/www.unipi.it\/en\/wp-json\/wp\/v2\/types\/unipi_persone"}],"wp:attachment":[{"href":"https:\/\/www.unipi.it\/en\/wp-json\/wp\/v2\/media?parent=150613"}],"wp:term":[{"taxonomy":"organizzazioni","embeddable":true,"href":"https:\/\/www.unipi.it\/en\/wp-json\/wp\/v2\/organizzazioni?post=150613"}],"curies":[{"name":"wp","href":"https:\/\/api.w.org\/{rel}","templated":true}]}}