{"id":148297,"date":"2025-05-12T14:05:30","date_gmt":"2025-05-12T14:05:30","guid":{"rendered":"https:\/\/www.unipi.it\/ateneo\/organizzazione\/persone\/lisa-gianmoena-127286-en\/"},"modified":"2026-04-01T04:41:07","modified_gmt":"2026-04-01T02:41:07","slug":"lisa-gianmoena-127286-en","status":"publish","type":"unipi_persone","link":"https:\/\/www.unipi.it\/en\/about-us\/organisation\/people\/lisa-gianmoena-127286-en\/","title":{"rendered":"Lisa Gianmoena"},"content":{"rendered":"<p>Professore Associato &#8211; Dipartimento di Economia e Management | Tel.: 050 2216210 &#8211; Email: lisa.gianmoena@unipi.it<\/p>\n","protected":false},"template":"","meta":{"unipi-persone-chiave":"127286","unipi-persone-nome":"Lisa","unipi-persone-cognome":"Gianmoena","unipi-persone-email":"lisa.gianmoena@unipi.it","unipi-persone-cv":"Assistant professor at the University of Pisa.<br \/>\r\nHer current research activity deals with inequality, environmental analysis, European regional policy, economic growth, nonparametric methods and spatial econometrics. She published on international journals her works on convergence on C02 emission, regional macroeconomic volatility and convergence and polarization at provincial\/regional levels. <br \/>\r\nShe is actually part of the research project Project ECO2016-76681-R \u201cAnalisis de la resilienza economica regional, descrentralizaction y desigualidad\u201d supported by the Spanish Ministry of Economy and Competitiveness. <br \/>\r\n<br \/>\r\nPUBLICATIONS:<br \/>\r\n<br \/>\r\n    \u2022 Convergence in CO2 emissions: A Spatial Economic Analysis with Cross-Country Interactions, Environmental Economics, 2018 (with V. Rios), doi:0.1016\/j.eneco.2018.08.009<br \/>\r\n    \u2022 Asymmetric Macroeconomic Volatility in European Regions, 2017 (with D. Fiaschi and<br \/>\r\nA. Parenti), Spatial Economic Analysis, doi:10.1080\/17421772.2017.1276300.<br \/>\r\n    \u2022 Spatial club dynamics in European regions, 2017  (with D. Fiaschi and A. Parenti), Regional Science and Urban Economics, doi: 10.1016\/j.regsciurbeco.2017.04.00.<br \/>\r\n    \u2022 Volatility in European Regions, 2016 (with I. Brunetti, D. Fiaschi and A. Parenti), Papers in Regional Science, doi:10.1111\/pirs.12212.<br \/>\r\n    \u2022  Local Directional Moran Scatter Plot, 2014 (with D. Fiaschi and A. Parenti) Advanced Spatial Econometrics Special Issue of Region et D\u00e9veloppement n 40;<br \/>\r\n    \u2022 The Dynamics of Labour Productivity across Italian Provinces: Convergence and Polarization, 2011 (with D. Fiaschi and A. Parenti), in Rivista Italiana degli Economisti, Vol. 2, July 2011.<br \/>\r\n    \u2022 Spatial Dynamics and Growth Rate Volatility of European, 2014, Ph.D. Thesis.<br \/>\r\n<br \/>\r\nCHAPTERS IN BOOKS<br \/>\r\n- 2017. Modeling the Joint Distribution of Income and Consumption in Italy: a Copula-based Approach with K-generalized Margins, OI:10.1016\/B978-0-12-803834-5.00012-6. pp.191-228. In Introduction to Agent-Based Economics,  ISBN:9780128038345, with F. Clementi<br \/>\r\n- 2017. The Determinants of Regional Resilience in Spain during the Great Depression. pp.229-321.In POLITICA ECONOMICA ECONOMIA REGIONAL Y SERVICIOS - ISBN:8491526455 vol. 1, with V. Rios; B. Iraizoz; M. Rap\u00fan; P. Pascual and Y. Ubago<br \/>\r\n<br \/>\r\nWork in Progress<br \/>\r\n    \u2022 Mis-measurement of inequality: a critical reflection and new insights, (with  F. Clementi, M. Gallegati, S.Landini and J. Stiglitz)   resubmitted after the first round revision  in  Journal of Economic Interaction and Coordination<br \/>\r\n    \u2022 The determinants of resilience in European regions during the Great Recession: a Bayesian model averaging approach (with V. Rios), under revision in Journal of Policy Modeling<br \/>\r\n    \u2022 The Economics of Socially Responsible Investing: A survey (with L. Spataro)<br \/>\r\n    \u2022 The Drivers of Spatial Agglomeration in European Regions (with D. Fiaschi and A. Parenti) <br \/>\r\n    \u2022 The Determinants of Cross-Country Disparities in CO2 per capita Emissions: A Bayesian Model Averaging Approach, (with V. Rios)<br \/>\r\n    \u2022 Spatial Inequality and Civil Conflict in Africa: a Dynamic Spatial Probit apporach (with V.Rios and B. Manotas)<br \/>\r\n<br \/>\r\n<br \/>\r\nAWARDS<br \/>\r\n    \u2022 2016 Giorgio Leonardi Award: best PhD Thesis in Regional Sciences,<br \/>\r\n granted by A.I.S.Re - Italian Association of Regional Science.<br \/>\r\n<br \/>\r\n    \u2022 2016 Juan Ram\u00f3n CuadradoYoung Researcher Award, best paper in Regional Sciences,<br \/>\r\ngranted by the Economic Association of Regional Science (AECR).<br \/>\r\nPaper: Convergence in CO2 emissions? A Spatial Economic Analysis (with V. Rios)<br \/>\r\n<br \/>\r\n    \u2022 2018 e GSSI-AISRe prize for the Best Paper by a Young Researcher,<br \/>\r\ngranted by the GSSI Gran Sasso Social Sciences Institute.<br \/>\r\nPaper: The determinants of resilience in European regions during the Great Recession: a Bayesian model averaging approach (with V. Rios)","unipi-persone-link-esterno-cv":"","unipi-persone-modalita-ricevimento":"\r\n\r\n\r\n\r\n\r\n","unipi-persone-luogo-ricevimento":"Stanza 407 su appuntamento o sulla piattaforma Teams\r\n\r\n\r\n\r\n","unipi-persone-ore-ricevimento":"mercoledi ore 12.00-13.00\r\n\r\n\r\n\r\n","unipi-persone-telefono":"050 2216210","unipi-persone-sitoweb":"","unipi-persone-cariche":"","unipi-persone-link-orario-lezioni":"https:\/\/unipi.prod.up.cineca.it\/calendarioPubblico\/matricola=015733","unipi-persone-link-registro-lezioni":"https:\/\/unimap.unipi.it\/registri\/registri.php?ri=015733&tmplt=principale.tpl","unipi-persone-settore-scientifico":"Economia Politica ECON-01\/A","unipi-persone-ruolo":"Professore Associato","unipi-persone-arpi":"https:\/\/arpi.unipi.it\/cris\/rp\/rp12277","unipi-persone-pubblicazioni":"<ul class=\"pubblicazioni-list\"><li><a href=\"https:\/\/arpi.unipi.it\/handle\/11568\/1288167\" target=\"_blank\" rel=\"noopener noreferrer\">Is social capital a driver of the Green Transition in European Regions?<\/a> <span class=\"pub-details\">(Rios Ibanez, Vicente; Gianmoena, Lisa; Peir\u00f3 Palomino, Jes\u00fas; Picazo-Tadeo, Andr\u00e9s - 2025 - 1.1 Articolo in rivista)<\/span><\/li><li><a href=\"https:\/\/arpi.unipi.it\/handle\/11568\/1288147\" target=\"_blank\" rel=\"noopener noreferrer\">Social trust and the advanced aspects of social progress: Evidence for the European regions<\/a> <span class=\"pub-details\">(Rios, Vicente; Gianmoena, Lisa; Peir\u00f3 Palomino, Jes\u00fas; Andr\u00e9s, Picazo-Tadeo - 2024 - 1.1 Articolo in rivista)<\/span><\/li><li><a href=\"https:\/\/arpi.unipi.it\/handle\/11568\/1242307\" target=\"_blank\" rel=\"noopener noreferrer\">Clearing the smog ceiling: The impact of women&#039;s political empowerment on air quality in European regions<\/a> <span class=\"pub-details\">(Rios Ibanez, V; Gianmoena, L; Izaskun, B.; Pascual, P. - 2024 - 1.1 Articolo in rivista)<\/span><\/li><li><a href=\"https:\/\/arpi.unipi.it\/handle\/11568\/1242506\" target=\"_blank\" rel=\"noopener noreferrer\">Building a Social Progress-Adjusted Indicator of GDP Per Capita for the European Union\u2019s Regions<\/a> <span class=\"pub-details\">(Rios Ibanez, V.; Gianmoena, L.; Picazo-Tadeo, Aj.; Peiro-Palomino, J. - 2023 - 1.1 Articolo in rivista)<\/span><\/li><li><a href=\"https:\/\/arpi.unipi.it\/handle\/11568\/1241383\" target=\"_blank\" rel=\"noopener noreferrer\">Quality of government and Women&#039;s political empowerment: Evidence from the European regions<\/a> <span class=\"pub-details\">(Rios Ibanez, V.; Beltr\u00e1n-esteve, M.; Gianmoena, L.; Peir\u00f3-palomino, J.; Picazo-tadeo, A. J. - 2023 - 1.1 Articolo in rivista)<\/span><\/li><li><a href=\"https:\/\/arpi.unipi.it\/handle\/11568\/1205689\" target=\"_blank\" rel=\"noopener noreferrer\">The diffusion of COVID-19 across Italian provinces: a spatial dynamic panel data approach with common factors<\/a> <span class=\"pub-details\">(Gianmoena, Lisa; Rios, Vicente - 2023 - 1.1 Articolo in rivista)<\/span><\/li><li><a href=\"https:\/\/arpi.unipi.it\/handle\/11568\/1204289\" target=\"_blank\" rel=\"noopener noreferrer\">The Performance of Socially Responsible Investing: A Review<\/a> <span class=\"pub-details\">(Gianmoena, Lisa; Spataro, Luca - 2023 - 2.1 Contributo in volume (Capitolo o Saggio))<\/span><\/li><li><a href=\"https:\/\/arpi.unipi.it\/handle\/11568\/1166317\" target=\"_blank\" rel=\"noopener noreferrer\">La finanza socialmente responsabile nella scienza economica: una rassegna critica<\/a> <span class=\"pub-details\">(Spataro, Luca; Gianmoena, Lisa - 2022 - 2.1 Contributo in volume (Capitolo o Saggio))<\/span><\/li><li><a href=\"https:\/\/arpi.unipi.it\/handle\/11568\/1160254\" target=\"_blank\" rel=\"noopener noreferrer\">On the link between temperature and regional COVID-19 severity: Evidence from Italy<\/a> <span class=\"pub-details\">(RIOS IBANEZ, Vicente; Gianmoena, Lisa - 2021 - 1.1 Articolo in rivista)<\/span><\/li><li><a href=\"https:\/\/arpi.unipi.it\/handle\/11568\/1134808\" target=\"_blank\" rel=\"noopener noreferrer\">The Effect of Case Detection on the Global Dynamics of COVID-19 Mortality: A Cross- Country Analysis<\/a> <span class=\"pub-details\">(Rios, Vicente; Gianmoena, Lisa - 2021 - 2.1 Contributo in volume (Capitolo o Saggio))<\/span><\/li><li><a href=\"https:\/\/arpi.unipi.it\/handle\/11568\/1106814\" target=\"_blank\" rel=\"noopener noreferrer\">On the link between temperatures and regional COVID-19 severity: Evidence from Italy<\/a> <span class=\"pub-details\">(Rios, Vicente; Gianmoena, Lisa - 2021 - 1.1 Articolo in rivista)<\/span><\/li><li><a href=\"https:\/\/arpi.unipi.it\/handle\/11568\/1160263\" target=\"_blank\" rel=\"noopener noreferrer\">The link between quality of government and regional resilience in Europe<\/a> <span class=\"pub-details\">(Rios, Vicente; Gianmoena, Lisa - 2020 - 1.1 Articolo in rivista)<\/span><\/li><li><a href=\"https:\/\/arpi.unipi.it\/handle\/11568\/1035834\" target=\"_blank\" rel=\"noopener noreferrer\">The Link Between Quality of Government and Regional Resilience in Europe<\/a> <span class=\"pub-details\">(Gianmoena, Lisa; Rios, Vicente - 2020 - 1.1 Articolo in rivista)<\/span><\/li><li><a href=\"https:\/\/arpi.unipi.it\/handle\/11568\/997350\" target=\"_blank\" rel=\"noopener noreferrer\">Mis-measurement of inequality: a critical reflection and new insights<\/a> <span class=\"pub-details\">(Clementi, Fabio; Gallegati, Mauro; Gianmoena, Lisa; Landini, Simone; Stiglitz, Joseph E. - 2019 - 1.1 Articolo in rivista)<\/span><\/li><li><a href=\"https:\/\/arpi.unipi.it\/handle\/11568\/938730\" target=\"_blank\" rel=\"noopener noreferrer\">Convergence in CO 2 emissions: A spatial economic analysis with cross-country interactions<\/a> <span class=\"pub-details\">(Gianmoena, Lisa; Rios, Vicente - 2018 - 1.1 Articolo in rivista)<\/span><\/li><\/ul>","unipi-persone-didattica":"<ul class=\"registri-list\"><li>Microeconomia - corso b (cod. 0053P) per Laurea in Economia e commercio<br\/><strong>Insegnamenti condivisi\/mutuati:<\/strong><ul class=\"registri-shared\"><li>Microeconomia (cod. 0053P) - Laurea in Banca, finanza e mercati finanziari<\/li><li>Microeconomia (cod. 0053P) - Laurea in Economia aziendale<\/li><\/ul><\/li><li>Economia internazionale (cod. 053PP) per Laurea in Economia e commercio<\/li><\/ul>","unipi-persone-codocenze":"<h4 class=\"mt-2\">Incarichi di co-docenza in moduli\/insegnamenti<\/h4><ul><li>Economia Politica (Cod. 449PP) per Laurea in Economia e legislazione dei sistemi logistici<\/li><\/ul>","unipi-persone-interessi-ricerca":"I am an Associate Professor of Economics at the University of Pisa (UNIPI), where I teach Microeconomics and International Economics. I hold a PhD in Economics from IMT School for Advanced Studies. My research investigates spatial econometric models and their applications to economic growth, environmental sustainability, social and economic inequality, and the quality of governance.\"","_wpml_word_count":"16","_last_translation_edit_mode":"translation-editor"},"organizzazioni":[3618],"class_list":["post-148297","unipi_persone","type-unipi_persone","status-publish","hentry","organizzazioni-dipartimento-di-economia-e-management-439999-en"],"email":"lisa.gianmoena@unipi.it","telefono":"050 2216210","content_plain":"Professore Associato &#8211; Dipartimento di Economia e Management | Tel.: 050 2216210 &#8211; Email: lisa.gianmoena@unipi.it","photo_url":null,"ruoli_tags":[{"id":759,"name":"PA","slug":"pa"}],"yoast_head":"<!-- This site is optimized with the Yoast SEO plugin v27.0 - https:\/\/yoast.com\/product\/yoast-seo-wordpress\/ -->\n<title>Lisa Gianmoena ~ UNIPI<\/title>\n<meta name=\"robots\" content=\"index, follow, max-snippet:-1, max-image-preview:large, max-video-preview:-1\" \/>\n<link rel=\"canonical\" href=\"https:\/\/www.unipi.it\/en\/about-us\/organisation\/people\/lisa-gianmoena-127286-en\/\" \/>\n<meta property=\"og:locale\" content=\"en_US\" \/>\n<meta property=\"og:type\" content=\"article\" \/>\n<meta property=\"og:title\" content=\"Lisa Gianmoena ~ UNIPI\" \/>\n<meta property=\"og:description\" content=\"Professore Associato &#8211; Dipartimento di Economia e Management | Tel.: 050 2216210 &#8211; Email: lisa.gianmoena@unipi.it\" \/>\n<meta property=\"og:url\" content=\"https:\/\/www.unipi.it\/en\/about-us\/organisation\/people\/lisa-gianmoena-127286-en\/\" \/>\n<meta property=\"og:site_name\" content=\"UNIPI\" \/>\n<meta property=\"article:publisher\" content=\"https:\/\/www.facebook.com\/unipisaofficial\/\" \/>\n<meta property=\"article:modified_time\" content=\"2026-04-01T02:41:07+00:00\" \/>\n<meta name=\"twitter:card\" content=\"summary_large_image\" \/>\n<script type=\"application\/ld+json\" class=\"yoast-schema-graph\">{\"@context\":\"https:\/\/schema.org\",\"@graph\":[{\"@type\":\"WebPage\",\"@id\":\"https:\/\/www.unipi.it\/en\/about-us\/organisation\/people\/lisa-gianmoena-127286-en\/\",\"url\":\"https:\/\/www.unipi.it\/en\/about-us\/organisation\/people\/lisa-gianmoena-127286-en\/\",\"name\":\"Lisa Gianmoena ~ UNIPI\",\"isPartOf\":{\"@id\":\"https:\/\/www.unipi.it\/en\/#website\"},\"datePublished\":\"2025-05-12T14:05:30+00:00\",\"dateModified\":\"2026-04-01T02:41:07+00:00\",\"breadcrumb\":{\"@id\":\"https:\/\/www.unipi.it\/en\/about-us\/organisation\/people\/lisa-gianmoena-127286-en\/#breadcrumb\"},\"inLanguage\":\"en-US\",\"potentialAction\":[{\"@type\":\"ReadAction\",\"target\":[\"https:\/\/www.unipi.it\/en\/about-us\/organisation\/people\/lisa-gianmoena-127286-en\/\"]}]},{\"@type\":\"BreadcrumbList\",\"@id\":\"https:\/\/www.unipi.it\/en\/about-us\/organisation\/people\/lisa-gianmoena-127286-en\/#breadcrumb\",\"itemListElement\":[{\"@type\":\"ListItem\",\"position\":1,\"name\":\"\",\"item\":\"https:\/\/www.unipi.it\/en\/home\/\"},{\"@type\":\"ListItem\",\"position\":2,\"name\":\"Lisa Gianmoena\"}]},{\"@type\":\"WebSite\",\"@id\":\"https:\/\/www.unipi.it\/en\/#website\",\"url\":\"https:\/\/www.unipi.it\/en\/\",\"name\":\"UNIPI\",\"description\":\"UNIPI\",\"publisher\":{\"@id\":\"https:\/\/www.unipi.it\/en\/#organization\"},\"potentialAction\":[{\"@type\":\"SearchAction\",\"target\":{\"@type\":\"EntryPoint\",\"urlTemplate\":\"https:\/\/www.unipi.it\/en\/?s={search_term_string}\"},\"query-input\":{\"@type\":\"PropertyValueSpecification\",\"valueRequired\":true,\"valueName\":\"search_term_string\"}}],\"inLanguage\":\"en-US\"},{\"@type\":\"Organization\",\"@id\":\"https:\/\/www.unipi.it\/en\/#organization\",\"name\":\"UNIPI\",\"url\":\"https:\/\/www.unipi.it\/en\/\",\"logo\":{\"@type\":\"ImageObject\",\"inLanguage\":\"en-US\",\"@id\":\"https:\/\/www.unipi.it\/en\/#\/schema\/logo\/image\/\",\"url\":\"https:\/\/www.unipi.it\/wp-content\/uploads\/Raggruppa-3020.svg\",\"contentUrl\":\"https:\/\/www.unipi.it\/wp-content\/uploads\/Raggruppa-3020.svg\",\"width\":176,\"height\":64,\"caption\":\"UNIPI\"},\"image\":{\"@id\":\"https:\/\/www.unipi.it\/en\/#\/schema\/logo\/image\/\"},\"sameAs\":[\"https:\/\/www.facebook.com\/unipisaofficial\/\",\"https:\/\/www.instagram.com\/unipisa\/\"]}]}<\/script>\n<!-- \/ Yoast SEO plugin. -->","yoast_head_json":{"title":"Lisa Gianmoena ~ UNIPI","robots":{"index":"index","follow":"follow","max-snippet":"max-snippet:-1","max-image-preview":"max-image-preview:large","max-video-preview":"max-video-preview:-1"},"canonical":"https:\/\/www.unipi.it\/en\/about-us\/organisation\/people\/lisa-gianmoena-127286-en\/","og_locale":"en_US","og_type":"article","og_title":"Lisa Gianmoena ~ UNIPI","og_description":"Professore Associato &#8211; Dipartimento di Economia e Management | Tel.: 050 2216210 &#8211; Email: lisa.gianmoena@unipi.it","og_url":"https:\/\/www.unipi.it\/en\/about-us\/organisation\/people\/lisa-gianmoena-127286-en\/","og_site_name":"UNIPI","article_publisher":"https:\/\/www.facebook.com\/unipisaofficial\/","article_modified_time":"2026-04-01T02:41:07+00:00","twitter_card":"summary_large_image","schema":{"@context":"https:\/\/schema.org","@graph":[{"@type":"WebPage","@id":"https:\/\/www.unipi.it\/en\/about-us\/organisation\/people\/lisa-gianmoena-127286-en\/","url":"https:\/\/www.unipi.it\/en\/about-us\/organisation\/people\/lisa-gianmoena-127286-en\/","name":"Lisa Gianmoena ~ UNIPI","isPartOf":{"@id":"https:\/\/www.unipi.it\/en\/#website"},"datePublished":"2025-05-12T14:05:30+00:00","dateModified":"2026-04-01T02:41:07+00:00","breadcrumb":{"@id":"https:\/\/www.unipi.it\/en\/about-us\/organisation\/people\/lisa-gianmoena-127286-en\/#breadcrumb"},"inLanguage":"en-US","potentialAction":[{"@type":"ReadAction","target":["https:\/\/www.unipi.it\/en\/about-us\/organisation\/people\/lisa-gianmoena-127286-en\/"]}]},{"@type":"BreadcrumbList","@id":"https:\/\/www.unipi.it\/en\/about-us\/organisation\/people\/lisa-gianmoena-127286-en\/#breadcrumb","itemListElement":[{"@type":"ListItem","position":1,"name":"","item":"https:\/\/www.unipi.it\/en\/home\/"},{"@type":"ListItem","position":2,"name":"Lisa Gianmoena"}]},{"@type":"WebSite","@id":"https:\/\/www.unipi.it\/en\/#website","url":"https:\/\/www.unipi.it\/en\/","name":"UNIPI","description":"UNIPI","publisher":{"@id":"https:\/\/www.unipi.it\/en\/#organization"},"potentialAction":[{"@type":"SearchAction","target":{"@type":"EntryPoint","urlTemplate":"https:\/\/www.unipi.it\/en\/?s={search_term_string}"},"query-input":{"@type":"PropertyValueSpecification","valueRequired":true,"valueName":"search_term_string"}}],"inLanguage":"en-US"},{"@type":"Organization","@id":"https:\/\/www.unipi.it\/en\/#organization","name":"UNIPI","url":"https:\/\/www.unipi.it\/en\/","logo":{"@type":"ImageObject","inLanguage":"en-US","@id":"https:\/\/www.unipi.it\/en\/#\/schema\/logo\/image\/","url":"https:\/\/www.unipi.it\/wp-content\/uploads\/Raggruppa-3020.svg","contentUrl":"https:\/\/www.unipi.it\/wp-content\/uploads\/Raggruppa-3020.svg","width":176,"height":64,"caption":"UNIPI"},"image":{"@id":"https:\/\/www.unipi.it\/en\/#\/schema\/logo\/image\/"},"sameAs":["https:\/\/www.facebook.com\/unipisaofficial\/","https:\/\/www.instagram.com\/unipisa\/"]}]}},"_links":{"self":[{"href":"https:\/\/www.unipi.it\/en\/wp-json\/wp\/v2\/unipi_persone\/148297","targetHints":{"allow":["GET"]}}],"collection":[{"href":"https:\/\/www.unipi.it\/en\/wp-json\/wp\/v2\/unipi_persone"}],"about":[{"href":"https:\/\/www.unipi.it\/en\/wp-json\/wp\/v2\/types\/unipi_persone"}],"wp:attachment":[{"href":"https:\/\/www.unipi.it\/en\/wp-json\/wp\/v2\/media?parent=148297"}],"wp:term":[{"taxonomy":"organizzazioni","embeddable":true,"href":"https:\/\/www.unipi.it\/en\/wp-json\/wp\/v2\/organizzazioni?post=148297"}],"curies":[{"name":"wp","href":"https:\/\/api.w.org\/{rel}","templated":true}]}}