{"id":147939,"date":"2025-05-12T14:03:59","date_gmt":"2025-05-12T14:03:59","guid":{"rendered":"https:\/\/www.unipi.it\/ateneo\/organizzazione\/persone\/alberto-gargani-307-en\/"},"modified":"2026-04-01T04:40:42","modified_gmt":"2026-04-01T02:40:42","slug":"alberto-gargani-307-en","status":"publish","type":"unipi_persone","link":"https:\/\/www.unipi.it\/en\/about-us\/organisation\/people\/alberto-gargani-307-en\/","title":{"rendered":"Alberto Gargani"},"content":{"rendered":"<p>Professore Ordinario &#8211; Dipartimento di Giurisprudenza | Tel.: 050 2218861 &#8211; Email: alberto.gargani@unipi.it<\/p>\n","protected":false},"template":"","meta":{"unipi-persone-chiave":"307","unipi-persone-nome":"Alberto","unipi-persone-cognome":"Gargani","unipi-persone-email":"alberto.gargani@unipi.it","unipi-persone-cv":"Nato ad Oxford (Regno Unito), ha conseguito il diploma di maturit\u00e0 classica nel Liceo Classico \"G. Galilei\" di Pisa (votazione: 60\/60); la laurea in diritto penale nella Facolt\u00e0 di Giurisprudenza dell'Universit\u00e0 di Pisa (relatore Prof. Tullio Padovani; votazione: 110\/110 e lode); il diploma di perfezionamento in diritto penale (dottorato di ricerca) nella Scuola Sant'Anna di Pisa (relatore Prof. Tullio Padovani; votazione: 100\/100 e lode). <br \/>\r\n<br \/>\r\nHa effettuato soggiorni di ricerca presso il \"Max Planck Institut\" di Friburgo in Br. (1990; 1993) e presso l'Universit\u00e0 \"Ludwig Maximilian\" di Monaco di Baviera (1991; 1992; 1999). <br \/>\r\n<br \/>\r\nGi\u00e0 ricercatore di diritto penale nella  Facolt\u00e0 di Giurisprudenza dell'Universit\u00e0 di Pisa (19.11.1998), professore associato (1.5.2001); professore straordinario (1.7.2006); dall'1.7.2009 \u00e8 professore ordinario di diritto penale presso il Dipartimento di Giurisprudenza dell'Universit\u00e0 degli Studi di Pisa.<br \/>\r\n<br \/>\r\nPresenta centotrentanove pubblicazioni scientifiche, tra cui tre monografie -\"Dal corpus delicti al Tatbestand. Le origini della tipicit\u00e0 penale\" (1997) e \"Il danno qualificato dal pericolo. Profili sistematici e politico-criminali dei delitti contro l'incolumit\u00e0 pubblica\" (2005), \"Impedimento plurisoggettivo dell'offesa. Profili sistematici del concorso omissivo nelle organizzazioni complesse\" (2022) e due volumi di trattato di diritto penale sui reati di pericolo comune. Tra le curatele:  Il diritto penale militare tra passato e futuro,Torino, 2009;  Reati contro la salute e la dignit\u00e0 del lavoratore, Torino,2012; Illeciti punitivi in materia agro-alimentare, Torino, 2021.<br \/>\r\n<br \/>\r\nHa partecipato come relatore a molteplici convegni, tra cui i congressi internazionali di Coimbra 1992, Bilbao 1993, Valencia 2018, Innsbruck 2022; nell\u2019ottobre del 2005 ha svolto un ciclo di lezioni di diritto penale presso l\u2019Universit\u00e0 di Lovanio L.N. (Belgio), nel quadro della mobilit\u00e0 docenti \u201cErasmus\u201d.<br \/>\r\n<br \/>\r\nE\u2019 condirettore della rivista \u201cLa legislazione penale\u201d,membro della direzione scientifica della \"Rivista trimestrale di diritto penale dell'economia\", del Comitato dei referee di \"Diritto penale e processo\", \u201cGiurisprudenza Italiana\", \"Rivista italiana di diritto e procedura penale\" e \"Studium Juris\"; del Comitato scientifico delle riviste \"DisCrimen\", \"Rivista trimestrale di diritto penale dell'ambiente\", \"Sistema penale\", \"Penale. Diritto e procedura\" e della Fondazione Scuola Forense \"Alto Tirreno\".<br \/>\r\n<br \/>\r\nE' stato membro delle Commissione ministeriali per la revisione dell'apparato sanzionatorio (2013) e per la depenalizzazione (2014), presiedute dal Prof. F. Palazzo e della Commissione ministeriale per la riforma dei reati agroalimentari, presieduta dal Dott. G.Caselli (2015).<br \/>\r\n<br \/>\r\nGi\u00e0 vice-presidente del Corso di laurea in Scienze giuridiche, Direttore della Scuola di Specializzazione per le professioni legali dell'Universit\u00e0 di Pisa e membro del Consiglio Direttivo di tale Scuola; \u00e8 docente nei Master \u201cInternet Ecosystem\u201d, \"Diritto della famiglia\" e \"Giurista dell'economia\" (Univ. di Pisa) e \"Diritto penitenziario e Costituzione\" (Roma Tre). <br \/>\r\nDal 5.11.2018 al 31.10.2021 \u00e8 stato membro interno del Consiglio di Amministrazione dell'Universit\u00e0 di Pisa.<br \/>\r\n<br \/>\r\nNel novembre 2021  \u00e8 stato eletto membro del Consiglio Direttivo dell'Associazione italiana dei professori di diritto penale; nel dicembre 2023 \u00e8 stato nominato membro della Commissione A.S.N. (Diritto penale) 2023-25.<br \/>\r\n<br \/>\r\nNel 1988 ha conseguito il premio di studio \"Giovanni Spitali\"; il 12 aprile 2019 \u00e8 stato insignito dell'onorificenza del Cherubino.<br \/>\r\n<br \/>\r\nHa esercitato la professione forense (1992-1998); ha adempiuto agli obblighi di leva come di ufficiale di complemento nell'Esercito (Corpo degli Alpini, Brigata Tridentina, Bressanone, BZ).","unipi-persone-link-esterno-cv":"","unipi-persone-modalita-ricevimento":"\r\n\r\n\r\n\r\n\r\n\r\n\r\n\r\n\r\n\r\n\r\n\r\n\r\n\r\n\r\n\r\n\r\n\r\n\r\n\r\n\r\n\r\n\r\n\r\n\r\n\r\n\r\n\r\n\r\n\r\n\r\n\r\n\r\n\r\n\r\n\r\n\r\n\r\n\r\n\r\n\r\n\r\n\r\n\r\n\r\n\r\n\r\n\r\n\r\n\r\n\r\n\r\n\r\n\r\n\r\n\r\n\r\n\r\n\r\n\r\n\r\n\r\n\r\n\r\n\r\n\r\n\r\n\r\n\r\n\r\n\r\n\r\n\r\n\r\n\r\n\r\n\r\n\r\n\r\n\r\n\r\n\r\n\r\n\r\n\r\n\r\n\r\n\r\n\r\n\r\n\r\n\r\n\r\n\r\n\r\n\r\n\r\n\r\n\r\n\r\n\r\n\r\n\r\n\r\n\r\n\r\n\r\n\r\n\r\n\r\n\r\n\r\n\r\n\r\n\r\n\r\n\r\n\r\n\r\n\r\n\r\n\r\n\r\n\r\n\r\n\r\n\r\n\r\n\r\n\r\n\r\n\r\n\r\n\r\n\r\n\r\n\r\n\r\n\r\n\r\n\r\n\r\n\r\n\r\n\r\n\r\n\r\n\r\n\r\n\r\n\r\n\r\n\r\n\r\n\r\n\r\n\r\n\r\n\r\n\r\n\r\n\r\n\r\n\r\n\r\n\r\n\r\n\r\n\r\n\r\n\r\n\r\n\r\n\r\n\r\n\r\n\r\n\r\n\r\n\r\n\r\n\r\n\r\n\r\n\r\n\r\n\r\n\r\n\r\n\r\n\r\n\r\n\r\n\r\n\r\n\r\n\r\n\r\n\r\n\r\n\r\n\r\n\r\n\r\n\r\n\r\n\r\n\r\n\r\n\r\n\r\n\r\n\r\n\r\n\r\n\r\n\r\n\r\n\r\n\r\n\r\n\r\n\r\n\r\n\r\n\r\n\r\n\r\n\r\n\r\n\r\n\r\n\r\n\r\n\r\n\r\n\r\n\r\n\r\n\r\n\r\n\r\n\r\n\r\n\r\n\r\n\r\n\r\n\r\n\r\n\r\n\r\n\r\n\r\n\r\n\r\n\r\n\r\n\r\n\r\n\r\n\r\n\r\n\r\n\r\n\r\n\r\n\r\n\r\n\r\n\r\n\r\n\r\n\r\n\r\n\r\n\r\n\r\n\r\n\r\n\r\n\r\n\r\n\r\n\r\n\r\n\r\n\r\n\r\n\r\n\r\n\r\n\r\n\r\n\r\n\r\n\r\n\r\n\r\n\r\n\r\n\r\n\r\n\r\n\r\n\r\n\r\n\r\n\r\n\r\n\r\n\r\n\r\n\r\n\r\n\r\n\r\n\r\n\r\n\r\n\r\n\r\n\r\n\r\n\r\n\r\n\r\n\r\n\r\n\r\n\r\n\r\n\r\n\r\n\r\n\r\n\r\n\r\n\r\n\r\n\r\n\r\n\r\n\r\n\r\n\r\n\r\n\r\n\r\n\r\n\r\n\r\n\r\n\r\n\r\n\r\n\r\n\r\n\r\n\r\n\r\n\r\n\r\n\r\n\r\n\r\n\r\n\r\n\r\n\r\n\r\n\r\n\r\n\r\n\r\n\r\n\r\n\r\n\r\n\r\n\r\n\r\n\r\n\r\n\r\n\r\n\r\n\r\n\r\n\r\n\r\n\r\n\r\n\r\n\r\n\r\n\r\n\r\n\r\n\r\n\r\n\r\n\r\n\r\n\r\n","unipi-persone-luogo-ricevimento":"\r\n\r\n\r\n\r\n\r\n\r\n\r\n\r\n\r\n\r\n\r\n\r\n\r\n\r\n\r\n\r\n\r\n\r\n\r\n\r\n\r\n\r\n\r\n\r\n\r\n\r\n\r\n\r\n\r\n\r\n\r\n\r\n\r\n\r\n\r\n\r\n\r\n\r\n\r\n\r\n\r\n\r\n\r\n\r\n\r\n\r\n\r\n\r\n\r\n\r\n\r\n\r\n\r\n\r\n\r\n\r\n\r\n\r\n\r\n\r\n\r\n\r\n\r\n\r\n\r\n\r\n\r\n\r\n\r\n\r\n\r\n\r\n\r\n\r\n\r\n\r\n\r\n\r\n\r\n\r\n\r\n\r\n\r\n\r\n\r\n\r\n\r\n\r\n\r\n\r\n\r\n\r\n\r\n\r\n\r\n\r\n\r\n\r\n\r\n\r\n\r\n\r\n\r\n\r\n\r\n\r\n\r\n\r\n\r\n\r\n\r\n\r\n\r\n\r\n\r\n\r\n\r\n\r\n\r\n\r\n\r\n\r\n\r\n\r\n\r\n\r\n\r\n\r\n\r\n\r\n\r\n\r\n\r\n\r\n\r\n\r\n\r\n\r\n\r\n\r\n\r\n\r\n\r\n\r\n\r\n\r\n\r\n\r\n\r\n\r\n\r\n\r\n\r\n\r\n\r\n\r\n\r\n\r\n\r\n\r\n\r\n\r\n\r\n\r\n\r\n\r\n\r\n\r\n\r\n\r\n\r\n\r\n\r\n\r\n\r\n\r\n\r\n\r\n\r\n\r\n\r\n\r\n\r\n\r\n\r\n\r\n\r\n\r\n\r\n\r\n\r\n\r\n\r\n\r\n\r\n\r\n\r\n\r\n\r\n\r\n\r\n\r\n\r\n\r\n\r\n\r\n\r\n\r\n\r\n\r\n\r\n\r\n\r\n\r\n\r\n\r\n\r\n\r\n\r\n\r\n\r\n\r\n\r\n\r\n\r\n\r\n\r\n\r\n\r\n\r\n\r\n\r\n\r\n\r\n\r\n\r\n\r\n\r\n\r\n\r\n\r\n\r\n\r\n\r\n\r\n\r\n\r\n\r\n\r\n\r\n\r\n\r\n\r\n\r\n\r\n\r\n\r\n\r\n\r\n\r\n\r\n\r\n\r\n\r\n\r\n\r\n\r\n\r\n\r\n\r\n\r\n\r\n\r\n\r\n\r\n\r\n\r\n\r\n\r\n\r\n\r\n\r\n\r\n\r\n\r\n\r\n\r\n\r\n\r\n\r\n\r\n\r\n\r\n\r\n\r\n\r\n\r\n\r\n\r\n\r\n\r\n\r\n\r\n\r\n\r\n\r\n\r\n\r\n\r\n\r\n\r\n\r\n\r\n\r\n\r\n\r\n\r\n\r\n\r\n\r\n\r\n\r\n\r\n\r\n\r\n\r\n\r\n\r\n\r\n\r\n","unipi-persone-ore-ricevimento":"A partire dal 16 febbraio 2026, il ricevimento sar\u00e0 effettuato ogni marted\u00ec, alle ore 14.45, in Dipartimento, Piazza dei Cavalieri, n.2, primo piano.\r\n\r\nA partire dal 16 febbraio 2026, il  servizio di tutorato sar\u00e0 effettuato ogni marted\u00ec, alle ore 14.00, in Dipartimento, Piazza dei Cavalieri, n.2, primo piano.  \r\n\r\n\r\n\r\n\r\n\r\n\r\n\r\n\r\n\r\n\r\n\r\n\r\n\r\n\r\n\r\n\r\n\r\n\r\n\r\n\r\n\r\n\r\n\r\n\r\n\r\n\r\n\r\n\r\n\r\n\r\n\r\n\r\n\r\n\r\n\r\n\r\n\r\n\r\n\r\n\r\n\r\n\r\n\r\n\r\n\r\n\r\n\r\n\r\n\r\n\r\n\r\n\r\n\r\n\r\n\r\n\r\n\r\n\r\n\r\n\r\n\r\n\r\n\r\n\r\n\r\n\r\n\r\n\r\n\r\n\r\n\r\n\r\n\r\n\r\n\r\n\r\n\r\n\r\n\r\n\r\n\r\n\r\n\r\n\r\n\r\n\r\n\r\n\r\n\r\n\r\n\r\n\r\n\r\n\r\n\r\n\r\n\r\n\r\n\r\n\r\n\r\n\r\n\r\n\r\n\r\n\r\n\r\n\r\n\r\n\r\n\r\n\r\n\r\n\r\n\r\n\r\n\r\n\r\n\r\n\r\n\r\n\r\n\r\n\r\n\r\n\r\n\r\n\r\n\r\n\r\n\r\n\r\n\r\n\r\n\r\n\r\n\r\n\r\n\r\n\r\n\r\n\r\n\r\n\r\n\r\n\r\n\r\n\r\n\r\n\r\n\r\n\r\n\r\n\r\n\r\n\r\n\r\n","unipi-persone-telefono":"050 2218861","unipi-persone-sitoweb":"www.jus.unipi.it","unipi-persone-cariche":"","unipi-persone-link-orario-lezioni":"https:\/\/unipi.prod.up.cineca.it\/calendarioPubblico\/matricola=009202","unipi-persone-link-registro-lezioni":"https:\/\/unimap.unipi.it\/registri\/registri.php?ri=009202&tmplt=principale.tpl","unipi-persone-settore-scientifico":"Diritto Penale GIUR-14\/A","unipi-persone-ruolo":"Professore Ordinario","unipi-persone-arpi":"https:\/\/arpi.unipi.it\/cris\/rp\/rp00814","unipi-persone-pubblicazioni":"<ul class=\"pubblicazioni-list\"><li><a href=\"https:\/\/arpi.unipi.it\/handle\/11568\/1352707\" target=\"_blank\" rel=\"noopener noreferrer\">Eccesso preterintenzionale. Il superamento doloso dei limiti scriminanti qualificato da difetto di volont\u00e0 dell\u2019evento.<\/a> <span class=\"pub-details\">(Gargani, Alberto - 2026 - 1.1 Articolo in rivista)<\/span><\/li><li><a href=\"https:\/\/arpi.unipi.it\/handle\/11568\/1343109\" target=\"_blank\" rel=\"noopener noreferrer\">PROFILI FENOMENOLOGICI DEL \u201cDOGMA CAUSALE\u201d: INVOLUZIONI APPLICATIVE E PROBLEMATICHE PROIEZIONI \u2018ESTERNE\u2019 DEL METODO \u201cFRANZESE\u201d<\/a> <span class=\"pub-details\">(Gargani, A. - 2026 - 1.1 Articolo in rivista)<\/span><\/li><li><a href=\"https:\/\/arpi.unipi.it\/handle\/11568\/1332027\" target=\"_blank\" rel=\"noopener noreferrer\">Profili di responsabilit\u00e0 penale degli operatori di protezione civile: obblighi di garanzia e omesso impedimento di eventi calamitosi<\/a> <span class=\"pub-details\">(Gargani, Alberto - 2025 - 2.1 Contributo in volume (Capitolo o Saggio))<\/span><\/li><li><a href=\"https:\/\/arpi.unipi.it\/handle\/11568\/1331994\" target=\"_blank\" rel=\"noopener noreferrer\">DISASTRO INNOMINATO AVULSO DALL\u2019EVENTO DI DANNO? PROFILI DI\r\nQUALIFICAZIONE GIURIDICO-PENALE DELL\u2019INCIDENTE DEL VIADOTTO\r\n\u201cACQUALONGA\u201d<\/a> <span class=\"pub-details\">(Gargani, Alberto - 2025 - 1.4 Nota a sentenza)<\/span><\/li><li><a href=\"https:\/\/arpi.unipi.it\/handle\/11568\/1324012\" target=\"_blank\" rel=\"noopener noreferrer\">La recidiva nell\u2019indagine di Giacomo Matteotti, tra passato e presente<\/a> <span class=\"pub-details\">(Gargani, Alberto - 2025 - 1.1 Articolo in rivista)<\/span><\/li><li><a href=\"https:\/\/arpi.unipi.it\/handle\/11568\/1313067\" target=\"_blank\" rel=\"noopener noreferrer\">DISASTRO FERROVIARIO COLPOSO IN CASO DI CONVOGLIO ADIBITO A\r\nTRASPORTO DI COSE: ASPETTI PROBLEMATICI E DISCIPLINA<\/a> <span class=\"pub-details\">(Gargani, A. - 2025 - 1.4 Nota a sentenza)<\/span><\/li><li><a href=\"https:\/\/arpi.unipi.it\/handle\/11568\/1273407\" target=\"_blank\" rel=\"noopener noreferrer\">Il disastro innominato. La tutela penale contro i disastri ambientali e sanitari.<\/a> <span class=\"pub-details\">(Gargani, A. - 2024 - 2.1 Contributo in volume (Capitolo o Saggio))<\/span><\/li><li><a href=\"https:\/\/arpi.unipi.it\/handle\/11568\/1258847\" target=\"_blank\" rel=\"noopener noreferrer\">Tecniche di tutela penale della salute pubblica: il settore dei prodotti sanitari<\/a> <span class=\"pub-details\">(Gargani, A. - 2024 - 1.1 Articolo in rivista)<\/span><\/li><li><a href=\"https:\/\/arpi.unipi.it\/handle\/11568\/1231967\" target=\"_blank\" rel=\"noopener noreferrer\">Tra legge penale e saperi psichiatrici: osservazioni sull\u2019infermit\u00e0 mentale quale causa di esclusione dell\u2019imputabilit\u00e0<\/a> <span class=\"pub-details\">(Gargani, Alberto - 2024 - 2.1 Contributo in volume (Capitolo o Saggio))<\/span><\/li><li><a href=\"https:\/\/arpi.unipi.it\/handle\/11568\/1225787\" target=\"_blank\" rel=\"noopener noreferrer\">La \u201cprogressione criminosa\u201d tra corruzione funzionale e corruzione propria: criticit\u00e0<\/a> <span class=\"pub-details\">(Gargani, Alberto - 2024 - 1.4 Nota a sentenza)<\/span><\/li><li><a href=\"https:\/\/arpi.unipi.it\/handle\/11568\/1210767\" target=\"_blank\" rel=\"noopener noreferrer\">&quot;Pene sostitutive&quot; e misure alternative alla detenzione: criticit\u00e0 e ineffettivit\u00e0 del nuovo assetto legislativo<\/a> <span class=\"pub-details\">(Gargani, Alberto - 2023 - 1.1 Articolo in rivista)<\/span><\/li><li><a href=\"https:\/\/arpi.unipi.it\/handle\/11568\/1196428\" target=\"_blank\" rel=\"noopener noreferrer\">Le \u201cpene sostitutive\u201d tra finalit\u00e0 rieducative, istanze deflattive e rischio di ineffettivit\u00e0<\/a> <span class=\"pub-details\">(Gargani, Alberto - 2023 - 2.1 Contributo in volume (Capitolo o Saggio))<\/span><\/li><li><a href=\"https:\/\/arpi.unipi.it\/handle\/11568\/1196427\" target=\"_blank\" rel=\"noopener noreferrer\">Attivit\u00e0 sportive in montagna tra pericoli naturali, gestione del rischio e responsabilit\u00e0 penale<\/a> <span class=\"pub-details\">(Gargani, Alberto - 2023 - 1.1 Articolo in rivista)<\/span><\/li><li><a href=\"https:\/\/arpi.unipi.it\/handle\/11568\/1194847\" target=\"_blank\" rel=\"noopener noreferrer\">Emergenza \u201cCovid-19\u201d e \u201crischio penale\u201d: osservazioni sull\u2019applicabilit\u00e0 della fattispecie di epidemia colposa<\/a> <span class=\"pub-details\">(Gargani, Alberto - 2023 - 1.1 Articolo in rivista)<\/span><\/li><li><a href=\"https:\/\/arpi.unipi.it\/handle\/11568\/1167605\" target=\"_blank\" rel=\"noopener noreferrer\">Le &quot;nuove&quot; pene sostitutive<\/a> <span class=\"pub-details\">(Gargani, Alberto - 2023 - 1.1 Articolo in rivista)<\/span><\/li><\/ul>","unipi-persone-didattica":"<ul class=\"registri-list\"><li>Diritto penale i - corso b (modulo dell'insegnamento diritto penale i e ii cod. 484nn) per Laurea Magistrale Ciclo Unico 5 anni in Giurisprudenza<\/li><\/ul>","unipi-persone-codocenze":"<h4 class=\"mt-2\">Incarichi di co-docenza in moduli\/insegnamenti<\/h4><ul><li>Diritto Penale degli Enti e delle Nuove Tecnologie (Cod. 414NN) per Laurea Magistrale in Diritto dell&#039;innovazione per l&#039;impresa e le istituzioni<\/li><\/ul>","unipi-persone-interessi-ricerca":"","_wpml_word_count":"15","_last_translation_edit_mode":"translation-editor","_elementor_page_assets":[]},"organizzazioni":[3658],"class_list":["post-147939","unipi_persone","type-unipi_persone","status-publish","hentry","organizzazioni-dipartimento-di-giurisprudenza-479999-en"],"email":"alberto.gargani@unipi.it","telefono":"050 2218861","content_plain":"Professore Ordinario &#8211; Dipartimento di Giurisprudenza | Tel.: 050 2218861 &#8211; Email: alberto.gargani@unipi.it","photo_url":"https:\/\/www.unipi.it\/fotopersonale\/307.jpg","ruoli_tags":[{"id":748,"name":"PO","slug":"po"}],"yoast_head":"<!-- This site is optimized with the Yoast SEO plugin v27.0 - https:\/\/yoast.com\/product\/yoast-seo-wordpress\/ -->\n<title>Alberto Gargani ~ UNIPI<\/title>\n<meta name=\"robots\" content=\"index, follow, max-snippet:-1, max-image-preview:large, max-video-preview:-1\" \/>\n<link rel=\"canonical\" href=\"https:\/\/www.unipi.it\/en\/about-us\/organisation\/people\/alberto-gargani-307-en\/\" \/>\n<meta property=\"og:locale\" content=\"en_US\" \/>\n<meta property=\"og:type\" content=\"article\" \/>\n<meta property=\"og:title\" content=\"Alberto Gargani ~ UNIPI\" \/>\n<meta property=\"og:description\" content=\"Professore Ordinario &#8211; Dipartimento di Giurisprudenza | Tel.: 050 2218861 &#8211; Email: alberto.gargani@unipi.it\" \/>\n<meta property=\"og:url\" content=\"https:\/\/www.unipi.it\/en\/about-us\/organisation\/people\/alberto-gargani-307-en\/\" \/>\n<meta property=\"og:site_name\" content=\"UNIPI\" \/>\n<meta property=\"article:publisher\" content=\"https:\/\/www.facebook.com\/unipisaofficial\/\" \/>\n<meta property=\"article:modified_time\" content=\"2026-04-01T02:40:42+00:00\" \/>\n<meta name=\"twitter:card\" content=\"summary_large_image\" \/>\n<script type=\"application\/ld+json\" class=\"yoast-schema-graph\">{\"@context\":\"https:\/\/schema.org\",\"@graph\":[{\"@type\":\"WebPage\",\"@id\":\"https:\/\/www.unipi.it\/en\/about-us\/organisation\/people\/alberto-gargani-307-en\/\",\"url\":\"https:\/\/www.unipi.it\/en\/about-us\/organisation\/people\/alberto-gargani-307-en\/\",\"name\":\"Alberto Gargani ~ UNIPI\",\"isPartOf\":{\"@id\":\"https:\/\/www.unipi.it\/en\/#website\"},\"datePublished\":\"2025-05-12T14:03:59+00:00\",\"dateModified\":\"2026-04-01T02:40:42+00:00\",\"breadcrumb\":{\"@id\":\"https:\/\/www.unipi.it\/en\/about-us\/organisation\/people\/alberto-gargani-307-en\/#breadcrumb\"},\"inLanguage\":\"en-US\",\"potentialAction\":[{\"@type\":\"ReadAction\",\"target\":[\"https:\/\/www.unipi.it\/en\/about-us\/organisation\/people\/alberto-gargani-307-en\/\"]}]},{\"@type\":\"BreadcrumbList\",\"@id\":\"https:\/\/www.unipi.it\/en\/about-us\/organisation\/people\/alberto-gargani-307-en\/#breadcrumb\",\"itemListElement\":[{\"@type\":\"ListItem\",\"position\":1,\"name\":\"\",\"item\":\"https:\/\/www.unipi.it\/en\/home\/\"},{\"@type\":\"ListItem\",\"position\":2,\"name\":\"Alberto Gargani\"}]},{\"@type\":\"WebSite\",\"@id\":\"https:\/\/www.unipi.it\/en\/#website\",\"url\":\"https:\/\/www.unipi.it\/en\/\",\"name\":\"UNIPI\",\"description\":\"UNIPI\",\"publisher\":{\"@id\":\"https:\/\/www.unipi.it\/en\/#organization\"},\"potentialAction\":[{\"@type\":\"SearchAction\",\"target\":{\"@type\":\"EntryPoint\",\"urlTemplate\":\"https:\/\/www.unipi.it\/en\/?s={search_term_string}\"},\"query-input\":{\"@type\":\"PropertyValueSpecification\",\"valueRequired\":true,\"valueName\":\"search_term_string\"}}],\"inLanguage\":\"en-US\"},{\"@type\":\"Organization\",\"@id\":\"https:\/\/www.unipi.it\/en\/#organization\",\"name\":\"UNIPI\",\"url\":\"https:\/\/www.unipi.it\/en\/\",\"logo\":{\"@type\":\"ImageObject\",\"inLanguage\":\"en-US\",\"@id\":\"https:\/\/www.unipi.it\/en\/#\/schema\/logo\/image\/\",\"url\":\"https:\/\/www.unipi.it\/wp-content\/uploads\/Raggruppa-3020.svg\",\"contentUrl\":\"https:\/\/www.unipi.it\/wp-content\/uploads\/Raggruppa-3020.svg\",\"width\":176,\"height\":64,\"caption\":\"UNIPI\"},\"image\":{\"@id\":\"https:\/\/www.unipi.it\/en\/#\/schema\/logo\/image\/\"},\"sameAs\":[\"https:\/\/www.facebook.com\/unipisaofficial\/\",\"https:\/\/www.instagram.com\/unipisa\/\"]}]}<\/script>\n<!-- \/ Yoast SEO plugin. -->","yoast_head_json":{"title":"Alberto Gargani ~ UNIPI","robots":{"index":"index","follow":"follow","max-snippet":"max-snippet:-1","max-image-preview":"max-image-preview:large","max-video-preview":"max-video-preview:-1"},"canonical":"https:\/\/www.unipi.it\/en\/about-us\/organisation\/people\/alberto-gargani-307-en\/","og_locale":"en_US","og_type":"article","og_title":"Alberto Gargani ~ UNIPI","og_description":"Professore Ordinario &#8211; Dipartimento di Giurisprudenza | Tel.: 050 2218861 &#8211; Email: alberto.gargani@unipi.it","og_url":"https:\/\/www.unipi.it\/en\/about-us\/organisation\/people\/alberto-gargani-307-en\/","og_site_name":"UNIPI","article_publisher":"https:\/\/www.facebook.com\/unipisaofficial\/","article_modified_time":"2026-04-01T02:40:42+00:00","twitter_card":"summary_large_image","schema":{"@context":"https:\/\/schema.org","@graph":[{"@type":"WebPage","@id":"https:\/\/www.unipi.it\/en\/about-us\/organisation\/people\/alberto-gargani-307-en\/","url":"https:\/\/www.unipi.it\/en\/about-us\/organisation\/people\/alberto-gargani-307-en\/","name":"Alberto Gargani ~ UNIPI","isPartOf":{"@id":"https:\/\/www.unipi.it\/en\/#website"},"datePublished":"2025-05-12T14:03:59+00:00","dateModified":"2026-04-01T02:40:42+00:00","breadcrumb":{"@id":"https:\/\/www.unipi.it\/en\/about-us\/organisation\/people\/alberto-gargani-307-en\/#breadcrumb"},"inLanguage":"en-US","potentialAction":[{"@type":"ReadAction","target":["https:\/\/www.unipi.it\/en\/about-us\/organisation\/people\/alberto-gargani-307-en\/"]}]},{"@type":"BreadcrumbList","@id":"https:\/\/www.unipi.it\/en\/about-us\/organisation\/people\/alberto-gargani-307-en\/#breadcrumb","itemListElement":[{"@type":"ListItem","position":1,"name":"","item":"https:\/\/www.unipi.it\/en\/home\/"},{"@type":"ListItem","position":2,"name":"Alberto Gargani"}]},{"@type":"WebSite","@id":"https:\/\/www.unipi.it\/en\/#website","url":"https:\/\/www.unipi.it\/en\/","name":"UNIPI","description":"UNIPI","publisher":{"@id":"https:\/\/www.unipi.it\/en\/#organization"},"potentialAction":[{"@type":"SearchAction","target":{"@type":"EntryPoint","urlTemplate":"https:\/\/www.unipi.it\/en\/?s={search_term_string}"},"query-input":{"@type":"PropertyValueSpecification","valueRequired":true,"valueName":"search_term_string"}}],"inLanguage":"en-US"},{"@type":"Organization","@id":"https:\/\/www.unipi.it\/en\/#organization","name":"UNIPI","url":"https:\/\/www.unipi.it\/en\/","logo":{"@type":"ImageObject","inLanguage":"en-US","@id":"https:\/\/www.unipi.it\/en\/#\/schema\/logo\/image\/","url":"https:\/\/www.unipi.it\/wp-content\/uploads\/Raggruppa-3020.svg","contentUrl":"https:\/\/www.unipi.it\/wp-content\/uploads\/Raggruppa-3020.svg","width":176,"height":64,"caption":"UNIPI"},"image":{"@id":"https:\/\/www.unipi.it\/en\/#\/schema\/logo\/image\/"},"sameAs":["https:\/\/www.facebook.com\/unipisaofficial\/","https:\/\/www.instagram.com\/unipisa\/"]}]}},"_links":{"self":[{"href":"https:\/\/www.unipi.it\/en\/wp-json\/wp\/v2\/unipi_persone\/147939","targetHints":{"allow":["GET"]}}],"collection":[{"href":"https:\/\/www.unipi.it\/en\/wp-json\/wp\/v2\/unipi_persone"}],"about":[{"href":"https:\/\/www.unipi.it\/en\/wp-json\/wp\/v2\/types\/unipi_persone"}],"wp:attachment":[{"href":"https:\/\/www.unipi.it\/en\/wp-json\/wp\/v2\/media?parent=147939"}],"wp:term":[{"taxonomy":"organizzazioni","embeddable":true,"href":"https:\/\/www.unipi.it\/en\/wp-json\/wp\/v2\/organizzazioni?post=147939"}],"curies":[{"name":"wp","href":"https:\/\/api.w.org\/{rel}","templated":true}]}}