{"id":147628,"date":"2025-05-12T14:02:58","date_gmt":"2025-05-12T14:02:58","guid":{"rendered":"https:\/\/www.unipi.it\/ateneo\/organizzazione\/persone\/gian-luca-fruci-6707-en\/"},"modified":"2026-04-01T04:40:05","modified_gmt":"2026-04-01T02:40:05","slug":"gian-luca-fruci-6707-en","status":"publish","type":"unipi_persone","link":"https:\/\/www.unipi.it\/en\/about-us\/organisation\/people\/gian-luca-fruci-6707-en\/","title":{"rendered":"Gian Luca Fruci"},"content":{"rendered":"<p>Professore Associato &#8211; Dipartimento di Civilta&#8217; e Forme del Sapere | Tel.: 050 2215304 &#8211; Email: gianluca.fruci@unipi.it<\/p>\n","protected":false},"template":"","meta":{"unipi-persone-chiave":"6707","unipi-persone-nome":"Gian Luca","unipi-persone-cognome":"Fruci","unipi-persone-email":"gianluca.fruci@unipi.it","unipi-persone-cv":"INTERESSI DI RICERCA<br \/>\r\n<br \/>\r\nI miei studi si focalizzano sulla storia materiale, culturale e visuale del voto e sui processi di mediatizzazione e spettacolarizzazione della politica nel lungo Ottocento europeo. <br \/>\r\n<br \/>\r\nFORMAZIONE, DIPLOMI E TITOLI UNIVERSITARI<br \/>\r\n<br \/>\r\nAllievo ordinario della SNS di Pisa, nel 2007 ho conseguito il dottorato di ricerca in Histoire politique, co-tutela SSSUP-EHESS (Paris), dove nel 2000 ho ottenuto il D.E.A. in \u00c9tudes Politiques.<br \/>\r\n<br \/>\r\nPARTECIPAZIONE A GRUPPI DI RICERCA NAZIONALI E INTERNAZIONALI <br \/>\r\n<br \/>\r\n- 2008\/2012: Progetto di ricerca internazionale ANR \"La Fraternit\u00e9 comme cat\u00e9gorie de l\u2019engangement politique en Italie et en Europe (1820-1930)\", diretto da C. Brice (Paris XII). <br \/>\r\n- 2011\/13: Unit\u00e0 di ricerca dell'Universit\u00e0 di Pisa, diretta da L. Baldissara, PRIN 2012 \"Politiche del popolo: legittimazione, partecipazione, esclusione nella costruzione delle democrazie contemporanee (1918-1948)\", coordinato da L. Scuccimarra (Sapienza Universit\u00e0 di Roma). <br \/>\r\n- 2012\/15: International Research Project \"Re-Imagining Democracy in the Mediterranean 1750-1860\", finanziato da The Leverhulme Trust e diretto da J. Innes (University of Oxford) e M. Philp (University of Warwick). <br \/>\r\n- 2013\/15: Programma di ricerca internazionale \"La construcci\u00f3n hist\u00f3rica de la inclusi\u00f3n y la exclusi\u00f3n pol\u00edticas: Espa\u00f1a entre Europa y Am\u00e9rica Latina (1780-1910)\", Plan Nacional de I+D+i 2008-2011, diretto da M. Sierra (Universidad de Sevilla).<br \/>\r\n- 2016\/2019: PRIN 2015 \"Alla ricerca del \u00abnegoziante patriota\u00bb. Mercantilismi, moralit\u00e0 economiche e mercanti dell'Europa mediterranea (secoli XVII-XIX)\", diretto da B. Salvemini (Universit\u00e0 di Bari). <br \/>\r\n- 2019\/2022: membro del Comit\u00e9 de pilotage del Progetto di ricerca internazionale FNS \"Le r\u00e9publicanisme en Europe m\u00e9ridionale fin XVIIIe-d\u00e9but XIXe si\u00e8cle (espaces italophones, francophones et hispanophones). Transferts, r\u00e9seaux, enjeux, concepts\", diretto da O. Christin (Universit\u00e9 de Neuch\u00e2tel).<br \/>\r\n- 2019\/2023: co-responsabile scientifico dell\u2019Unit\u00e0 di ricerca delle Universit\u00e0 di Bari e Pisa, PRIN 2017 \"The brigantaggio revisited. Narrazioni, pratiche e usi politici nella storia dell'Italia moderna e contemporanea\", coordinato da C. Pinto (Universit\u00e0 di Salerno). <br \/>\r\n- 2021\/23: Progetto di ricerca internazionale \"La dimensi\u00f3n popular de la pol\u00edtica en la Europa Meridional y Am\u00e9rica Latina, 1789-1898\", Ministerio de Ciencia e Innovaci\u00f3n, Proyectos de investigaci\u00f3n de I+D+i., diretto da P. R\u00fajula (Universidad de Zaragoza) <br \/>\r\n- 2023\/25: Progetto di ricerca internazionale \"AMAPOL. Aspects du MArtyre POLitique (Europe m\u00e9ridionale, 1800-1939)\", coordinato presso la Casa de Vel\u00e1zquez di Madrid da P.-M. Delpu (Universit\u00e9 Libre de Bruxelles), S. Cavicchioli (Universi\u00e0 di Torino), P. G\u00e9al (Universit\u00e9 Grenoble Alpes) e R. S\u00e1nchez (Universidad Complutense de Madrid).<br \/>\r\n- 2023\/25: responsabile scientifico dell'Unit\u00e0 di ricerca dell'Universit\u00e0 di Pisa, PRIN 2022 \"Dire, fare, votare. Mobilitazione per la cittadinanza politica nell'et\u00e0 del suffragio (1819-1920): l'Italia nello spazio euro-atlantico\", coordinato da F. Cammarano (Universit\u00e0 di Bologna).<br \/>\r\n- 2024\/26: responsabile scientifico dell\u2019Unit\u00e0 di ricerca di Unipi per il Progetto \"Lessico per la Repubblica\", finanziato dalla Struttura per gli anniversari nazionali e coordinato da M. Ridolfi (Units).<br \/>\r\n<br \/>\r\nPARTECIPAZIONE A COMITATI EDITORIALI DI RIVISTE E COLLANE <br \/>\r\n<br \/>\r\nDal 2014: comitato di direzione di \"Societ\u00e0 e Storia\"<br \/>\r\nDal 2018: comitato scientifico della collana \"Antidoto\", Viella <br \/>\r\nDal 2019: redazione di \"Storica\"<br \/>\r\nDal 2021: condirettore della \"Rassegna storica del Risorgimento\" e della collana \"Orizzonti contemporanei\", Edizioni Unicopli, Milano<br \/>\r\n<br \/>\r\nCOLLABORAZIONI SCIENTIFICHE<br \/>\r\n<br \/>\r\n2008-2012: membre associ\u00e9 del CRHEC, Universit\u00e9 Paris Est Creteil (UPEC).<br \/>\r\nDal 2010: contributing scholar del progetto digitale \"The Garibaldi Panorama\", Brown University Library<br \/>\r\nDal 2018:contributing scholar del progetto digitale \"Barricades 1815-1850\" diretto da M. Philp, University of Warwick","unipi-persone-link-esterno-cv":"","unipi-persone-modalita-ricevimento":"Si pu\u00f2 inoltre concordare un ricevimento sulla piattaforma Teams. Per l'appuntamento si prega di scrivere al docente\r\n\r\n\r\n\r\n\r\n\r\n\r\n\r\n\r\n\r\n\r\n\r\n\r\n\r\n\r\n\r\n\r\n\r\n\r\n\r\n\r\n\r\n\r\n\r\n\r\n\r\n\r\n\r\n\r\n\r\n\r\n\r\n\r\n\r\n\r\n\r\n\r\n\r\n\r\n\r\n\r\n\r\n\r\n\r\n\r\n\r\n\r\n\r\n\r\n\r\n\r\n\r\n\r\n\r\n\r\n\r\n\r\n\r\n\r\n\r\n\r\n\r\n\r\n\r\n\r\n\r\n\r\n\r\n\r\n\r\n\r\n\r\n\r\n\r\n\r\n\r\n\r\n\r\n\r\n\r\n\r\n\r\n\r\n\r\n\r\n\r\n\r\n\r\n\r\n\r\n\r\n\r\n\r\n\r\n\r\n\r\n\r\n\r\n\r\n\r\n\r\n","unipi-persone-luogo-ricevimento":"Palazzo Carit\u00e0\r\nvia P. Paoli 15\r\nPrimo piano, studio 03\r\n\r\n\r\n\r\n\r\n\r\n\r\n\r\n\r\n\r\n\r\n\r\n\r\n\r\n\r\n\r\n\r\n\r\n\r\n\r\n\r\n\r\n\r\n\r\n\r\n\r\n\r\n\r\n\r\n\r\n\r\n\r\n\r\n\r\n\r\n\r\n\r\n\r\n\r\n\r\n\r\n\r\n\r\n\r\n\r\n\r\n\r\n\r\n\r\n\r\n\r\n\r\n\r\n\r\n\r\n\r\n\r\n\r\n\r\n\r\n\r\n\r\n\r\n\r\n\r\n\r\n\r\n\r\n\r\n\r\n\r\n\r\n\r\n\r\n\r\n\r\n\r\n\r\n\r\n\r\n\r\n\r\n\r\n\r\n\r\n\r\n\r\n\r\n\r\n\r\n\r\n\r\n\r\n\r\n\r\n\r\n\r\n\r\n\r\n\r\n\r\n\r\n\r\n\r\n","unipi-persone-ore-ricevimento":"Durante il secondo semestre 2025\/26, salvo indicazioni diverse, il ricevimento si svolger\u00e0 il venerd\u00ec, ore 15-16:30.\r\n\r\n\r\n\r\n\r\n\r\n\r\n\r\n\r\n\r\n\r\n\r\n\r\n\r\n\r\n\r\n\r\n\r\n\r\n\r\n\r\n\r\n\r\n\r\n\r\n\r\n\r\n\r\n\r\n\r\n\r\n\r\n\r\n\r\n\r\n\r\n\r\n\r\n\r\n\r\n\r\n\r\n\r\n\r\n\r\n\r\n\r\n\r\n\r\n\r\n\r\n\r\n\r\n\r\n\r\n\r\n\r\n\r\n\r\n\r\n\r\n\r\n\r\n\r\n\r\n\r\n\r\n\r\n\r\n\r\n\r\n\r\n\r\n\r\n\r\n\r\n\r\n\r\n\r\n\r\n\r\n\r\n\r\n\r\n\r\n\r\n\r\n\r\n\r\n\r\n\r\n\r\n\r\n\r\n\r\n\r\n\r\n\r\n","unipi-persone-telefono":"050 2215304","unipi-persone-sitoweb":"","unipi-persone-cariche":"<ul><li>Vice Presidente - Scienze per la Pace: Cooperazione Internazionale e Trasformazione dei Conflitti (Laurea)<\/li><li>Vice Presidente - Scienze per la Pace: Trasformazione dei Conflitti e Cooperazione Allo Sviluppo (Laurea Magistrale)<\/li><\/ul>","unipi-persone-link-orario-lezioni":"https:\/\/unipi.prod.up.cineca.it\/calendarioPubblico\/matricola=011552","unipi-persone-link-registro-lezioni":"https:\/\/unimap.unipi.it\/registri\/registri.php?ri=011552&tmplt=principale.tpl","unipi-persone-settore-scientifico":"Storia Contemporanea HIST-03\/A","unipi-persone-ruolo":"Professore Associato","unipi-persone-arpi":"https:\/\/arpi.unipi.it\/cris\/rp\/rp07173","unipi-persone-pubblicazioni":"<ul class=\"pubblicazioni-list\"><li><a href=\"https:\/\/arpi.unipi.it\/handle\/11568\/1317309\" target=\"_blank\" rel=\"noopener noreferrer\">Un costituzionalismo popolare? Una discussione su Southern Europe in the Age of Revolutions di Maurizio Isabella<\/a> <span class=\"pub-details\">(Fruci, Gian Luca - 2024 - 7.1 Curatela)<\/span><\/li><li><a href=\"https:\/\/arpi.unipi.it\/handle\/11568\/1317307\" target=\"_blank\" rel=\"noopener noreferrer\">Il momento 1820 della storia rivoluzionaria europea<\/a> <span class=\"pub-details\">(Fruci, Gian Luca - 2024 - 1.1 Articolo in rivista)<\/span><\/li><li><a href=\"https:\/\/arpi.unipi.it\/handle\/11568\/1294488\" target=\"_blank\" rel=\"noopener noreferrer\">Religione, re e patria alle origini della Spagna contemporanea, 1793-1840. Gian Luca Fruci dialoga con Pedro R\u00fajula<\/a> <span class=\"pub-details\">(Fruci, GIAN LUCA; R\u00fajula, Pedro - 2024 - 1.1 Articolo in rivista)<\/span><\/li><li><a href=\"https:\/\/arpi.unipi.it\/handle\/11568\/1294487\" target=\"_blank\" rel=\"noopener noreferrer\">[Anti] Risorgimento di massa<\/a> <span class=\"pub-details\">(Fruci, GIAN LUCA - 2024 - 1.1 Articolo in rivista)<\/span><\/li><li><a href=\"https:\/\/arpi.unipi.it\/handle\/11568\/1294407\" target=\"_blank\" rel=\"noopener noreferrer\">L\u2019envers du d\u00e9cor journalistique. Acteurs et formes m\u00e9diatiques en M\u00e9diterran\u00e9e au XIXe si\u00e8cle<\/a> <span class=\"pub-details\">(Fruci, GIAN LUCA; Contes, Julien; Pellegrinetti, Jean-Paul - 2024 - 7.1 Curatela)<\/span><\/li><li><a href=\"https:\/\/arpi.unipi.it\/handle\/11568\/1294389\" target=\"_blank\" rel=\"noopener noreferrer\">Plebiszit\u00e4re Praktiken inden alten italienischen Staaten vor der Vereinigung [1797-1870]<\/a> <span class=\"pub-details\">(Fruci, GIAN LUCA - 2024 - 2.1 Contributo in volume (Capitolo o Saggio))<\/span><\/li><li><a href=\"https:\/\/arpi.unipi.it\/handle\/11568\/1242807\" target=\"_blank\" rel=\"noopener noreferrer\">Controrivoluzione, patriottismi monarchici e violenza politica nel Mezzogiorno dell&#039;Ottocento<\/a> <span class=\"pub-details\">(Fruci, GIAN LUCA - 2023 - 7.1 Curatela)<\/span><\/li><li><a href=\"https:\/\/arpi.unipi.it\/handle\/11568\/1242787\" target=\"_blank\" rel=\"noopener noreferrer\">Alle rivoluzioni con la cultura materiale<\/a> <span class=\"pub-details\">(Fruci, GIAN LUCA - 2023 - 1.1 Articolo in rivista)<\/span><\/li><li><a href=\"https:\/\/arpi.unipi.it\/handle\/11568\/1242767\" target=\"_blank\" rel=\"noopener noreferrer\">Col braccio al collo. Un\u2019iconografia di met\u00e0 Ottocento<\/a> <span class=\"pub-details\">(Fruci, GIAN LUCA - 2023 - 1.1 Articolo in rivista)<\/span><\/li><li><a href=\"https:\/\/arpi.unipi.it\/handle\/11568\/1242747\" target=\"_blank\" rel=\"noopener noreferrer\">Storie di briganti al tempo del Risorgimento<\/a> <span class=\"pub-details\">(Fruci, GIAN LUCA - 2023 - 7.1 Curatela)<\/span><\/li><li><a href=\"https:\/\/arpi.unipi.it\/handle\/11568\/1242729\" target=\"_blank\" rel=\"noopener noreferrer\">Il brigantaggio narrato<\/a> <span class=\"pub-details\">(Fruci, GIAN LUCA - 2023 - 1.1 Articolo in rivista)<\/span><\/li><li><a href=\"https:\/\/arpi.unipi.it\/handle\/11568\/1242722\" target=\"_blank\" rel=\"noopener noreferrer\">Storia del brigantaggio in 50 oggetti<\/a> <span class=\"pub-details\">(Fruci, GIAN LUCA; Carli, Maddalena; D\u2019Autilia, Gabriele; Petrizzo, Alessio - 2023 - 7.1 Curatela)<\/span><\/li><li><a href=\"https:\/\/arpi.unipi.it\/handle\/11568\/1242718\" target=\"_blank\" rel=\"noopener noreferrer\">Fare storia con gli oggetti<\/a> <span class=\"pub-details\">(Carli, Maddalena; D&#039;Autilia, Gabriele; Fruci, GIAN LUCA; Petrizzo, Alessio - 2023 - 2.1 Contributo in volume (Capitolo o Saggio))<\/span><\/li><li><a href=\"https:\/\/arpi.unipi.it\/handle\/11568\/1242717\" target=\"_blank\" rel=\"noopener noreferrer\">Revival di celluloide<\/a> <span class=\"pub-details\">(Fruci, GIAN LUCA - 2023 - 2.1 Contributo in volume (Capitolo o Saggio))<\/span><\/li><li><a href=\"https:\/\/arpi.unipi.it\/handle\/11568\/1242713\" target=\"_blank\" rel=\"noopener noreferrer\">Lo strano caso del monumento a un vivo. Cialdini, Reggio Emilia, 1864<\/a> <span class=\"pub-details\">(Fruci, GIAN LUCA - 2023 - 2.1 Contributo in volume (Capitolo o Saggio))<\/span><\/li><\/ul>","unipi-persone-didattica":"<ul class=\"registri-list\"><li>Storia contemporanea i - a (modulo dell'insegnamento storia contemporanea i cod. 079mm) per Laurea in Scienze per la pace: cooperazione internazionale e trasformazione dei conflitti<br\/><strong>Insegnamenti condivisi\/mutuati:<\/strong><ul class=\"registri-shared\"><li>Storia contemporanea (cod. 371MM) - Laurea Magistrale in Storia dell&#039;arte<\/li><li>Storia contemporanea i (cod. 079MM) - Laurea in Discipline dello spettacolo e della comunicazione<\/li><li>Storia contemporanea (cod. 460MM) - Laurea Magistrale in Lingue, letterature e filologie euro - americane<\/li><li>Storia contemporanea i (cod. 079MM) - Laurea in Lettere<\/li><\/ul><\/li><li>Storia politica dell'eta' contemporanea (cod. 642MM) per Laurea in Storia<br\/><strong>Insegnamenti condivisi\/mutuati:<\/strong><ul class=\"registri-shared\"><li>Storia politica dell'eta' contemporanea (cod. 642MM) - Laurea in Scienze per la pace: cooperazione internazionale e trasformazione dei conflitti<\/li><li>Storia politica dell'eta' contemporanea (cod. 642MM) - Laurea in Scienze per la pace: cooperazione internazionale e trasformazione dei conflitti<\/li><\/ul><\/li><li>Laboratorio democrazia, giustizia e pace (cod. 2323Z) per Laurea in Scienze per la pace: cooperazione internazionale e trasformazione dei conflitti<br\/><strong>Insegnamenti condivisi\/mutuati:<\/strong><ul class=\"registri-shared\"><li>Laboratorio democrazia, giustizia e pace (cod. 2323Z) - Laurea in Storia<\/li><\/ul><\/li><li>Storia dell'eta' delle rivoluzioni e del risorgimento (cod. 654MM) per Laurea Magistrale in Storia e civilt\u00e0<\/li><\/ul>","unipi-persone-codocenze":"","unipi-persone-interessi-ricerca":"","_wpml_word_count":"17","_last_translation_edit_mode":"translation-editor","_elementor_page_assets":[]},"organizzazioni":[3608],"class_list":["post-147628","unipi_persone","type-unipi_persone","status-publish","hentry","organizzazioni-dipartimento-di-civilta-e-forme-del-sapere-429999-en"],"email":"gianluca.fruci@unipi.it","telefono":"050 2215304","content_plain":"Professore Associato &#8211; Dipartimento di Civilta&#8217; e Forme del Sapere | Tel.: 050 2215304 &#8211; Email: gianluca.fruci@unipi.it","photo_url":null,"ruoli_tags":[{"id":759,"name":"PA","slug":"pa"}],"yoast_head":"<!-- This site is optimized with the Yoast SEO plugin v27.0 - https:\/\/yoast.com\/product\/yoast-seo-wordpress\/ -->\n<title>Gian Luca Fruci ~ UNIPI<\/title>\n<meta name=\"robots\" content=\"index, follow, max-snippet:-1, max-image-preview:large, max-video-preview:-1\" \/>\n<link rel=\"canonical\" href=\"https:\/\/www.unipi.it\/en\/about-us\/organisation\/people\/gian-luca-fruci-6707-en\/\" \/>\n<meta property=\"og:locale\" content=\"en_US\" \/>\n<meta property=\"og:type\" content=\"article\" \/>\n<meta property=\"og:title\" content=\"Gian Luca Fruci ~ UNIPI\" \/>\n<meta property=\"og:description\" content=\"Professore Associato &#8211; Dipartimento di Civilta&#8217; e Forme del Sapere | Tel.: 050 2215304 &#8211; Email: gianluca.fruci@unipi.it\" \/>\n<meta property=\"og:url\" content=\"https:\/\/www.unipi.it\/en\/about-us\/organisation\/people\/gian-luca-fruci-6707-en\/\" \/>\n<meta property=\"og:site_name\" content=\"UNIPI\" \/>\n<meta property=\"article:publisher\" content=\"https:\/\/www.facebook.com\/unipisaofficial\/\" \/>\n<meta property=\"article:modified_time\" content=\"2026-04-01T02:40:05+00:00\" \/>\n<meta name=\"twitter:card\" content=\"summary_large_image\" \/>\n<script type=\"application\/ld+json\" class=\"yoast-schema-graph\">{\"@context\":\"https:\/\/schema.org\",\"@graph\":[{\"@type\":\"WebPage\",\"@id\":\"https:\/\/www.unipi.it\/en\/about-us\/organisation\/people\/gian-luca-fruci-6707-en\/\",\"url\":\"https:\/\/www.unipi.it\/en\/about-us\/organisation\/people\/gian-luca-fruci-6707-en\/\",\"name\":\"Gian Luca Fruci ~ UNIPI\",\"isPartOf\":{\"@id\":\"https:\/\/www.unipi.it\/en\/#website\"},\"datePublished\":\"2025-05-12T14:02:58+00:00\",\"dateModified\":\"2026-04-01T02:40:05+00:00\",\"breadcrumb\":{\"@id\":\"https:\/\/www.unipi.it\/en\/about-us\/organisation\/people\/gian-luca-fruci-6707-en\/#breadcrumb\"},\"inLanguage\":\"en-US\",\"potentialAction\":[{\"@type\":\"ReadAction\",\"target\":[\"https:\/\/www.unipi.it\/en\/about-us\/organisation\/people\/gian-luca-fruci-6707-en\/\"]}]},{\"@type\":\"BreadcrumbList\",\"@id\":\"https:\/\/www.unipi.it\/en\/about-us\/organisation\/people\/gian-luca-fruci-6707-en\/#breadcrumb\",\"itemListElement\":[{\"@type\":\"ListItem\",\"position\":1,\"name\":\"\",\"item\":\"https:\/\/www.unipi.it\/en\/home\/\"},{\"@type\":\"ListItem\",\"position\":2,\"name\":\"Gian Luca Fruci\"}]},{\"@type\":\"WebSite\",\"@id\":\"https:\/\/www.unipi.it\/en\/#website\",\"url\":\"https:\/\/www.unipi.it\/en\/\",\"name\":\"UNIPI\",\"description\":\"UNIPI\",\"publisher\":{\"@id\":\"https:\/\/www.unipi.it\/en\/#organization\"},\"potentialAction\":[{\"@type\":\"SearchAction\",\"target\":{\"@type\":\"EntryPoint\",\"urlTemplate\":\"https:\/\/www.unipi.it\/en\/?s={search_term_string}\"},\"query-input\":{\"@type\":\"PropertyValueSpecification\",\"valueRequired\":true,\"valueName\":\"search_term_string\"}}],\"inLanguage\":\"en-US\"},{\"@type\":\"Organization\",\"@id\":\"https:\/\/www.unipi.it\/en\/#organization\",\"name\":\"UNIPI\",\"url\":\"https:\/\/www.unipi.it\/en\/\",\"logo\":{\"@type\":\"ImageObject\",\"inLanguage\":\"en-US\",\"@id\":\"https:\/\/www.unipi.it\/en\/#\/schema\/logo\/image\/\",\"url\":\"https:\/\/www.unipi.it\/wp-content\/uploads\/Raggruppa-3020.svg\",\"contentUrl\":\"https:\/\/www.unipi.it\/wp-content\/uploads\/Raggruppa-3020.svg\",\"width\":176,\"height\":64,\"caption\":\"UNIPI\"},\"image\":{\"@id\":\"https:\/\/www.unipi.it\/en\/#\/schema\/logo\/image\/\"},\"sameAs\":[\"https:\/\/www.facebook.com\/unipisaofficial\/\",\"https:\/\/www.instagram.com\/unipisa\/\"]}]}<\/script>\n<!-- \/ Yoast SEO plugin. -->","yoast_head_json":{"title":"Gian Luca Fruci ~ UNIPI","robots":{"index":"index","follow":"follow","max-snippet":"max-snippet:-1","max-image-preview":"max-image-preview:large","max-video-preview":"max-video-preview:-1"},"canonical":"https:\/\/www.unipi.it\/en\/about-us\/organisation\/people\/gian-luca-fruci-6707-en\/","og_locale":"en_US","og_type":"article","og_title":"Gian Luca Fruci ~ UNIPI","og_description":"Professore Associato &#8211; Dipartimento di Civilta&#8217; e Forme del Sapere | Tel.: 050 2215304 &#8211; Email: gianluca.fruci@unipi.it","og_url":"https:\/\/www.unipi.it\/en\/about-us\/organisation\/people\/gian-luca-fruci-6707-en\/","og_site_name":"UNIPI","article_publisher":"https:\/\/www.facebook.com\/unipisaofficial\/","article_modified_time":"2026-04-01T02:40:05+00:00","twitter_card":"summary_large_image","schema":{"@context":"https:\/\/schema.org","@graph":[{"@type":"WebPage","@id":"https:\/\/www.unipi.it\/en\/about-us\/organisation\/people\/gian-luca-fruci-6707-en\/","url":"https:\/\/www.unipi.it\/en\/about-us\/organisation\/people\/gian-luca-fruci-6707-en\/","name":"Gian Luca Fruci ~ UNIPI","isPartOf":{"@id":"https:\/\/www.unipi.it\/en\/#website"},"datePublished":"2025-05-12T14:02:58+00:00","dateModified":"2026-04-01T02:40:05+00:00","breadcrumb":{"@id":"https:\/\/www.unipi.it\/en\/about-us\/organisation\/people\/gian-luca-fruci-6707-en\/#breadcrumb"},"inLanguage":"en-US","potentialAction":[{"@type":"ReadAction","target":["https:\/\/www.unipi.it\/en\/about-us\/organisation\/people\/gian-luca-fruci-6707-en\/"]}]},{"@type":"BreadcrumbList","@id":"https:\/\/www.unipi.it\/en\/about-us\/organisation\/people\/gian-luca-fruci-6707-en\/#breadcrumb","itemListElement":[{"@type":"ListItem","position":1,"name":"","item":"https:\/\/www.unipi.it\/en\/home\/"},{"@type":"ListItem","position":2,"name":"Gian Luca Fruci"}]},{"@type":"WebSite","@id":"https:\/\/www.unipi.it\/en\/#website","url":"https:\/\/www.unipi.it\/en\/","name":"UNIPI","description":"UNIPI","publisher":{"@id":"https:\/\/www.unipi.it\/en\/#organization"},"potentialAction":[{"@type":"SearchAction","target":{"@type":"EntryPoint","urlTemplate":"https:\/\/www.unipi.it\/en\/?s={search_term_string}"},"query-input":{"@type":"PropertyValueSpecification","valueRequired":true,"valueName":"search_term_string"}}],"inLanguage":"en-US"},{"@type":"Organization","@id":"https:\/\/www.unipi.it\/en\/#organization","name":"UNIPI","url":"https:\/\/www.unipi.it\/en\/","logo":{"@type":"ImageObject","inLanguage":"en-US","@id":"https:\/\/www.unipi.it\/en\/#\/schema\/logo\/image\/","url":"https:\/\/www.unipi.it\/wp-content\/uploads\/Raggruppa-3020.svg","contentUrl":"https:\/\/www.unipi.it\/wp-content\/uploads\/Raggruppa-3020.svg","width":176,"height":64,"caption":"UNIPI"},"image":{"@id":"https:\/\/www.unipi.it\/en\/#\/schema\/logo\/image\/"},"sameAs":["https:\/\/www.facebook.com\/unipisaofficial\/","https:\/\/www.instagram.com\/unipisa\/"]}]}},"_links":{"self":[{"href":"https:\/\/www.unipi.it\/en\/wp-json\/wp\/v2\/unipi_persone\/147628","targetHints":{"allow":["GET"]}}],"collection":[{"href":"https:\/\/www.unipi.it\/en\/wp-json\/wp\/v2\/unipi_persone"}],"about":[{"href":"https:\/\/www.unipi.it\/en\/wp-json\/wp\/v2\/types\/unipi_persone"}],"wp:attachment":[{"href":"https:\/\/www.unipi.it\/en\/wp-json\/wp\/v2\/media?parent=147628"}],"wp:term":[{"taxonomy":"organizzazioni","embeddable":true,"href":"https:\/\/www.unipi.it\/en\/wp-json\/wp\/v2\/organizzazioni?post=147628"}],"curies":[{"name":"wp","href":"https:\/\/api.w.org\/{rel}","templated":true}]}}