{"id":144139,"date":"2025-05-12T13:51:54","date_gmt":"2025-05-12T13:51:54","guid":{"rendered":"https:\/\/www.unipi.it\/ateneo\/organizzazione\/persone\/alessandro-celi-254-en\/"},"modified":"2026-04-01T04:35:33","modified_gmt":"2026-04-01T02:35:33","slug":"alessandro-celi-254-en","status":"publish","type":"unipi_persone","link":"https:\/\/www.unipi.it\/en\/about-us\/organisation\/people\/alessandro-celi-254-en\/","title":{"rendered":"Alessandro Celi"},"content":{"rendered":"<p>Professore Associato &#8211; Dipartimento di Patologia Chirurgica, Medica, Molecolare e dell&#8217;Area Critica | Tel.: 050996946 &#8211; Email: alessandro.celi@unipi.it<\/p>\n","protected":false},"template":"","meta":{"unipi-persone-chiave":"254","unipi-persone-nome":"Alessandro","unipi-persone-cognome":"Celi","unipi-persone-email":"alessandro.celi@unipi.it","unipi-persone-cv":"Curriculum studiorum<br \/>\r\n<br \/>\r\n1981 -        Laurea in Medicina e Chirurgia, Universit\u00e0 di Pisa <br \/>\r\n1984 -        Specializzazione in malattie dell\u2019apparato respiratorio (Universit\u00e0 di Pisa)<br \/>\r\n1987-1991 Research Fellowship, New England Medical Center and Tufts University School of Medicine, Boston, MA (USA)<br \/>\r\n1991 Dottorato di Ricerca in fisiopatologia cardio-respiratoria (Universit\u00e0 di Roma) <br \/>\r\n<br \/>\r\n<br \/>\r\nAttivit\u00e0 assistenziale<br \/>\r\nIl prof. Celi ha sempre dedicato la propria attivit\u00e0 assistenziale all\u2019ambito delle malattie dell\u2019apparato respiratorio.<br \/>\r\n<br \/>\r\nAttivit\u00e0 didattica<br \/>\r\nIl prof.Celi \u00e8 o \u00e8 stato titolare, presso l\u2019Universit\u00e0 di Pisa, dell\u2019insegnamento di malattie dell\u2019apparato respiratorio nei corsi di laurea in dietisitica, tecniche della prevenzione ambientale negli ambienti di lavoro, tecniche di\u00a0fisiopatologia\u00a0cardiocircolatoria e\u00a0perfusione cardiovascolare. E\u2019 contitolare dell\u2019insegnamento di malattie dell\u2019apparato respiratorio nell\u2019ambito del corso integrato patologia sistematica 4 per i corso di laurea in medicina e chirurgia. E\u2019 docente presso la scuola di specializzazione in malattie dell\u2019apparato respiratorio.<br \/>\r\nOltre all\u2019attivit\u00e0 di didattica frontale si \u00e8 sempre dedicato all\u2019insegnamento agli studenti e agli specialisti in formazione nel corso delle attivit\u00e0 di tirocinio e pi\u00f9 generalmente nell\u2019ambito della attivit\u00e0 assistenziale quotidiana.<br \/>\r\n<br \/>\r\nAttivit\u00e0 di ricerca<br \/>\r\nIl prof. Celi ha svolto sia attivit\u00e0 di ricerca clinica che di ricerca di base. Ha iniziato l\u2019attivit\u00e0 di ricerca di base nel corso di una research fellowship svolta nel periodo 1987-1991 presso la Tufts University di Boston (MA; USA). Ha trascorso un anno sabbatico presso i laboratori di ricerca per lo studio della trombosi dell\u2019Universit\u00e0 di Harvard nel periodo 2001-2002. La sua attivit\u00e0 di ricerca di base \u00e8 incentrata sullo studio dei rapporti meccanicistici tra infiammazione e trombosi. Negli ultimi anni si \u00e8 dedicato in modo particolare allo studio delle vescicole extracellulari nell\u2019ambito dei meccanismi patogenetici delle malattie respiratorie.<br \/>\r\nHa svolto e svolge attivit\u00e0 di ricerca clinica spontanea in particolare nell\u2019ambito dell\u2019asma bronchiale e del tromboembolismo venoso.<br \/>\r\nE\u2019 stato\/\u00e8 investigatore principale per  numerosi studi clinici finanziati da aziende farmaceutiche internazionali.<br \/>\r\nE\u2019 stato responsabile di unit\u00e0 di ricerca per progetti finanziati dal Ministero Italiano per l\u2019Universit\u00e0 e la Ricerca.<br \/>\r\n<br \/>\r\nE\u2019 assistant editor per la rivista Internal and Emergency Medicine<br \/>\r\nE\u2019 membro attivo della European Respiratory Society e della Societ\u00e0 Italiana di Pneumologia<br \/>\r\nE\u2019 socio fondatore e membro attivo della Societ\u00e0 Italiana per lo studio delle vescicole extracellulari<br \/>\r\nSvolge attivit\u00e0 di revisione per numerose riviste scientifiche","unipi-persone-link-esterno-cv":"","unipi-persone-modalita-ricevimento":"Il docente riceve su appuntamento concordato via e-mail o telefonicamente.","unipi-persone-luogo-ricevimento":"","unipi-persone-ore-ricevimento":"","unipi-persone-telefono":"050996946","unipi-persone-sitoweb":"","unipi-persone-cariche":"","unipi-persone-link-orario-lezioni":"https:\/\/unipi.prod.up.cineca.it\/calendarioPubblico\/matricola=008993","unipi-persone-link-registro-lezioni":"https:\/\/unimap.unipi.it\/registri\/registri.php?ri=008993&tmplt=principale.tpl","unipi-persone-settore-scientifico":"Malattie dell&#039;Apparato Respiratorio MEDS-07\/A","unipi-persone-ruolo":"Professore Associato","unipi-persone-arpi":"https:\/\/arpi.unipi.it\/cris\/rp\/rp00113","unipi-persone-pubblicazioni":"<ul class=\"pubblicazioni-list\"><li><a href=\"https:\/\/arpi.unipi.it\/handle\/11568\/1343848\" target=\"_blank\" rel=\"noopener noreferrer\">Dose-Dependent Anti-Inflammatory Effects of Live and Heat-Treated Ligilactobacillus salivarius and Bifidobacterium breve via NF-?B and COX-2 Modulation in an In Vitro Model of Airway Inflammation<\/a> <span class=\"pub-details\">(Pagnini, Marta; Visciglia, Annalisa; Deusebio, Giovanni; Pane, Marco; Celi, Alessandro; Amoruso, Angela; Neri, Tommaso - 2025 - 1.1 Articolo in rivista)<\/span><\/li><li><a href=\"https:\/\/arpi.unipi.it\/handle\/11568\/1313627\" target=\"_blank\" rel=\"noopener noreferrer\">Safety and Clinical Impact of the Concomitant Use of Antifibrotic Drugs and Anticoagulants: A Single-Centre Retrospective Study<\/a> <span class=\"pub-details\">(Pagano, Alessandra; Bruni, Matilde; Tavanti, Laura; Pistelli, Francesco; Chimera, Davide; Carrozzi, Laura; Celi, Alessandro; Pancani, Roberta - 2025 - 1.1 Articolo in rivista)<\/span><\/li><li><a href=\"https:\/\/arpi.unipi.it\/handle\/11568\/1313267\" target=\"_blank\" rel=\"noopener noreferrer\">COVID-19 pulmonary phenotypes and longitudinal patterns in the first wave of the pandemic<\/a> <span class=\"pub-details\">(Chimera, Davide; Maio, Sara; Romei, Chiara; De Liperi, Annalisa; Barbieri, Greta; Tavanti, Laura; Pancani, Roberta; Marchi, Guido; Desideri, Massimiliano; Carpen\u00e8, Nicoletta; Gabbrielli, Luciano; Celi, Alessandro; Aquilini, Ferruccio; Baldacci, Sandra; Cristofano, Michele; Ghiadoni, Lorenzo; Carrozzi, Laura; Pistelli, Francesco - 2025 - 1.1 Articolo in rivista)<\/span><\/li><li><a href=\"https:\/\/arpi.unipi.it\/handle\/11568\/1294669\" target=\"_blank\" rel=\"noopener noreferrer\">Circulating, Extracellular Vesicle-Associated Tissue Factor in Cancer Patients with and Without Venous Thromboembolism<\/a> <span class=\"pub-details\">(Lami, Valentina; Nieri, Dario; Pagnini, Marta; Gattini, Mario; Donati, Claudia; De Santis, Mariella; Cipriano, Alessandro; Bazzan, Erica; Sbrana, Andrea; Celi, Alessandro; Neri, Tommaso - 2025 - 1.1 Articolo in rivista)<\/span><\/li><li><a href=\"https:\/\/arpi.unipi.it\/handle\/11568\/1288928\" target=\"_blank\" rel=\"noopener noreferrer\">Anticoagulation in venous thromboembolism in Beh\u00e7et\u2019s syndrome: friend or foe?<\/a> <span class=\"pub-details\">(Casto, Elisabetta; Celi, Alessandro; Madonna, Rosalinda; DE CATERINA, Raffaele; DI CIANNI, Federica; Talarico, Rosaria; Mosca, Marta; DE CARLO, Marco; Maria D&#039;Armini, Andrea; Carrozzi, Laura; Pancani, Roberta - 2024 - 1.1 Articolo in rivista)<\/span><\/li><li><a href=\"https:\/\/arpi.unipi.it\/handle\/11568\/1284740\" target=\"_blank\" rel=\"noopener noreferrer\">Severe Eosinophilic Asthma or Eosinophilic Granulomatosis With Polyangiitis: Potential Biomarkers for Novel Diagnostic Strategies<\/a> <span class=\"pub-details\">(Latorre, Manuela; Seccia, Veronica; Puxeddu, Ilaria; Pisani, Francesco; Statuti, Erica; Cristofani-Mencacci, Lodovica; Celi, Alessandro; Cianchetti, Silvana; Cardini, Cristina; Di Carluccio, Eleonora; Ferro, Francesco; Paggiaro, Pierluigi; Baldini, Chiara - 2024 - 1.1 Articolo in rivista)<\/span><\/li><li><a href=\"https:\/\/arpi.unipi.it\/handle\/11568\/1284007\" target=\"_blank\" rel=\"noopener noreferrer\">The Intricate Relationship Between Pulmonary Fibrosis and Thrombotic Pathology: A Narrative Review<\/a> <span class=\"pub-details\">(Cenerini, Giovanni; Chimera, Davide; Pagnini, Marta; Bazzan, Erica; Conti, Maria; Turato, Graziella; Celi, Alessandro; Neri, Tommaso - 2024 - 1.1 Articolo in rivista)<\/span><\/li><li><a href=\"https:\/\/arpi.unipi.it\/handle\/11568\/1280154\" target=\"_blank\" rel=\"noopener noreferrer\">Blood oxygenation state in COVID-19 patients: Unexplored role of 2,3-bisphosphoglycerate<\/a> <span class=\"pub-details\">(Bertilacchi, Maria Sofia; Piccarducci, Rebecca; Celi, Alessandro; Germelli, Lorenzo; Romei, Chiara; Bartholmai, Brian J; Barbieri, Greta; Giacomelli, Chiara; Martini, Claudia - 2024 - 1.1 Articolo in rivista)<\/span><\/li><li><a href=\"https:\/\/arpi.unipi.it\/handle\/11568\/1273775\" target=\"_blank\" rel=\"noopener noreferrer\">Fluctuating obliterative bronchiolitis in RET-mutant medullary thyroid cancer patient treated with selpercatinib<\/a> <span class=\"pub-details\">(Gambale, Carla; Prete, Alessandro; Romei, Chiara; Celi, Alessandro; Elisei, Rossella; Matrone, Antonio - 2024 - 1.1 Articolo in rivista)<\/span><\/li><li><a href=\"https:\/\/arpi.unipi.it\/handle\/11568\/1260011\" target=\"_blank\" rel=\"noopener noreferrer\">Unveiling the Cutting-Edge Impact of Polarized Macrophage-Derived Extracellular Vesicles and MiRNA Signatures on TGF-\u00df Regulation within Lung Fibroblasts<\/a> <span class=\"pub-details\">(Casara, A.; Conti, M.; Bernardinello, N.; Tine, M.; Baraldo, S.; Turato, G.; Semenzato, U.; Celi, A.; Spagnolo, P.; Saetta, M.; Cosio, M. G.; Neri, T.; Biondini, D.; Bazzan, E. - 2024 - 1.1 Articolo in rivista)<\/span><\/li><li><a href=\"https:\/\/arpi.unipi.it\/handle\/11568\/1260010\" target=\"_blank\" rel=\"noopener noreferrer\">Extracellular Vesicles Induce Nuclear Factor-?B Activation and Interleukin-8 Synthesis through miRNA-191-5p Contributing to Inflammatory Processes: Potential Implications in the Pathogenesis of Chronic Obstructive Pulmonary Disease<\/a> <span class=\"pub-details\">(Carpi, Sara; Polini, Beatrice; Nieri, Dario; Doccini, Stefano; Conti, Maria; Bazzan, Erica; Pagnini, Marta; M Santorelli, Filippo; Cecchini, Marco; Nieri, Paola; Celi, Alessandro; Neri, Tommaso - 2024 - 1.1 Articolo in rivista)<\/span><\/li><li><a href=\"https:\/\/arpi.unipi.it\/handle\/11568\/1232990\" target=\"_blank\" rel=\"noopener noreferrer\">Inferior vena cava filters: Concept review and summary of current guidelines<\/a> <span class=\"pub-details\">(Visconti, Luca; Celi, Alessandro; Carrozzi, Laura; Tinelli, Camilla; Crocetti, Laura; Daviddi, Francesco; De Caterina, Raffaele; Madonna, Rosalinda; Pancani, Roberta - 2024 - 1.1 Articolo in rivista)<\/span><\/li><li><a href=\"https:\/\/arpi.unipi.it\/handle\/11568\/1225948\" target=\"_blank\" rel=\"noopener noreferrer\">Enhanced prothrombotic and proinflammatory activity of circulating extracellular vesicles in acute exacerbations of chronic obstructive pulmonary disease<\/a> <span class=\"pub-details\">(Nieri, Dario; Morani, Camilla; De Francesco, Miriam; Gaeta, Roberta; Niceforo, Mariapia; De Santis, Mariella; Giusti, Ilaria; Dolo, Vincenza; Daniele, Marta; Papi, Alberto; Celi, Alessandro; Neri, Tommaso - 2024 - 1.1 Articolo in rivista)<\/span><\/li><li><a href=\"https:\/\/arpi.unipi.it\/handle\/11568\/1255852\" target=\"_blank\" rel=\"noopener noreferrer\">Symptom versus exacerbation control: an evolution in GINA guidelines?<\/a> <span class=\"pub-details\">(Latorre, Manuela; Pistelli, Riccardo; Elisiana Carpagnano, Giovanna; Celi, Alessandro; Puxeddu, Ilaria; Scichilone, Nicola; Spanevello, Antonio; Walter Canonica, Giorgio; Paggiaro, Pierluigi - 2023 - 1.1 Articolo in rivista)<\/span><\/li><li><a href=\"https:\/\/arpi.unipi.it\/handle\/11568\/1249087\" target=\"_blank\" rel=\"noopener noreferrer\">Pulmonary phenotypes and COVID-19 evolution patterns during the first year of the pandemic<\/a> <span class=\"pub-details\">(Chimera, Davide; Pistelli, Francesco; Maio, Sara; Manfredini, Giovanna; Iacopini, Elisa; Fanni, Salvatore Claudio; Colligiani, Leonardo; Romei, Chiara; De Liperi, Annalisa; Baldacci, Sandra; Fideli, Antonio; Cappiello, Chiara; Visconti, Luca; Meschi, Claudia; Tavanti, Laura; Pancani, Roberta; Marchi, Guido; Desideri, Massimiliano; Carpen\u00e8, Nicoletta; Gabbrielli, Luciano; Celi, Alessandro; Carrozzi, Laura - 2023 - 1.5 Abstract in rivista)<\/span><\/li><\/ul>","unipi-persone-didattica":"","unipi-persone-codocenze":"","unipi-persone-interessi-ricerca":"","_wpml_word_count":"23","_last_translation_edit_mode":"translation-editor","unipi-persone-dati-posizione":"","_elementor_page_assets":[]},"organizzazioni":[4258],"class_list":["post-144139","unipi_persone","type-unipi_persone","status-publish","hentry","organizzazioni-dipartimento-di-patologia-chirurgica-medica-molecolare-e-dellarea-critica-981663-en"],"email":"alessandro.celi@unipi.it","telefono":"050996946","content_plain":"Professore Associato &#8211; Dipartimento di Patologia Chirurgica, Medica, Molecolare e dell&#8217;Area Critica | Tel.: 050996946 &#8211; Email: alessandro.celi@unipi.it","photo_url":null,"ruoli_tags":[{"id":759,"name":"PA","slug":"pa"}],"yoast_head":"<!-- This site is optimized with the Yoast SEO plugin v27.0 - https:\/\/yoast.com\/product\/yoast-seo-wordpress\/ -->\n<title>Alessandro Celi ~ UNIPI<\/title>\n<meta name=\"robots\" content=\"index, follow, max-snippet:-1, max-image-preview:large, max-video-preview:-1\" \/>\n<link rel=\"canonical\" href=\"https:\/\/www.unipi.it\/en\/about-us\/organisation\/people\/alessandro-celi-254-en\/\" \/>\n<meta property=\"og:locale\" content=\"en_US\" \/>\n<meta property=\"og:type\" content=\"article\" \/>\n<meta property=\"og:title\" content=\"Alessandro Celi ~ UNIPI\" \/>\n<meta property=\"og:description\" content=\"Professore Associato &#8211; Dipartimento di Patologia Chirurgica, Medica, Molecolare e dell&#8217;Area Critica | Tel.: 050996946 &#8211; Email: alessandro.celi@unipi.it\" \/>\n<meta property=\"og:url\" content=\"https:\/\/www.unipi.it\/en\/about-us\/organisation\/people\/alessandro-celi-254-en\/\" \/>\n<meta property=\"og:site_name\" content=\"UNIPI\" \/>\n<meta property=\"article:publisher\" content=\"https:\/\/www.facebook.com\/unipisaofficial\/\" \/>\n<meta property=\"article:modified_time\" content=\"2026-04-01T02:35:33+00:00\" \/>\n<meta name=\"twitter:card\" content=\"summary_large_image\" \/>\n<script type=\"application\/ld+json\" class=\"yoast-schema-graph\">{\"@context\":\"https:\/\/schema.org\",\"@graph\":[{\"@type\":\"WebPage\",\"@id\":\"https:\/\/www.unipi.it\/en\/about-us\/organisation\/people\/alessandro-celi-254-en\/\",\"url\":\"https:\/\/www.unipi.it\/en\/about-us\/organisation\/people\/alessandro-celi-254-en\/\",\"name\":\"Alessandro Celi ~ UNIPI\",\"isPartOf\":{\"@id\":\"https:\/\/www.unipi.it\/en\/#website\"},\"datePublished\":\"2025-05-12T13:51:54+00:00\",\"dateModified\":\"2026-04-01T02:35:33+00:00\",\"breadcrumb\":{\"@id\":\"https:\/\/www.unipi.it\/en\/about-us\/organisation\/people\/alessandro-celi-254-en\/#breadcrumb\"},\"inLanguage\":\"en-US\",\"potentialAction\":[{\"@type\":\"ReadAction\",\"target\":[\"https:\/\/www.unipi.it\/en\/about-us\/organisation\/people\/alessandro-celi-254-en\/\"]}]},{\"@type\":\"BreadcrumbList\",\"@id\":\"https:\/\/www.unipi.it\/en\/about-us\/organisation\/people\/alessandro-celi-254-en\/#breadcrumb\",\"itemListElement\":[{\"@type\":\"ListItem\",\"position\":1,\"name\":\"\",\"item\":\"https:\/\/www.unipi.it\/en\/home\/\"},{\"@type\":\"ListItem\",\"position\":2,\"name\":\"Alessandro Celi\"}]},{\"@type\":\"WebSite\",\"@id\":\"https:\/\/www.unipi.it\/en\/#website\",\"url\":\"https:\/\/www.unipi.it\/en\/\",\"name\":\"UNIPI\",\"description\":\"UNIPI\",\"publisher\":{\"@id\":\"https:\/\/www.unipi.it\/en\/#organization\"},\"potentialAction\":[{\"@type\":\"SearchAction\",\"target\":{\"@type\":\"EntryPoint\",\"urlTemplate\":\"https:\/\/www.unipi.it\/en\/?s={search_term_string}\"},\"query-input\":{\"@type\":\"PropertyValueSpecification\",\"valueRequired\":true,\"valueName\":\"search_term_string\"}}],\"inLanguage\":\"en-US\"},{\"@type\":\"Organization\",\"@id\":\"https:\/\/www.unipi.it\/en\/#organization\",\"name\":\"UNIPI\",\"url\":\"https:\/\/www.unipi.it\/en\/\",\"logo\":{\"@type\":\"ImageObject\",\"inLanguage\":\"en-US\",\"@id\":\"https:\/\/www.unipi.it\/en\/#\/schema\/logo\/image\/\",\"url\":\"https:\/\/www.unipi.it\/wp-content\/uploads\/Raggruppa-3020.svg\",\"contentUrl\":\"https:\/\/www.unipi.it\/wp-content\/uploads\/Raggruppa-3020.svg\",\"width\":176,\"height\":64,\"caption\":\"UNIPI\"},\"image\":{\"@id\":\"https:\/\/www.unipi.it\/en\/#\/schema\/logo\/image\/\"},\"sameAs\":[\"https:\/\/www.facebook.com\/unipisaofficial\/\",\"https:\/\/www.instagram.com\/unipisa\/\"]}]}<\/script>\n<!-- \/ Yoast SEO plugin. -->","yoast_head_json":{"title":"Alessandro Celi ~ UNIPI","robots":{"index":"index","follow":"follow","max-snippet":"max-snippet:-1","max-image-preview":"max-image-preview:large","max-video-preview":"max-video-preview:-1"},"canonical":"https:\/\/www.unipi.it\/en\/about-us\/organisation\/people\/alessandro-celi-254-en\/","og_locale":"en_US","og_type":"article","og_title":"Alessandro Celi ~ UNIPI","og_description":"Professore Associato &#8211; Dipartimento di Patologia Chirurgica, Medica, Molecolare e dell&#8217;Area Critica | Tel.: 050996946 &#8211; Email: alessandro.celi@unipi.it","og_url":"https:\/\/www.unipi.it\/en\/about-us\/organisation\/people\/alessandro-celi-254-en\/","og_site_name":"UNIPI","article_publisher":"https:\/\/www.facebook.com\/unipisaofficial\/","article_modified_time":"2026-04-01T02:35:33+00:00","twitter_card":"summary_large_image","schema":{"@context":"https:\/\/schema.org","@graph":[{"@type":"WebPage","@id":"https:\/\/www.unipi.it\/en\/about-us\/organisation\/people\/alessandro-celi-254-en\/","url":"https:\/\/www.unipi.it\/en\/about-us\/organisation\/people\/alessandro-celi-254-en\/","name":"Alessandro Celi ~ UNIPI","isPartOf":{"@id":"https:\/\/www.unipi.it\/en\/#website"},"datePublished":"2025-05-12T13:51:54+00:00","dateModified":"2026-04-01T02:35:33+00:00","breadcrumb":{"@id":"https:\/\/www.unipi.it\/en\/about-us\/organisation\/people\/alessandro-celi-254-en\/#breadcrumb"},"inLanguage":"en-US","potentialAction":[{"@type":"ReadAction","target":["https:\/\/www.unipi.it\/en\/about-us\/organisation\/people\/alessandro-celi-254-en\/"]}]},{"@type":"BreadcrumbList","@id":"https:\/\/www.unipi.it\/en\/about-us\/organisation\/people\/alessandro-celi-254-en\/#breadcrumb","itemListElement":[{"@type":"ListItem","position":1,"name":"","item":"https:\/\/www.unipi.it\/en\/home\/"},{"@type":"ListItem","position":2,"name":"Alessandro Celi"}]},{"@type":"WebSite","@id":"https:\/\/www.unipi.it\/en\/#website","url":"https:\/\/www.unipi.it\/en\/","name":"UNIPI","description":"UNIPI","publisher":{"@id":"https:\/\/www.unipi.it\/en\/#organization"},"potentialAction":[{"@type":"SearchAction","target":{"@type":"EntryPoint","urlTemplate":"https:\/\/www.unipi.it\/en\/?s={search_term_string}"},"query-input":{"@type":"PropertyValueSpecification","valueRequired":true,"valueName":"search_term_string"}}],"inLanguage":"en-US"},{"@type":"Organization","@id":"https:\/\/www.unipi.it\/en\/#organization","name":"UNIPI","url":"https:\/\/www.unipi.it\/en\/","logo":{"@type":"ImageObject","inLanguage":"en-US","@id":"https:\/\/www.unipi.it\/en\/#\/schema\/logo\/image\/","url":"https:\/\/www.unipi.it\/wp-content\/uploads\/Raggruppa-3020.svg","contentUrl":"https:\/\/www.unipi.it\/wp-content\/uploads\/Raggruppa-3020.svg","width":176,"height":64,"caption":"UNIPI"},"image":{"@id":"https:\/\/www.unipi.it\/en\/#\/schema\/logo\/image\/"},"sameAs":["https:\/\/www.facebook.com\/unipisaofficial\/","https:\/\/www.instagram.com\/unipisa\/"]}]}},"_links":{"self":[{"href":"https:\/\/www.unipi.it\/en\/wp-json\/wp\/v2\/unipi_persone\/144139","targetHints":{"allow":["GET"]}}],"collection":[{"href":"https:\/\/www.unipi.it\/en\/wp-json\/wp\/v2\/unipi_persone"}],"about":[{"href":"https:\/\/www.unipi.it\/en\/wp-json\/wp\/v2\/types\/unipi_persone"}],"wp:attachment":[{"href":"https:\/\/www.unipi.it\/en\/wp-json\/wp\/v2\/media?parent=144139"}],"wp:term":[{"taxonomy":"organizzazioni","embeddable":true,"href":"https:\/\/www.unipi.it\/en\/wp-json\/wp\/v2\/organizzazioni?post=144139"}],"curies":[{"name":"wp","href":"https:\/\/api.w.org\/{rel}","templated":true}]}}