{"id":140867,"date":"2025-05-12T13:44:21","date_gmt":"2025-05-12T13:44:21","guid":{"rendered":"https:\/\/www.unipi.it\/ateneo\/organizzazione\/persone\/francesco-attruia-128998-en\/"},"modified":"2026-04-01T04:32:00","modified_gmt":"2026-04-01T02:32:00","slug":"francesco-attruia-128998-en","status":"publish","type":"unipi_persone","link":"https:\/\/www.unipi.it\/en\/about-us\/organisation\/people\/francesco-attruia-128998-en\/","title":{"rendered":"Francesco Attruia"},"content":{"rendered":"<p>Professore Associato &#8211; Dipartimento di Filologia, Letteratura e Linguistica | Tel.: 050 2215121 &#8211; Email: francesco.attruia@unipi.it<\/p>\n","protected":false},"template":"","meta":{"unipi-persone-chiave":"128998","unipi-persone-nome":"Francesco","unipi-persone-cognome":"Attruia","unipi-persone-email":"francesco.attruia@unipi.it","unipi-persone-cv":"Formazione accademica e funzioni<br \/>\r\n<br \/>\r\nDal 2021  - Professore associato di Lingua e linguistica francese. Universit\u00e0 di Pisa.<br \/>\r\n2018-2021 - Ricercatore Senior di Lingua e linguistica francese. Universit\u00e0 di Pisa. <br \/>\r\n2017-2018 - Docente a contratto di Letteratura francese. Libera Universit\u00e0 degli Studi di Enna \"Kore\"<br \/>\r\n2014-2017 - Assegnista di Lingua e linguistica francese. Universit\u00e0 di Salerno.<br \/>\r\n2013 - Dottorato di Ricerca in Linguistica francese - Doctorat en Sciences du langage. Universit\u00e0 degli Studi di Brescia \/ Universit\u00e9 de Lorraine (cotutela). <br \/>\r\n2008 - Laurea specialistica in Letterature comparate. Universit\u00e0 di Salerno.<br \/>\r\n2004 - Assistente di italiano. IUFM di Strasburgo<br \/>\r\n<br \/>\r\nResponsabilit\u00e0 scientifiche e didattiche<br \/>\r\n2019-2023 - Co-referente dipartimentale, insieme alla Prof.ssa Francesca Gallina, del servizio di orientamento in ingresso e in itinere.<br \/>\r\n2019-2023 - Membro della Commissione POT7 - Unisco (capofila: universit\u00e0 di Padova)<br \/>\r\nDal 2018 - Membro del Comitato scientifico di Polo 6 del Sistema Bibliotecario di Ateneo <br \/>\r\nDal 2020 - Condirettore, insieme alla Prof.ssa Barbara Sommovigo, della collana \"Francophonies itin\u00e9rantes\" della Pisa University Press<br \/>\r\n<br \/>\r\n<br \/>\r\nAbilitazioni scientifiche <br \/>\r\nAbilitazione al ruolo di ma\u00eetre de conf\u00e9rences. Sezione CNU: 07 - Sciences du langage. Linguistique et phon\u00e9tique g\u00e9n\u00e9rales<br \/>\r\nAbilitazione al ruolo di Professore associato (II fascia), Settore concorsuale: 10\/H1 \u2013 Lingua, letteratura e cultura francese<br \/>\r\n<br \/>\r\nAfferenza a gruppi di ricerca nazionali e internazionali<br \/>\r\nGruppo di ricerca \"Analisi del discorso\" del Do.Ri.F Universit\u00e0<br \/>\r\nGruppo di ricerca Draine - Haine et rupture sociale : discours et performativit\u00e9<br \/>\r\nSociet\u00e0 Universitaria di Studi di Lingua e Letteratura Francese (SUSLLF)<br \/>\r\nAssociazione italiana di Studi Canadesi (AISC)<br \/>\r\nSeminario di Filologia Francese (SFF)<br \/>\r\n<br \/>\r\nAmbiti di ricerca<br \/>\r\nLingua e letteratura francocanadese e dell\u2019America francofona<br \/>\r\nIdeologie linguistiche nel discorso letterario<br \/>\r\nForme ed espressione del \"silenzio\"nel testo letterario<br \/>\r\nEthos collettivo e rappresentazione discorsiva dei gruppi sociali<br \/>\r\nIndessicalit\u00e0, modalit\u00e0 enunciative e marcatori epistemici<br \/>\r\nDialogismo, polifonia, responsabilit\u00e0 enunciativa<br \/>\r\nStereotipi, clich\u00e9, formule","unipi-persone-link-esterno-cv":"","unipi-persone-modalita-ricevimento":"\r\n\r\n\r\n\r\n\r\n\r\n\r\n\r\n\r\n\r\n\r\n\r\n\r\n\r\n\r\n\r\n\r\n\r\n\r\n\r\n\r\n\r\n\r\n\r\n\r\n\r\n\r\n\r\n\r\n\r\n\r\n\r\n\r\n\r\n\r\n\r\n\r\n\r\n\r\n\r\n\r\n\r\n\r\n\r\n\r\n\r\n\r\n\r\n\r\n\r\n\r\n\r\n\r\n\r\n\r\n\r\n\r\n\r\n\r\n\r\n\r\n\r\n\r\n\r\n\r\n\r\n\r\n\r\n\r\n\r\n\r\n\r\n\r\n\r\n\r\n\r\n\r\n\r\n\r\n\r\n\r\n\r\n\r\n\r\n\r\n\r\n\r\n\r\n\r\n\r\n\r\n\r\n\r\n\r\n\r\n\r\n\r\n\r\n\r\n\r\n\r\n\r\n\r\n\r\n\r\n\r\n\r\n\r\n\r\n\r\n\r\n\r\n\r\n\r\n\r\n\r\n\r\n\r\n\r\n\r\n\r\n\r\n\r\n\r\n\r\n\r\n\r\n\r\n\r\n\r\n\r\n\r\n\r\n\r\n\r\n\r\n\r\n\r\n\r\n\r\n\r\n\r\n\r\n\r\n\r\n","unipi-persone-luogo-ricevimento":"Dipartimento di Filologia, Letteratura e Linguistica\r\nPalazzo Matteucci - piano primo - studio 3\r\nPiazza E. Torricelli, 2 - Pisa\r\n56126 Pisa\r\n\r\n\r\n\r\n\r\n\r\n\r\n\r\n\r\n\r\n\r\n\r\n\r\n\r\n\r\n\r\n\r\n\r\n\r\n\r\n\r\n\r\n\r\n\r\n\r\n\r\n\r\n\r\n\r\n\r\n\r\n\r\n\r\n\r\n\r\n\r\n\r\n\r\n\r\n\r\n\r\n\r\n\r\n\r\n\r\n\r\n\r\n\r\n\r\n\r\n\r\n\r\n\r\n\r\n\r\n\r\n\r\n\r\n\r\n\r\n\r\n\r\n\r\n\r\n\r\n\r\n\r\n\r\n\r\n\r\n\r\n\r\n\r\n\r\n\r\n\r\n\r\n\r\n\r\n\r\n\r\n\r\n\r\n\r\n\r\n\r\n\r\n\r\n\r\n\r\n\r\n\r\n\r\n\r\n\r\n\r\n\r\n\r\n\r\n\r\n\r\n\r\n\r\n\r\n\r\n\r\n\r\n\r\n\r\n\r\n\r\n\r\n\r\n\r\n\r\n\r\n\r\n\r\n\r\n\r\n\r\n\r\n\r\n\r\n\r\n\r\n\r\n\r\n\r\n\r\n\r\n\r\n\r\n\r\n\r\n\r\n\r\n\r\n\r\n\r\n\r\n\r\n\r\n\r\n\r\n\r\n\r\n\r\n\r\n\r\n\r\n\r\n\r\n\r\n\r\n\r\n\r\n\r\n\r\n\r\n\r\n\r\n\r\n\r\n\r\n\r\n\r\n\r\n\r\n\r\n\r\n\r\n\r\n\r\n\r\n\r\n\r\n\r\n\r\n\r\n\r\n\r\n\r\n\r\n\r\n\r\n\r\n\r\n\r\n\r\n\r\n\r\n\r\n\r\n\r\n\r\n\r\n\r\n\r\n\r\n\r\n\r\n\r\n\r\n\r\n\r\n\r\n\r\n\r\n\r\n\r\n\r\n\r\n\r\n\r\n\r\n\r\n\r\n\r\n\r\n\r\n\r\n\r\n\r\n\r\n\r\n\r\n\r\n\r\n\r\n\r\n\r\n\r\n\r\n\r\n\r\n\r\n\r\n\r\n\r\n","unipi-persone-ore-ricevimento":"Ogni mercoled\u00ec alle 10:30 nello studio del docente o, previo appuntamento, in modalit\u00e0 telematica.\r\n\r\nLETTORATI LETTERE 2025-2026\r\n(Compr\u00e9hension \u00e9crite, production \u00e9crite, grammaire)\r\n\r\n27 maggio 9:00-11:00\r\n23 giugno 9:00-11:00\r\n7 settembre 11:00-13:00\r\n \r\nPer questioni organizzative, le studentesse e gli studenti sosterranno la prova di produzione orale direttamente con il Prof. Attruia, contestualmente al colloquio conclusivo di linguistica francese. Gli appelli sono pubblicati sul portale Valutami\r\n\r\n\r\n\r\n\r\n\r\n\r\n\r\n\r\n\r\n\r\n\r\n\r\n\r\n\r\n\r\n\r\n\r\n\r\n\r\n\r\n\r\n\r\n\r\n\r\n\r\n\r\n\r\n\r\n\r\n\r\n\r\n\r\n\r\n\r\n\r\n\r\n\r\n\r\n\r\n\r\n\r\n\r\n\r\n\r\n\r\n\r\n\r\n\r\n\r\n\r\n\r\n\r\n\r\n\r\n\r\n\r\n\r\n\r\n\r\n\r\n\r\n\r\n\r\n\r\n\r\n\r\n\r\n\r\n\r\n\r\n\r\n\r\n\r\n\r\n\r\n\r\n\r\n\r\n\r\n\r\n\r\n\r\n\r\n\r\n\r\n\r\n\r\n\r\n\r\n\r\n\r\n\r\n\r\n\r\n\r\n\r\n\r\n\r\n\r\n\r\n\r\n\r\n\r\n\r\n\r\n\r\n\r\n\r\n\r\n\r\n\r\n\r\n\r\n\r\n\r\n\r\n\r\n\r\n\r\n\r\n\r\n\r\n\r\n\r\n\r\n\r\n\r\n\r\n\r\n\r\n\r\n\r\n\r\n\r\n\r\n\r\n\r\n\r\n\r\n\r\n\r\n\r\n\r\n\r\n\r\n\r\n\r\n\r\n\r\n\r\n\r\n\r\n\r\n\r\n\r\n\r\n\r\n\r\n\r\n\r\n\r\n\r\n\r\n\r\n\r\n\r\n\r\n\r\n\r\n\r\n\r\n\r\n\r\n\r\n\r\n\r\n\r\n\r\n\r\n\r\n\r\n\r\n\r\n\r\n\r\n\r\n\r\n\r\n\r\n\r\n\r\n\r\n\r\n\r\n\r\n\r\n\r\n\r\n\r\n\r\n\r\n\r\n\r\n\r\n\r\n\r\n\r\n\r\n\r\n\r\n","unipi-persone-telefono":"050 2215121","unipi-persone-sitoweb":"","unipi-persone-cariche":"<ul><li>Membro del Senato Accademico - Senato Accademico<\/li><\/ul>","unipi-persone-link-orario-lezioni":"https:\/\/unipi.prod.up.cineca.it\/calendarioPubblico\/matricola=038354","unipi-persone-link-registro-lezioni":"https:\/\/unimap.unipi.it\/registri\/registri.php?ri=038354&tmplt=principale.tpl","unipi-persone-settore-scientifico":"Lingua, Traduzione e Linguistica Francese FRAN-01\/B","unipi-persone-ruolo":"Professore Associato","unipi-persone-arpi":"https:\/\/arpi.unipi.it\/cris\/rp\/rp82750","unipi-persone-pubblicazioni":"<ul class=\"pubblicazioni-list\"><li><a href=\"https:\/\/arpi.unipi.it\/handle\/11568\/1303790\" target=\"_blank\" rel=\"noopener noreferrer\">Les id\u00e9ologies linguistiques au prisme de la notion d&#039;&quot;attitude \u00e9nonciative&quot;<\/a> <span class=\"pub-details\">(Attruia, F. - 2025 - 2.1 Contributo in volume (Capitolo o Saggio))<\/span><\/li><li><a href=\"https:\/\/arpi.unipi.it\/handle\/11568\/1327251\" target=\"_blank\" rel=\"noopener noreferrer\">Un Presidente donna... in gamba. La mise au ban des femmes lors de l\u2019\u00e9lection du Pr\u00e9sident de la R\u00e9publique en Italie<\/a> <span class=\"pub-details\">(Attruia, F - 2024 - 1.1 Articolo in rivista)<\/span><\/li><li><a href=\"https:\/\/arpi.unipi.it\/handle\/11568\/1304448\" target=\"_blank\" rel=\"noopener noreferrer\">M\u00e8mes et discours misogynes, homophobes et x\u00e9nophobes : quels contre-discours ?<\/a> <span class=\"pub-details\">(Longhi, J.; Vicari, S.; Attruia, F. - 2024 - 1.1 Articolo in rivista)<\/span><\/li><li><a href=\"https:\/\/arpi.unipi.it\/handle\/11568\/1304447\" target=\"_blank\" rel=\"noopener noreferrer\">Les m\u00e8mes : approches s\u00e9miolinguistiques et discursives<\/a> <span class=\"pub-details\">(Attruia, F.; Vicari, S. - 2024 - 7.1 Curatela)<\/span><\/li><li><a href=\"https:\/\/arpi.unipi.it\/handle\/11568\/1250488\" target=\"_blank\" rel=\"noopener noreferrer\">La r\u00e9flexion m\u00e9talinguistique dans le contrediscours id\u00e9ologique sur le fran\u00e7ais acadien. Moncton mantra de G\u00e9rald Leblanc<\/a> <span class=\"pub-details\">(Attruia, F. - 2024 - 2.1 Contributo in volume (Capitolo o Saggio))<\/span><\/li><li><a href=\"https:\/\/arpi.unipi.it\/handle\/11568\/1218908\" target=\"_blank\" rel=\"noopener noreferrer\">Humour et ironie dans les m\u00e8mes politiques : \u00e9tude contrastive fran\u00e7ais\/italien<\/a> <span class=\"pub-details\">(Attruia, F.; Vicari, S. - 2023 - 1.1 Articolo in rivista)<\/span><\/li><li><a href=\"https:\/\/arpi.unipi.it\/handle\/11568\/1206867\" target=\"_blank\" rel=\"noopener noreferrer\">\u00c9laboration et l\u00e9gitimation de l\u2019identit\u00e9 francophone dans le manifeste litt\u00e9raire. J\u2019parle mal, pis j\u2019aime \u00e7a de Jo\u00eblle Pr\u00e9fontaine<\/a> <span class=\"pub-details\">(Attruia, F. - 2023 - 1.1 Articolo in rivista)<\/span><\/li><li><a href=\"https:\/\/arpi.unipi.it\/handle\/11568\/1192967\" target=\"_blank\" rel=\"noopener noreferrer\">Pol\u00e9miques et propos haineux dans les m\u00e8mes Internet autour de Greta Thunberg<\/a> <span class=\"pub-details\">(Attruia, F; Vicari, S - 2023 - 2.1 Contributo in volume (Capitolo o Saggio))<\/span><\/li><li><a href=\"https:\/\/arpi.unipi.it\/handle\/11568\/1139008\" target=\"_blank\" rel=\"noopener noreferrer\">Nous plongions nos mains dans le langage. Hommage \u00e0 Paola Paissa<\/a> <span class=\"pub-details\">(Attruia, F - 2022 - 7.1 Curatela)<\/span><\/li><li><a href=\"https:\/\/arpi.unipi.it\/handle\/11568\/1136497\" target=\"_blank\" rel=\"noopener noreferrer\">C\u00e9l\u00e9brer la Journ\u00e9e internationale des femmes : o\u00f9 se cachent les propos discriminatoires dans les discours de presse ? \u00c9tude comparative France\/ Italie<\/a> <span class=\"pub-details\">(Attruia, F; Sini, L - 2022 - 2.1 Contributo in volume (Capitolo o Saggio))<\/span><\/li><li><a href=\"https:\/\/arpi.unipi.it\/handle\/11568\/1112826\" target=\"_blank\" rel=\"noopener noreferrer\">La Memoria collettiva. Saggi di linguistica e letteratura<\/a> <span class=\"pub-details\">(Attruia, F - 2021 - 7.1 Curatela)<\/span><\/li><li><a href=\"https:\/\/arpi.unipi.it\/handle\/11568\/1112824\" target=\"_blank\" rel=\"noopener noreferrer\">Introduzione<\/a> <span class=\"pub-details\">(Attruia, F - 2021 - 2.3 Breve introduzione)<\/span><\/li><li><a href=\"https:\/\/arpi.unipi.it\/handle\/11568\/1112812\" target=\"_blank\" rel=\"noopener noreferrer\">La mise en r\u00e9cit du discours m\u00e9moriel : effacement de m\u00e9moire et rh\u00e9torique de l\u2019indignation<\/a> <span class=\"pub-details\">(Attruia, F - 2021 - 2.1 Contributo in volume (Capitolo o Saggio))<\/span><\/li><li><a href=\"https:\/\/arpi.unipi.it\/handle\/11568\/1112810\" target=\"_blank\" rel=\"noopener noreferrer\">Identit\u00e9[s] et r\u00e9paration d\u2019image. De l\u2019ethos institutionnel de la Commission europ\u00e9enne \u00e0 l\u2019ethos communautaire des Europ\u00e9ens<\/a> <span class=\"pub-details\">(Attruia, F - 2021 - 2.1 Contributo in volume (Capitolo o Saggio))<\/span><\/li><li><a href=\"https:\/\/arpi.unipi.it\/handle\/11568\/1112808\" target=\"_blank\" rel=\"noopener noreferrer\">L\u2019autorit\u00e9 des jeunes influenceurs du Web dans le genre de l\u2019\u00ab unboxing \u00bb : un cas d\u2019\u00e9tude fran\u00e7ais\/italien<\/a> <span class=\"pub-details\">(Attruia, F - 2021 - 1.1 Articolo in rivista)<\/span><\/li><\/ul>","unipi-persone-didattica":"<ul class=\"registri-list\"><li>Lingua e traduzione: lingua francese iii (cod. 071LL) per Laurea in Lingue e letterature straniere<\/li><li>Lingua francese (cod. 982LL) per Laurea in Lettere<br\/><strong>Insegnamenti condivisi\/mutuati:<\/strong><ul class=\"registri-shared\"><li>Lingua francese (cod. 982LL) - Laurea Magistrale in Filologia e storia dell&#039;antichita&#039;<\/li><li>Lingua francese (cod. 105LL) - Laurea in Scienze politiche<\/li><\/ul><\/li><li>Lingua e traduzione - lingua francese i (cod. 867LL) per Laurea Magistrale in Lingue, letterature e filologie euro - americane<\/li><\/ul>","unipi-persone-codocenze":"","unipi-persone-interessi-ricerca":"","_wpml_word_count":"19","_last_translation_edit_mode":"translation-editor","unipi-persone-dati-posizione":""},"organizzazioni":[3638],"class_list":["post-140867","unipi_persone","type-unipi_persone","status-publish","hentry","organizzazioni-dipartimento-di-filologia-letteratura-e-linguistica-459999-en"],"email":"francesco.attruia@unipi.it","telefono":"050 2215121","content_plain":"Professore Associato &#8211; Dipartimento di Filologia, Letteratura e Linguistica | Tel.: 050 2215121 &#8211; Email: francesco.attruia@unipi.it","photo_url":null,"ruoli_tags":[{"id":759,"name":"PA","slug":"pa"}],"yoast_head":"<!-- This site is optimized with the Yoast SEO plugin v27.0 - https:\/\/yoast.com\/product\/yoast-seo-wordpress\/ -->\n<title>Francesco Attruia ~ UNIPI<\/title>\n<meta name=\"robots\" content=\"index, follow, max-snippet:-1, max-image-preview:large, max-video-preview:-1\" \/>\n<link rel=\"canonical\" href=\"https:\/\/www.unipi.it\/en\/about-us\/organisation\/people\/francesco-attruia-128998-en\/\" \/>\n<meta property=\"og:locale\" content=\"en_US\" \/>\n<meta property=\"og:type\" content=\"article\" \/>\n<meta property=\"og:title\" content=\"Francesco Attruia ~ UNIPI\" \/>\n<meta property=\"og:description\" content=\"Professore Associato &#8211; Dipartimento di Filologia, Letteratura e Linguistica | Tel.: 050 2215121 &#8211; Email: francesco.attruia@unipi.it\" \/>\n<meta property=\"og:url\" content=\"https:\/\/www.unipi.it\/en\/about-us\/organisation\/people\/francesco-attruia-128998-en\/\" \/>\n<meta property=\"og:site_name\" content=\"UNIPI\" \/>\n<meta property=\"article:publisher\" content=\"https:\/\/www.facebook.com\/unipisaofficial\/\" \/>\n<meta property=\"article:modified_time\" content=\"2026-04-01T02:32:00+00:00\" \/>\n<meta name=\"twitter:card\" content=\"summary_large_image\" \/>\n<script type=\"application\/ld+json\" class=\"yoast-schema-graph\">{\"@context\":\"https:\/\/schema.org\",\"@graph\":[{\"@type\":\"WebPage\",\"@id\":\"https:\/\/www.unipi.it\/en\/about-us\/organisation\/people\/francesco-attruia-128998-en\/\",\"url\":\"https:\/\/www.unipi.it\/en\/about-us\/organisation\/people\/francesco-attruia-128998-en\/\",\"name\":\"Francesco Attruia ~ UNIPI\",\"isPartOf\":{\"@id\":\"https:\/\/www.unipi.it\/en\/#website\"},\"datePublished\":\"2025-05-12T13:44:21+00:00\",\"dateModified\":\"2026-04-01T02:32:00+00:00\",\"breadcrumb\":{\"@id\":\"https:\/\/www.unipi.it\/en\/about-us\/organisation\/people\/francesco-attruia-128998-en\/#breadcrumb\"},\"inLanguage\":\"en-US\",\"potentialAction\":[{\"@type\":\"ReadAction\",\"target\":[\"https:\/\/www.unipi.it\/en\/about-us\/organisation\/people\/francesco-attruia-128998-en\/\"]}]},{\"@type\":\"BreadcrumbList\",\"@id\":\"https:\/\/www.unipi.it\/en\/about-us\/organisation\/people\/francesco-attruia-128998-en\/#breadcrumb\",\"itemListElement\":[{\"@type\":\"ListItem\",\"position\":1,\"name\":\"\",\"item\":\"https:\/\/www.unipi.it\/en\/home\/\"},{\"@type\":\"ListItem\",\"position\":2,\"name\":\"Francesco Attruia\"}]},{\"@type\":\"WebSite\",\"@id\":\"https:\/\/www.unipi.it\/en\/#website\",\"url\":\"https:\/\/www.unipi.it\/en\/\",\"name\":\"UNIPI\",\"description\":\"UNIPI\",\"publisher\":{\"@id\":\"https:\/\/www.unipi.it\/en\/#organization\"},\"potentialAction\":[{\"@type\":\"SearchAction\",\"target\":{\"@type\":\"EntryPoint\",\"urlTemplate\":\"https:\/\/www.unipi.it\/en\/?s={search_term_string}\"},\"query-input\":{\"@type\":\"PropertyValueSpecification\",\"valueRequired\":true,\"valueName\":\"search_term_string\"}}],\"inLanguage\":\"en-US\"},{\"@type\":\"Organization\",\"@id\":\"https:\/\/www.unipi.it\/en\/#organization\",\"name\":\"UNIPI\",\"url\":\"https:\/\/www.unipi.it\/en\/\",\"logo\":{\"@type\":\"ImageObject\",\"inLanguage\":\"en-US\",\"@id\":\"https:\/\/www.unipi.it\/en\/#\/schema\/logo\/image\/\",\"url\":\"https:\/\/www.unipi.it\/wp-content\/uploads\/Raggruppa-3020.svg\",\"contentUrl\":\"https:\/\/www.unipi.it\/wp-content\/uploads\/Raggruppa-3020.svg\",\"width\":176,\"height\":64,\"caption\":\"UNIPI\"},\"image\":{\"@id\":\"https:\/\/www.unipi.it\/en\/#\/schema\/logo\/image\/\"},\"sameAs\":[\"https:\/\/www.facebook.com\/unipisaofficial\/\",\"https:\/\/www.instagram.com\/unipisa\/\"]}]}<\/script>\n<!-- \/ Yoast SEO plugin. -->","yoast_head_json":{"title":"Francesco Attruia ~ UNIPI","robots":{"index":"index","follow":"follow","max-snippet":"max-snippet:-1","max-image-preview":"max-image-preview:large","max-video-preview":"max-video-preview:-1"},"canonical":"https:\/\/www.unipi.it\/en\/about-us\/organisation\/people\/francesco-attruia-128998-en\/","og_locale":"en_US","og_type":"article","og_title":"Francesco Attruia ~ UNIPI","og_description":"Professore Associato &#8211; Dipartimento di Filologia, Letteratura e Linguistica | Tel.: 050 2215121 &#8211; Email: francesco.attruia@unipi.it","og_url":"https:\/\/www.unipi.it\/en\/about-us\/organisation\/people\/francesco-attruia-128998-en\/","og_site_name":"UNIPI","article_publisher":"https:\/\/www.facebook.com\/unipisaofficial\/","article_modified_time":"2026-04-01T02:32:00+00:00","twitter_card":"summary_large_image","schema":{"@context":"https:\/\/schema.org","@graph":[{"@type":"WebPage","@id":"https:\/\/www.unipi.it\/en\/about-us\/organisation\/people\/francesco-attruia-128998-en\/","url":"https:\/\/www.unipi.it\/en\/about-us\/organisation\/people\/francesco-attruia-128998-en\/","name":"Francesco Attruia ~ UNIPI","isPartOf":{"@id":"https:\/\/www.unipi.it\/en\/#website"},"datePublished":"2025-05-12T13:44:21+00:00","dateModified":"2026-04-01T02:32:00+00:00","breadcrumb":{"@id":"https:\/\/www.unipi.it\/en\/about-us\/organisation\/people\/francesco-attruia-128998-en\/#breadcrumb"},"inLanguage":"en-US","potentialAction":[{"@type":"ReadAction","target":["https:\/\/www.unipi.it\/en\/about-us\/organisation\/people\/francesco-attruia-128998-en\/"]}]},{"@type":"BreadcrumbList","@id":"https:\/\/www.unipi.it\/en\/about-us\/organisation\/people\/francesco-attruia-128998-en\/#breadcrumb","itemListElement":[{"@type":"ListItem","position":1,"name":"","item":"https:\/\/www.unipi.it\/en\/home\/"},{"@type":"ListItem","position":2,"name":"Francesco Attruia"}]},{"@type":"WebSite","@id":"https:\/\/www.unipi.it\/en\/#website","url":"https:\/\/www.unipi.it\/en\/","name":"UNIPI","description":"UNIPI","publisher":{"@id":"https:\/\/www.unipi.it\/en\/#organization"},"potentialAction":[{"@type":"SearchAction","target":{"@type":"EntryPoint","urlTemplate":"https:\/\/www.unipi.it\/en\/?s={search_term_string}"},"query-input":{"@type":"PropertyValueSpecification","valueRequired":true,"valueName":"search_term_string"}}],"inLanguage":"en-US"},{"@type":"Organization","@id":"https:\/\/www.unipi.it\/en\/#organization","name":"UNIPI","url":"https:\/\/www.unipi.it\/en\/","logo":{"@type":"ImageObject","inLanguage":"en-US","@id":"https:\/\/www.unipi.it\/en\/#\/schema\/logo\/image\/","url":"https:\/\/www.unipi.it\/wp-content\/uploads\/Raggruppa-3020.svg","contentUrl":"https:\/\/www.unipi.it\/wp-content\/uploads\/Raggruppa-3020.svg","width":176,"height":64,"caption":"UNIPI"},"image":{"@id":"https:\/\/www.unipi.it\/en\/#\/schema\/logo\/image\/"},"sameAs":["https:\/\/www.facebook.com\/unipisaofficial\/","https:\/\/www.instagram.com\/unipisa\/"]}]}},"_links":{"self":[{"href":"https:\/\/www.unipi.it\/en\/wp-json\/wp\/v2\/unipi_persone\/140867","targetHints":{"allow":["GET"]}}],"collection":[{"href":"https:\/\/www.unipi.it\/en\/wp-json\/wp\/v2\/unipi_persone"}],"about":[{"href":"https:\/\/www.unipi.it\/en\/wp-json\/wp\/v2\/types\/unipi_persone"}],"wp:attachment":[{"href":"https:\/\/www.unipi.it\/en\/wp-json\/wp\/v2\/media?parent=140867"}],"wp:term":[{"taxonomy":"organizzazioni","embeddable":true,"href":"https:\/\/www.unipi.it\/en\/wp-json\/wp\/v2\/organizzazioni?post=140867"}],"curies":[{"name":"wp","href":"https:\/\/api.w.org\/{rel}","templated":true}]}}